{"id":7881,"date":"2023-04-08T03:51:56","date_gmt":"2023-04-08T03:51:56","guid":{"rendered":"https:\/\/histoire-patrimoine-aoustois.fr\/?page_id=7881"},"modified":"2023-04-22T11:42:24","modified_gmt":"2023-04-22T11:42:24","slug":"histoire-deau-2","status":"publish","type":"page","link":"https:\/\/histoire-patrimoine-aoustois.fr\/?page_id=7881","title":{"rendered":"HISTOIRE D&rsquo;EAU"},"content":{"rendered":"\n<p class=\"has-text-align-center has-text-color has-medium-font-size\" style=\"color:#fd1010\"><br><br><\/p>\n\n\n\n<p><br><\/p>\n\n\n\n<p class=\"has-text-align-center has-text-color has-medium-font-size\" style=\"color:#2207e3\"><strong>AOUSTE SUR SYE &#8230; l&rsquo;eau dans tous ses \u00e9tats<\/strong><\/p>\n\n\n\n<p><\/p>\n\n\n\n<p><br><br><\/p>\n\n\n\n<p><\/p>\n\n\n\n<p><\/p>\n\n\n\n<p><em><strong>Extrait du livre \u00a0\u00bb&nbsp;AOUSTE SUR SYE \u2026 l&rsquo;eau dans tous ses \u00e9tats&nbsp;\u00a0\u00bb \u00e9dit\u00e9 en 2017 par Histoire et Patrimoine Aoustois<\/strong><\/em><br><\/p>\n\n\n\n<p><\/p>\n\n\n\n<p><br><\/p>\n\n\n\n<p><\/p>\n\n\n\n<p><\/p>\n\n\n<div class=\"wp-block-image\">\n<figure class=\"aligncenter size-full\"><img fetchpriority=\"high\" decoding=\"async\" width=\"520\" height=\"389\" src=\"https:\/\/histoire-patrimoine-aoustois.fr\/wp-content\/uploads\/2023\/04\/pont-2.jpg\" alt=\"\" class=\"wp-image-7888\" srcset=\"https:\/\/histoire-patrimoine-aoustois.fr\/wp-content\/uploads\/2023\/04\/pont-2.jpg 520w, https:\/\/histoire-patrimoine-aoustois.fr\/wp-content\/uploads\/2023\/04\/pont-2-300x224.jpg 300w\" sizes=\"(max-width: 520px) 100vw, 520px\" \/><\/figure>\n<\/div>\n\n\n<p><br><\/p>\n\n\n\n<p><br><br><\/p>\n\n\n\n<p><\/p>\n\n\n\n<p><\/p>\n\n\n\n<p>Aouste sur Sye et l&rsquo;eau est une longue histoire. L&rsquo;eau, force motrice, a \u00e9t\u00e9 un v\u00e9ritable atout d&rsquo;une prosp\u00e9rit\u00e9 industrielle florissante mais encore bien pr\u00e9sente aujourd\u2019hui pour son agriculture. L&rsquo;eau coule dans nos rivi\u00e8res, canaux et b\u00e9ali\u00e8res, comme le sang dans nos veines. Source de vie fondamentale, bien patrimonial commun, nous nous devons de la pr\u00e9server et la sauvegarder.<br><br><\/p>\n\n\n\n<p class=\"has-text-align-center\"><strong>SOMMAIRE<\/strong><\/p>\n\n\n\n<p><\/p>\n\n\n\n<p><\/p>\n\n\n\n<p><strong><a href=\"#chapitre1\">CHAPITRE 1<\/a> \u2013 <a href=\"#sources\" target=\"_blank\" rel=\"noreferrer noopener\">SOURCES<\/a><\/strong><\/p>\n\n\n\n<ul class=\"wp-block-list\">\n<li><strong><a href=\"#origines\">Origines<\/a><\/strong><\/li>\n\n\n\n<li><strong><a href=\"#sourcesdelechelette\">Sources de l\u2019Echelette<\/a> et de Font Chatt\u00e9<\/strong><\/li>\n\n\n\n<li><strong><a href=\"#lapialle\">La Pialle<\/a><\/strong><\/li>\n\n\n\n<li><strong><a href=\"#sourcedupont\">Source du pont<\/a><\/strong><\/li>\n<\/ul>\n\n\n\n<p><strong><a href=\"#chapitre2\">CHAPITRE 2<\/a> \u2013 <a href=\"#fontaines\">FONTAINES<\/a><\/strong><\/p>\n\n\n\n<p>&nbsp;&nbsp;&nbsp;&nbsp;&nbsp;&nbsp;&nbsp;&nbsp;&nbsp;&nbsp;&nbsp;&nbsp;&nbsp;<strong>A &#8211;<a href=\"#fontainesdaouste\"> FONTAINES D&rsquo;AOUSTE<\/a> AUX 17<sup>e<\/sup> ET 18<sup>e<\/sup> si\u00e8cles<\/strong><\/p>\n\n\n\n<ul class=\"wp-block-list\">\n<li><strong><a href=\"#en1629\">En 1629<\/a><\/strong><\/li>\n\n\n\n<li><strong><a href=\"#fontaineen1641\">Fontaine en 1641<\/a><\/strong><\/li>\n\n\n\n<li><strong><a href=\"#en1660\">En 1660<\/a><\/strong><\/li>\n\n\n\n<li><strong><a href=\"#fontainedelaplaceen1730\">Fontaine de la place en 1730<\/a><\/strong><\/li>\n\n\n\n<li><strong><a href=\"#reconstructiondelafontaineen1757\">Reconstruction de la fontaine en 1757<\/a><\/strong><\/li>\n\n\n\n<li><strong><a href=\"#devis\">Devis<\/a> des experts<\/strong><\/li>\n\n\n\n<li><strong><a href=\"#modifications\">Modifications<\/a> du devis initial<\/strong><\/li>\n<\/ul>\n\n\n\n<p>&nbsp;&nbsp;&nbsp;&nbsp;&nbsp;&nbsp;&nbsp;&nbsp;&nbsp;&nbsp;&nbsp;&nbsp;&nbsp; <strong>B &#8211; &nbsp;<a href=\"#xixeetxxesiecles\">XIX<sup>e<\/sup> et XX<sup>e<\/sup> si\u00e8cle<\/a>s &#8211; de 1875 \u00e0 1960 &#8211;<\/strong><\/p>\n\n\n\n<p>                   <strong><a href=\"#lessourcesdepuysaintpierre\">Les sources de Puy Saint Pierre<\/a><\/strong><\/p>\n\n\n\n<p>&nbsp;&nbsp;&nbsp;&nbsp;&nbsp;&nbsp;&nbsp;&nbsp;&nbsp;&nbsp;&nbsp;&nbsp;&nbsp;  <strong>C &#8211; <a href=\"#desphotos\">Des photos<\/a><\/strong><\/p>\n\n\n\n<p>               <strong>D &#8211; <a href=\"#lereseaudeaupotableactuel\">&nbsp;Le r\u00e9seau d\u2019eau potable actuel<\/a>&nbsp;<\/strong><\/p>\n\n\n\n<ul class=\"wp-block-list\">\n<li><strong>a &#8211; <\/strong><a href=\"#originesdureseau\"><strong>Origines<\/strong> <strong>du r\u00e9seau<\/strong><\/a><\/li>\n\n\n\n<li><strong>b &#8211; <a href=\"#situationdifficile\">Situation difficile <\/a>pour plusieurs communes<\/strong><\/li>\n\n\n\n<li><strong>c &#8211; <a href=\"#dessolutions\">Des solutions<\/a> sont recherch\u00e9es<\/strong><\/li>\n\n\n\n<li><strong>d \u2013 <a href=\"#desfontaigneuxabourne\">Des Fontaigneux \u00e0 Bourne<\/a><\/strong><\/li>\n\n\n\n<li><strong>e \u2013 <a href=\"#nouvellesetudes\">Nouvelles \u00e9tudes<\/a><\/strong><\/li>\n\n\n\n<li><strong>f \u2013 <a href=\"#lereseauetsesouvrages\">Le r\u00e9seau et ses ouvrages<\/a><\/strong><\/li>\n\n\n\n<li><strong>g &#8211; <a href=\"#lesyndicatdromegervanne\">Le Syndicat Dr\u00f4me-Gervanne <\/a>en 1990<\/strong><\/li>\n\n\n\n<li><strong>h \u2013 <a href=\"#deleaupourtous\">De l\u2019eau pour tous<\/a> et de qualit\u00e9<\/strong><\/li>\n<\/ul>\n\n\n\n<p>             <strong>E &#8211; <a href=\"#dusyndicatintercommunaldeleauausmpas\">Du Syndicat Intercommunal de l&rsquo;Eau au SMPAS<\/a><\/strong><\/p>\n\n\n\n<p>             <strong>F &#8211; <a href=\"#alertesecheresse\">Alerte s\u00e9cheresse<\/a><\/strong><\/p>\n\n\n\n<p>             <strong>G &#8211; <a href=\"#leseauxminerales\">Les eaux min\u00e9rales<\/a><\/strong><\/p>\n\n\n\n<p><strong> <\/strong>            <strong>H &#8211; <a href=\"#lesbainsdouches\">Les bains-douches<\/a><\/strong><\/p>\n\n\n\n<p><strong>              I &#8211; <a href=\"#leswcpublics\">Les WC publics<\/a><\/strong><\/p>\n\n\n\n<p><strong><a href=\"#chapitreiii\">CHAPITRE 3<\/a> \u2013 <a href=\"#rivieresetruisseaux\">RIVI\u00c8RES ET RUISSEAUX<\/a><\/strong><\/p>\n\n\n\n<p><strong>A &#8211; <a href=\"#ladrome\">La Dr\u00f4me<\/a><\/strong><\/p>\n\n\n\n<ul class=\"wp-block-list\">\n<li><strong><a href=\"#introduction\">Introduction<\/a><\/strong><\/li>\n\n\n\n<li><strong>1 \u2013 <a href=\"#usagespasses\">Usages pass\u00e9s<\/a><\/strong><\/li>\n\n\n\n<li><strong>2 \u2013 <a href=\"#desannees1960\">Des ann\u00e9es 1960 <\/a>\u00e0 aujourd\u2019hui<\/strong><\/li>\n\n\n\n<li><strong><a href=\"#conclusion\">Conclusion<\/a><\/strong><\/li>\n<\/ul>\n\n\n\n<p><strong>B \u2013 <a href=\"#larivieresye\">La rivi\u00e8re Sye<\/a><\/strong><\/p>\n\n\n\n<p><strong>C \u2013 <a href=\"#lelauzens\">Le Lauzens<\/a><\/strong><\/p>\n\n\n\n<p><strong>D \u2013 <a href=\"#lalauziereetlagervanne\">La Lauzi\u00e8re et la Gervanne<\/a><\/strong><\/p>\n\n\n\n<p><br><strong><a href=\"#chapitreiv\">CHAPITRE 4 <\/a>\u2013 <a href=\"#canaux\">CANAUX<\/a><\/strong><\/p>\n\n\n\n<p><strong>A<\/strong> &#8211; <strong><a href=\"#generalites\">G\u00e9n\u00e9ralit\u00e9s<\/a><\/strong><\/p>\n\n\n\n<p><strong>B &#8211; <a href=\"#droitdusagedesriverains\">Droit d\u2019usage des riverains<\/a><\/strong><\/p>\n\n\n\n<p><strong>C &#8211;<\/strong> <strong><a href=\"#lecanalromaindesarras\">Le canal romain des Arras<\/a><\/strong><\/p>\n\n\n\n<p><strong>D &#8211; <a href=\"#lecanaldelapialle\">Le canal de la Pialle<\/a><\/strong><\/p>\n\n\n\n<p><strong>E &#8211;<\/strong> <strong><a href=\"#lecanaldejacquesthome\">Le canal de Jacques Thom\u00e9<\/a><\/strong><\/p>\n\n\n\n<p><strong>F &#8211; <a href=\"#lecanaldelasacna\">Le canal de la SACNA<\/a><\/strong><\/p>\n\n\n\n<p><strong>G &#8211;<\/strong> <strong><a href=\"#lecanaldumoulinapaix\">Le canal du moulin Apaix<\/a><\/strong><\/p>\n\n\n\n<p><strong>H <\/strong>&#8211; <strong><a href=\"#lecanaldelusinetavan\">Le canal de l\u2019usine Tavan<\/a><\/strong><\/p>\n\n\n\n<p><strong>I <\/strong>&#8211; <strong><a href=\"#lecanaldesoubeyran\">Le canal de Soubeyran<\/a><\/strong><\/p>\n\n\n\n<p><strong>J &#8211;<\/strong> <strong><a href=\"#lecanaldesusinesdecrest\">Le canal des Usines de Crest<\/a><\/strong><\/p>\n\n\n\n<p><strong>K &#8211;<\/strong> <strong><a href=\"#petitiondeladamegresse\">P\u00e9tition de la Dame Gresse<\/a><\/strong><\/p>\n\n\n\n<p><strong>L <\/strong>&#8211; <strong><a href=\"#lecanaldesye\">Le canal de Sye<\/a><\/strong><\/p>\n\n\n\n<p><strong>M <\/strong>&#8211; <a href=\"#lecanaldegervanne\"><strong>Le canal de Gervanne<\/strong> <\/a><\/p>\n\n\n\n<ul class=\"wp-block-list\">\n<li><strong> 1<\/strong> <strong>&#8211;<a href=\"#historique\"> Historique<\/a><\/strong><\/li>\n\n\n\n<li><strong>2<\/strong> <strong>&#8211; <a href=\"#trace\">Trac\u00e9 <\/a>\u2013 Prise<\/strong><\/li>\n\n\n\n<li><strong>3 &#8211; <a href=\"#proprieteducanal\">Propri\u00e9t\u00e9 du canal<\/a><\/strong><\/li>\n\n\n\n<li>4 <strong>&#8211; <a href=\"#droitsdarrosage\">Droits d\u2019arrosage<\/a><\/strong><\/li>\n<\/ul>\n\n\n\n<p><\/p>\n\n\n\n<p><strong><a href=\"#chapitrev\">CHAPITRE 5<\/a> \u2013 <a href=\"#lavoirs\">LAVOIRS<\/a><\/strong><\/p>\n\n\n\n<ul class=\"wp-block-list\">\n<li><strong><a href=\"#lagrandelessive\">La grande lessive<\/a> ou \u00a0\u00bb&nbsp;bu\u00e9e&nbsp;\u00ab\u00a0<\/strong><\/li>\n\n\n\n<li><strong><a href=\"#lelavoir\">Le lavoir<\/a><\/strong>\n<ul class=\"wp-block-list\">\n<li><strong><a href=\"#histoire\">Histoire<\/a><\/strong><\/li>\n\n\n\n<li><strong><a href=\"#rolesocial\">R\u00f4le social<\/a><\/strong><\/li>\n<\/ul>\n<\/li>\n\n\n\n<li><strong><a href=\"#lelavoirfilliat\">Le lavoir Filliat<\/a><\/strong><\/li>\n\n\n\n<li><strong><a href=\"#lelavoirdebellevue\">Le lavoir de Bellevue<\/a><\/strong><\/li>\n\n\n\n<li><strong><a href=\"#lepetitbassin\">Le Petit Bassin<\/a><\/strong><\/li>\n\n\n\n<li><strong><a href=\"#lelavoirdechalancon\">Le lavoir de Chalancon<\/a><\/strong><\/li>\n<\/ul>\n\n\n\n<p><br><br><strong><a href=\"#chapitrevi\">CHAPITRE 6<\/a> \u2013 <a href=\"#lesponts\">LES PONTS<\/a><\/strong><\/p>\n\n\n\n<ul class=\"wp-block-list\">\n<li><strong><a href=\"#laroutedeletain\">La route de l\u2019\u00e9tain<\/a><\/strong><\/li>\n\n\n\n<li><strong><a href=\"#lepontsaintvincent\">Le pont Saint Vincent<\/a><\/strong><\/li>\n\n\n\n<li><strong><a href=\"#lepontdedrome\">Le Pont de Dr\u00f4me<\/a><\/strong><\/li>\n\n\n\n<li><strong><a href=\"#lespasserelles\">Les passerelles<\/a><\/strong><\/li>\n\n\n\n<li><strong><a href=\"#lespontsdesye\">Les ponts de Sye<\/a><\/strong><\/li>\n\n\n\n<li><strong><a href=\"#lespontsdulauzens\">Les ponts du Lauzens<\/a><\/strong><\/li>\n\n\n\n<li><strong><a href=\"#lepontdegervanne\">Le pont de Gervanne<\/a><\/strong><\/li>\n<\/ul>\n\n\n\n<p><\/p>\n\n\n\n<p><strong><a href=\"#chapitrevII\">CHAPITRE 7<\/a>\u2013 <a href=\"#calamites\">CALAMITES<\/a><\/strong><\/p>\n\n\n\n<ul class=\"wp-block-list\">\n<li><strong><a href=\"#deuxsieclesdecalamites\">Deux si\u00e8cles de calamit\u00e9s<\/a><\/strong><\/li>\n\n\n\n<li><strong><a href=\"#lescrues\">Les crues<\/a><\/strong><\/li>\n<\/ul>\n\n\n\n<p><br><\/p>\n\n\n\n<p><\/p>\n\n\n\n<p><\/p>\n\n\n\n<p><br><\/p>\n\n\n\n<p><\/p>\n\n\n\n<p class=\"has-text-align-center\"> <strong>GENERALITES<\/strong><\/p>\n\n\n\n<p><\/p>\n\n\n\n<p><\/p>\n\n\n\n<p><\/p>\n\n\n\n<p class=\"has-text-align-center\"><br><\/p>\n\n\n\n<p>L&rsquo;eau travaille pour nous de maintes fa\u00e7ons, nous rendant la vie plus facile et plus agr\u00e9able. C&rsquo;est un \u00e9l\u00e9ment essentiel de la vie, elle est en effet n\u00e9cessaire \u00e0 toutes les activit\u00e9s humaines, ou presque. Elle est \u00e9galement une ressource essentielle au d\u00e9veloppement des soci\u00e9t\u00e9s humaines. Celles-ci se sont d&rsquo;ailleurs fix\u00e9es de tout temps au bord des cours d&rsquo;eau, comme l&rsquo;atteste l&rsquo;implantation de la tr\u00e8s grande majorit\u00e9 des centres urbains.<\/p>\n\n\n\n<p>Depuis la nuit des temps, les \u00eatres humains ont cherch\u00e9 \u00e0 mettre l&rsquo;eau en valeur pour am\u00e9liorer leur existence. L&rsquo;histoire de la civilisation est celle des moyens de plus en plus ing\u00e9nieux que l&rsquo; \u00eatre humain a mis au point pour mettre l&rsquo;eau \u00e0 son service. Pr\u00e9s de 5000 ans av. J.-C., nos anc\u00eatres utilisaient d\u00e9j\u00e0 l&rsquo;irrigation pour augmenter la production des r\u00e9coltes. Des arch\u00e9ologues ont d\u00e9couvert des \u00e9gouts en ma\u00e7onnerie remontant \u00e0 2750 ans av. J.-C. et des toilettes \u00e0 chasse d&rsquo;eau datant d&rsquo;une \u00e9poque presque aussi recul\u00e9e.<\/p>\n\n\n\n<p>L&rsquo;eau n&rsquo;est pas seulement utilis\u00e9e \u00e0 des fins domestiques, elle est pr\u00e9vue \u00e9galement pour la production d&rsquo;\u00e9nergie: foulons \u00e0 drap, moulins, papeteries, ateliers de fabrication de bourneaux, qui nous int\u00e9resserons plus particuli\u00e8rement. Dans l&rsquo; agriculture, elle sert \u00e0 l&rsquo; irrigation des cultures.<\/p>\n\n\n\n<p>Toutefois de \u00abbonne f\u00e9e\u00bb, elle se transforme en furie et rien ne l&rsquo; arr\u00eate. Les cons\u00e9quences sont les pertes en vie humaine, destruction des habitats et des granges, sans parler de l&rsquo;envahissement des terres cultiv\u00e9es.<\/p>\n\n\n\n<p>Nous aurons l&rsquo;occasion d&rsquo;\u00e9voquer ces catastrophes, crues et inondations.<br><br><\/p>\n\n\n\n<p><\/p>\n\n\n\n<p><\/p>\n\n\n\n<p><\/p>\n\n\n\n<p><\/p>\n\n\n\n<p><\/p>\n\n\n\n<p class=\"has-text-align-center\" id=\"chapitre1\"> <strong>CHAPITRE I<\/strong><\/p>\n\n\n\n<p class=\"has-text-align-center\"><br><\/p>\n\n\n\n<p><\/p>\n\n\n\n<p><\/p>\n\n\n\n<p class=\"has-text-align-center\" id=\"sources\"><strong>LES SOURCES<\/strong><\/p>\n\n\n\n<p><\/p>\n\n\n\n<p><\/p>\n\n\n\n<p>Une source est une eau qui sort naturellement de terre ou, l&rsquo;endroit d\u2019o\u00f9 elle jaillit. Elle peut \u00eatre \u00e0 l&rsquo;origine d&rsquo;un cours d&rsquo;eau, mais alimenter aussi des mares, des lacs ou s&rsquo; \u00e9couler en mer. Une source na\u00eet de la conjonction de facteurs topographiques ou hydrog\u00e9ologiques, comme la perm\u00e9abilit\u00e9 locale. Si elle coule en permanence, elle est dite \u00abp\u00e9renne\u00bb. Mais elle ne peut se mettre \u00e0 couler qu&rsquo;en fonction d&rsquo;un \u00e9l\u00e9ment pluvieux (par exemple dans les aquif\u00e8res karstiques). La source est un \u00e9l\u00e9ment de l&rsquo;hydrosph\u00e8re et de cycle de l&rsquo;eau.<br><\/p>\n\n\n\n<p id=\"origines\"><strong>ORIGINES DES SOURCES D&rsquo;AOUSTE SUR SYE<\/strong><\/p>\n\n\n\n<p><br>Dans la commune existent les sources et r\u00e9servoirs suivants:<\/p>\n\n\n\n<p><em><strong>Partie Sud<\/strong><\/em><\/p>\n\n\n\n<p>&#8211; Source Lauzens dite aussi source Burrus<\/p>\n\n\n\n<p>&#8211; Source Echelette et Source Font Chatt\u00e9<\/p>\n\n\n\n<p>&#8211; R\u00e9servoir de Combeplane<\/p>\n\n\n\n<p><em><strong>Partie Nord<\/strong><\/em><\/p>\n\n\n\n<p>&#8211; Pompage de la Pialle<\/p>\n\n\n\n<p>&#8211; R\u00e9servoir Corneret<\/p>\n\n\n\n<p>&#8211; R\u00e9servoir Arras<\/p>\n\n\n\n<p><br><\/p>\n\n\n\n<p><\/p>\n\n\n\n<p><\/p>\n\n\n\n<p><\/p>\n\n\n<div class=\"wp-block-image\">\n<figure class=\"aligncenter size-large\"><img decoding=\"async\" width=\"715\" height=\"1024\" src=\"https:\/\/histoire-patrimoine-aoustois.fr\/wp-content\/uploads\/2023\/04\/histoire-deau-plan-sources-715x1024.jpg\" alt=\"\" class=\"wp-image-7909\" srcset=\"https:\/\/histoire-patrimoine-aoustois.fr\/wp-content\/uploads\/2023\/04\/histoire-deau-plan-sources-715x1024.jpg 715w, https:\/\/histoire-patrimoine-aoustois.fr\/wp-content\/uploads\/2023\/04\/histoire-deau-plan-sources-209x300.jpg 209w, https:\/\/histoire-patrimoine-aoustois.fr\/wp-content\/uploads\/2023\/04\/histoire-deau-plan-sources-768x1100.jpg 768w, https:\/\/histoire-patrimoine-aoustois.fr\/wp-content\/uploads\/2023\/04\/histoire-deau-plan-sources-1072x1536.jpg 1072w, https:\/\/histoire-patrimoine-aoustois.fr\/wp-content\/uploads\/2023\/04\/histoire-deau-plan-sources-1430x2048.jpg 1430w, https:\/\/histoire-patrimoine-aoustois.fr\/wp-content\/uploads\/2023\/04\/histoire-deau-plan-sources.jpg 1489w\" sizes=\"(max-width: 715px) 100vw, 715px\" \/><\/figure>\n<\/div>\n\n\n<p class=\"has-text-align-center\"><em>Les sources d&rsquo;origin<\/em>e<br><\/p>\n\n\n\n<p><br><\/p>\n\n\n\n<p><\/p>\n\n\n\n<p><\/p>\n\n\n\n<p><\/p>\n\n\n\n<p><br><\/p>\n\n\n\n<p><\/p>\n\n\n\n<p id=\"sourcesdelechelette\"><strong>Sources de l&rsquo;Echelette et de Font Chatt\u00e9<\/strong><\/p>\n\n\n\n<p><br>Les sources de l&rsquo;Echelette et de Font Chatt\u00e9 prennent naissance dans la montagne qui domine le Pas de Lauzens, et alimentaient au d\u00e9part, la ferme Vincent.<\/p>\n\n\n\n<p>La source du Pas de Lauzens, dite aussi Source Burrus du nom du propri\u00e9taire de la for\u00eat de Saou ( de 1924 \u00e0 1959) est d\u00e9sormais propri\u00e9t\u00e9 de la commune depuis 2003.<\/p>\n\n\n\n<p>Par courrier du 2\/11\/1954 de Monsieur le Pr\u00e9fet de la Dr\u00f4me pour la cession de cette source \u00e0 la commune d&rsquo;Aouste sur Sye arr\u00eate &nbsp;: <em>\u00a0\u00bb&nbsp;J&rsquo;ai l&rsquo;honneur de vou<\/em><em>s<\/em><em> adre<\/em><em>ss<\/em><em>er, soue <\/em><em>c<\/em><em>e pli, une ampliation de <\/em><em>mon arr\u00eat\u00e9<\/em><em>en date<\/em><em> de ce jour <\/em><em>d\u00e9clarant cessible imm\u00e9diatement la<\/em><em> source e<\/em><em>t la parcelle de terrain sis sur le territoire de la commune de Saou n\u00e9cessaire \u00e0 la r\u00e9alisation du projet d&rsquo;adduction d&rsquo;Aouste sur Sye. Par courrier de ce jour une ampliation est adress\u00e9e directement \u00e0 Mr Burrus, propri\u00e9taire. \u00a0\u00bb&nbsp;<\/em><\/p>\n\n\n\n<p>Selon un rapport de EDACERE effectu\u00e9 en 2012 pour le Syndicat des Eaux de Mirabel-Pi\u00e9gros-Aouste, la source de Font Chatt\u00e9 a un d\u00e9bit de 4 litres\/minute et celle de l&rsquo; Echelette, un d\u00e9bit de 1,96 litre\/seconde avec un d\u00e9bit d&rsquo;\u00e9tiage de &lt; 40m<sup>3<\/sup>\/jour.<br><\/p>\n\n\n\n<p><\/p>\n\n\n\n<p id=\"lapialle\"><strong>La Pialle<\/strong><\/p>\n\n\n\n<p>Par arr\u00eat\u00e9 n\u00b0 1575, du 16\/04\/1996, le captage de la Pialle a \u00e9t\u00e9 abandonn\u00e9 et ce, pour les raisons suivantes :<\/p>\n\n\n\n<p>&#8211; d\u00e9bit exploitable 30 m\u00b3\/h, donc faible<\/p>\n\n\n\n<p>&#8211; captage r\u00e9duit en p\u00e9riode d&rsquo;\u00e9tiage<\/p>\n\n\n\n<p>&#8211; installation v\u00e9tuste<\/p>\n\n\n\n<p>&#8211; situation sanitaire m\u00e9diocre<\/p>\n\n\n\n<p><\/p>\n\n\n\n<p id=\"sourcedupont\"><strong>La source du Pont<\/strong>&nbsp;<\/p>\n\n\n\n<p>Par d\u00e9lib\u00e9ration en date du 27\/07\/1828, le conseil municipal, a vot\u00e9 sur le budget 1829, une somme de 349,24 frs de l&rsquo;\u00e9poque, pour les fouilles et la mise en service d&rsquo;une source d\u00e9couverte \u00e0 l\u2019occasion des travaux du mur de sout\u00e8nement, \u00e0 l&rsquo;angle du Pont de la Dr\u00f4me et \u00e0 proximit\u00e9 du lavoir. Cette source n\u2019a jamais fait partie du r\u00e9seau d\u2019eau potable.<br><br><br><\/p>\n\n\n<div class=\"wp-block-image\">\n<figure class=\"aligncenter size-full\"><img decoding=\"async\" width=\"535\" height=\"306\" src=\"https:\/\/histoire-patrimoine-aoustois.fr\/wp-content\/uploads\/2023\/04\/histoire-deau-pont-eiffel.jpg\" alt=\"\" class=\"wp-image-7910\" srcset=\"https:\/\/histoire-patrimoine-aoustois.fr\/wp-content\/uploads\/2023\/04\/histoire-deau-pont-eiffel.jpg 535w, https:\/\/histoire-patrimoine-aoustois.fr\/wp-content\/uploads\/2023\/04\/histoire-deau-pont-eiffel-300x172.jpg 300w\" sizes=\"(max-width: 535px) 100vw, 535px\" \/><\/figure>\n<\/div>\n\n\n<p><br><br><\/p>\n\n\n\n<p>Cette d\u00e9lib\u00e9ration pr\u00e9cise \u00e9galement, que la commune aura \u00a0\u00bb <em>plus de moyens de porter secours de fa\u00e7on plus efficace, s&rsquo;il survenait des incendies <\/em>\u00ab\u00a0, ce qui fut le cas, en 1829 pour la maison Richard.<\/p>\n\n\n\n<p>Les besoins grandissant, d&rsquo;autres ressources en eau ont d\u00fb \u00eatre envisag\u00e9es et apr\u00e8s plusieurs recherches infructueuses la r\u00e9surgence de Bourne (l&rsquo;une des sorties d&rsquo;un r\u00e9seau souterrain karstique qui alimente la Gervanne) sous <a href=\"https:\/\/aouste-a-coeur.com\/beaufort-sur-gervane\/\" target=\"_blank\" rel=\"noreferrer noopener\">le village de Beaufort<\/a>, a pu \u00eatre capt\u00e9e en 1992; mettant \u00e0 l&rsquo;abri de la p\u00e9nurie les deux communes mais \u00e9galement celles de Montclar, Suze et Crest.<br><br><br><\/p>\n\n\n\n<p><\/p>\n\n\n\n<p><\/p>\n\n\n\n<p><\/p>\n\n\n\n<p><\/p>\n\n\n\n<p class=\"has-text-align-center\" id=\"chapitre2\"> <strong>CHAPITRE II<\/strong><\/p>\n\n\n\n<p><\/p>\n\n\n\n<p class=\"has-small-font-size\"><\/p>\n\n\n\n<p><\/p>\n\n\n\n<p><\/p>\n\n\n\n<p class=\"has-text-align-center\" id=\"fontaines\"><strong>LES FONTAINES<\/strong><br><br><\/p>\n\n\n\n<p><br><\/p>\n\n\n\n<p id=\"fontainesdaouste\"><strong>A &#8211; FONTAINES D&rsquo;AOUSTE AU XVII <sup><u>e<\/u><\/sup> et XVIII <sup><u>e<\/u><\/sup> SIECLES<\/strong><br><\/p>\n\n\n\n<p><\/p>\n\n\n\n<p>Une fontaine est d&rsquo;abord le lieu d&rsquo;une source, \u00a0\u00bb&nbsp;d&rsquo;une eau vive qui sort de terre&nbsp;\u00ab\u00a0.<\/p>\n\n\n\n<p>L&rsquo;eau n&rsquo;est pas seulement utilis\u00e9e \u00e0 des fins domestiques, on l&rsquo;utilise dans l&rsquo;industrie pour la production d&rsquo;\u00e9nergie. Aouste poss\u00e9dait des foulons \u00e0 drap, un moulin, une papeterie et m\u00eame un atelier de fabrication de \u00abbourneaux\u00bb. Dans l&rsquo;agriculture, l&rsquo;eau est principalement utilis\u00e9e pour l&rsquo;irrigation des cultures.<\/p>\n\n\n\n<p>O\u00f9 la population se servait-elle pour leurs besoins domestiques? Existait-il des puits ou des citernes dans le bourg? Puisait-elle l&rsquo;eau dans ses rivi\u00e8res de Dr\u00f4me, Sye ou Lauzens?<\/p>\n\n\n\n<p>Si les habitants et fermes environnantes poss\u00e9daient des puits ou des citernes pour s&rsquo;approvisionner, il n&rsquo;en \u00e9tait pas de m\u00eame pour les habitants intra-muros. Ceux-ci durent acheminer l&rsquo;eau des sources jusqu&rsquo;au centre du bourg. D\u00e9j\u00e0 les Romains avaient construit un canal au d\u00e9part de la Sye pour alimenter une villa aux Arras. <em>( Voir plan ci-dessous).<\/em><br><\/p>\n\n\n\n<p><br><br><\/p>\n\n\n\n<figure class=\"wp-block-image size-large\"><img loading=\"lazy\" decoding=\"async\" width=\"1024\" height=\"653\" src=\"https:\/\/histoire-patrimoine-aoustois.fr\/wp-content\/uploads\/2023\/04\/histoire-deau-plan-canaux-1024x653.jpg\" alt=\"\" class=\"wp-image-7911\" srcset=\"https:\/\/histoire-patrimoine-aoustois.fr\/wp-content\/uploads\/2023\/04\/histoire-deau-plan-canaux-1024x653.jpg 1024w, https:\/\/histoire-patrimoine-aoustois.fr\/wp-content\/uploads\/2023\/04\/histoire-deau-plan-canaux-300x191.jpg 300w, https:\/\/histoire-patrimoine-aoustois.fr\/wp-content\/uploads\/2023\/04\/histoire-deau-plan-canaux-768x490.jpg 768w, https:\/\/histoire-patrimoine-aoustois.fr\/wp-content\/uploads\/2023\/04\/histoire-deau-plan-canaux.jpg 1027w\" sizes=\"(max-width: 1024px) 100vw, 1024px\" \/><\/figure>\n\n\n\n<p><\/p>\n\n\n\n<p><br><\/p>\n\n\n\n<p><\/p>\n\n\n\n<p><\/p>\n\n\n\n<p><\/p>\n\n\n\n<p>Nous retrouvons mentions de ces fontaines \u00e0 partir du d\u00e9but du XVII<sup>e<\/sup> si\u00e8cle dans les archives municipales.<\/p>\n\n\n\n<p><\/p>\n\n\n\n<p><\/p>\n\n\n\n<p id=\"en1629\"><strong>En 1629<\/strong><\/p>\n\n\n\n<p>La premi\u00e8re mention de l&rsquo;alimentation en eau \u00e0 Aouste se trouve dans une d\u00e9lib\u00e9ration du 2 janvier 1629 ( AM BB 2) qui pr\u00e9cise \u00a0\u00bb <em>la recherche d&rsquo;une source d&rsquo;eau au-dessous du pr\u00e9 de M de Vercors, pour la conduire \u00e0 la porte de Sie\u2026\u00a0\u00bb.<\/em> Ce qui permet de penser que la premi\u00e8re alimentation en eau du village se trouvait \u00e0 la Porte de Sye.<\/p>\n\n\n\n<p><\/p>\n\n\n\n<p id=\"fontaineen1641\"><strong>Fontaine en 1641<\/strong><\/p>\n\n\n\n<p>La premi\u00e8re mention des fontaines d&rsquo;Aouste dans le village concerne la construction de la fontaine publique commenc\u00e9e en 1641 et un \u00e9tat de frais s&rsquo;\u00e9levant \u00e0 301 livres plus 26 livres en 1643 pour r\u00e9parations*. Suivant les conclusions prises les 11 ao\u00fbt et 23 septembre 1641 ( AM BB 3), sous le consulat de Jean Pourtier qui fit venir le 31 ao\u00fbt le fontainier de \u00a0\u00bb&nbsp;Chasteauneuf de Mazenc&nbsp;\u00ab\u00a0, Claude Ollivier la construction des fontaines d\u00e9buta et se termina le 16 avril 1642. Les sources alimentant cette fontaine \u00e9taient proches du ruisseau de Sye. L&rsquo;une se trouvait dans le fonds de Pierre Bonnardel et l&rsquo;autre dans celui de Jean Monestier. Leur pi\u00e8tre qualit\u00e9 (eau jaun\u00e2tre lors de grosses pluies), leur d\u00e9bit al\u00e9atoire (grosseur d&rsquo;un pouce) et leur situation (conduites traversant le ruisseau sujettes aux crues fr\u00e9quentes de la Sye) n\u00e9cessitaient un entretien et des r\u00e9parations permanentes.<\/p>\n\n\n\n<p>* <em>Il est difficile de donner une valeur actuelle \u00e0 une monnaie de cette \u00e9poque. A titre d\u2019\u00e9quivalence, toute proportion gard\u00e9e, au XVII<\/em><sup><em>e<\/em><\/sup><em> si\u00e8cle, un journalier recevait en salaire 10 \u00e0 12 sols par jour; un b\u0153uf co\u00fbtait 45 livres, un cochon 24 livres et un mouton 3 \u00e0 4 livres. Le co\u00fbt d\u2019un pain de 6 kilos est de 50 sols et une miche peut co\u00fbter jusqu\u2019\u00e0 17 jours de travail.<\/em><\/p>\n\n\n\n<p>Suite \u00e0 une crue de la Sye, le 25 ao\u00fbt 1642, la conduite (<em>bourneaux)<\/em> fut emport\u00e9e et il fallut \u00a0\u00bb&nbsp;<em>arrouter \u00a0\u00bb&nbsp; (d\u00e9vier) <\/em>une partie du ruisseau dans \u00a0\u00bb&nbsp;<em>le canal des pr\u00e9s&nbsp;\u00a0\u00bb <\/em>afin de remettre des bourneaux. Antoine Raillon, Jean Dufeux et Pierre Theudier per\u00e7urent 1 livre 6 sols pour effectuer cette vacation. Le montant des r\u00e9parations s&rsquo;\u00e9l\u00e8ve \u00e0 361 livres 12 sols 3 deniers au 27 novembre 1642.<\/p>\n\n\n\n<p>Une autre r\u00e9paration fut effectu\u00e9e en 1643 suite \u00e0 une rupture de la conduite dans la rue de Surville au droit de la maison de Nicolas Grangier. Les r\u00e9parations revinrent \u00e0 26 livres 1 sol le 16 mai 1643. Il est \u00e0 noter que dans le relev\u00e9 de ces travaux, il est fait mention par deux fois d&rsquo;un \u00a0\u00bb&nbsp;<em>bachat&nbsp;<\/em>\u00a0\u00bb (une auge) <em>au lieu de Saint Christophe<\/em>\u00bb. (<em>AM DD 3 \u00e9tat de fournitures et construction de fontaine 1641)<\/em><\/p>\n\n\n\n<p>O\u00f9 \u00e9tait donc cette fontaine ? Plusieurs fois il est fait mention de Surville et de Saint Christophe.<\/p>\n\n\n\n<p>Rien ne permet de l&rsquo;affirmer avant 1729, car c&rsquo;est seulement \u00e0 partir du 4 janvier 1730 qu&rsquo;un acte du notaire Reatier de Crest signale la fontaine sur la Place de l&rsquo;\u00e9glise paroissiale par un extrait du rapport de livraison de la fontaine en 1730 (<em>AM DD 3-15)<\/em><\/p>\n\n\n\n<p>Il existait deux fontaines: une sur la place publique et l&rsquo;autre au pont de Sye ( citerne avec porte et fontaine). Le ch\u00e2telain Sibeud d\u00e9livre un ordre de paiement en 1722 pour gages \u00e0 Etienne Moulin, ma\u00e7on et charpentier, pour l&rsquo;entretien de la citerne et de la fontaine suite \u00e0 d\u00e9lib\u00e9ration du 25 juillet 1722 <em>\u00a0\u00bb &#8230; qui lui ont \u00e9t\u00e9 promises par d\u00e9lib\u00e9ration de la dite communaut\u00e9 du 25 juillet de l&rsquo;ann\u00e9e 1722 du consulat d&rsquo;Andr\u00e9 Arnoux et ce pour entretien de la citerne et fontaine de la porte de Sye annuellement &#8230;\u00a0\u00bb<\/em>( AM DD 3-33)<\/p>\n\n\n\n<p>Les consuls de l&rsquo;\u00e9poque soucieux de ces situations n&rsquo;auront de cesse de faire r\u00e9tablir les fontaines et ce, en 70 ans, de 1687 \u00e0 1757, ils ont \u00e9t\u00e9 confront\u00e9s \u00e0 plusieurs reprises \u00e0 la destruction des fontaines par les inondations de la Sye. En effet, l&rsquo;implantation des sources alimentant le village se trouvait au nord-est, au quartier du Pontel. L&rsquo;alimentation par conduites devait traverser la Sye, les exposant aux crues du ruisseau.<\/p>\n\n\n\n<p>Les consuls Henry Vandelin et Louis Gu\u00e9rimant, avec l&rsquo;autorisation du vi-ch\u00e2telain d&rsquo;Aouste Jean Faure convoquent tous les habitants \u00e0 une assembl\u00e9e g\u00e9n\u00e9rale le 2 novembre 1687 devant le ch\u00e2teau de Monseigneur l&rsquo;Ev\u00eaque de Die, avec proposition \u00a0\u00bb <em>que pour l&rsquo;utilit\u00e9 du public de ce lieu et mesme pour empecher le d\u00e9sordre qui pouroit arriver a cause du feu il seroit necessaire de r\u00e9tablir les fontenes qui estoient autre fois, dans les mesmes canaux.<\/em>..\u00a0\u00bb (AM DD 3-32)<\/p>\n\n\n\n<p><\/p>\n\n\n\n<p id=\"en1660\"><strong>En 1660<\/strong><\/p>\n\n\n\n<p>Il existait aussi des sources environnantes dans le terroir depuis tous temps. Il est mentionn\u00e9 sur le parcellaire du XVII<sup>e<\/sup> si\u00e8cle de la commune que ces sources existent dans diverses parcelles: aux quartiers de Font Chatet, dans les fonds de la communaut\u00e9; \u00e0 Peym\u00e9e, dans les fonds de Marguerite de Servignard veuve David et d&rsquo;Antoine Bayle, \u00e0 Combeplane, dans les fonds de Honor\u00e9 Andr\u00e9. Mais ces sources trop \u00e9loign\u00e9es du bourg, \u00e0 une lieue et demi (<em>environ 5 km<\/em>) ou de faible d\u00e9bit n&rsquo;\u00e9taient pas exploitables.<\/p>\n\n\n\n<p>Il existait bien deux petites sources dans la Sye, parfois appel\u00e9es fontaines, que les habitants utilisaient. La mention en est port\u00e9e dans une d\u00e9claration de 1660, adress\u00e9e \u00e0 la Chambre Souveraine du Dauphin\u00e9, \u00e9tablie par Honor\u00e9 Jussy, vi-ch\u00e2telain d&rsquo;Aouste pour la liquidation des droits de francs fiefs&nbsp;: \u00a0\u00bb&nbsp;\u2026 \u00ab<em>Elle a droit de faire conduire dans le dit lieu, pour l&rsquo;usage du public, deux petites sources qui naissant proche de la rivi\u00e8re de scie, l&rsquo;une dans le fonds de Pierre Bonnardel et l&rsquo;autre dans celui de Jean Monnestier, les deux coulant de la grosseur du pouce lorsqu&rsquo;elles sont jointes, auquel \u00e9tat il n&rsquo;est pas possible de les maintenir pourvu qu&rsquo;il faut que les canaux des dites sources traversent celui du dit ruisseau de scie, dont la rapidit\u00e9 est si extraordinaire qu&rsquo;elle anporte continuellement tout ce quoi y faut pour les conserver libres<\/em>&#8230;\u00a0\u00bb<em>.<\/em>. .(AM CC 53-108) et confirm\u00e9e par une requ\u00eate du consul Vandelin en 1687 <em>\u00a0\u00bb &#8230; Repr\u00e9sentent \u00e0 votre Grandeur que dans le dit lieu d&rsquo;Aouste il y avait une fontaine pour le service du public, laquelle ne coule plus \u00e0 cause de l&rsquo;inondation des eaux qui ont rompu les canaux et conduits de celle-ci &#8230;\u00a0\u00bb<\/em> ( AM DD 3-54)<\/p>\n\n\n\n<p><\/p>\n\n\n\n<p id=\"fontainedelaplaceen1730\"><strong>Fontaine de la Place en 1730<\/strong><\/p>\n\n\n\n<p><\/p>\n\n\n\n<p>La premi\u00e8re mention de la fontaine construite sur la place semble \u00eatre de novembre 1729. Elle se trouvait bien devant l&rsquo;\u00e9glise paroissiale Notre Dame, vers la Place de la Poste, face au caf\u00e9 actuel.<\/p>\n\n\n\n<p>En effet, le 4 janvier 1730, devant Reatier, notaire royal de Crest, en pr\u00e9sence de Fran\u00e7ois Achard, Louis Odon, Jean Bovet, Louis Achard, Archinard et le commis Cholet, Fran\u00e7ois Achard, marchand d&rsquo;Aouste, a r\u00e9gl\u00e9 de ses propres deniers pour la communaut\u00e9 d&rsquo; Aouste \u00e0 Etienne Moulin, ma\u00eetre-ma\u00e7on d&rsquo;Aouste, la somme de 420 livres et 17 sols pour la construction de la fontaine de la place. Suivant \u00ab\u00a0le prix fait&nbsp;\u00ab\u00a0, cette somme correspond aux travaux effectu\u00e9s, \u00e0 couvrir et faire le canal de la fontaine, l&rsquo;\u00e9tablissement, la conduite et la construction de la fontaine, la fourniture des <em>bourneaux<\/em>. L&rsquo;eau de cette fontaine \u00e9tait amen\u00e9e depuis \u00a0\u00bb&nbsp;le creux du Pontel&nbsp;\u00ab\u00a0, dans le fonds appartenant \u00e0 Raymond Bertrand (changement de propri\u00e9taire depuis 1660) et jusqu&rsquo;\u00e0 la place publique par des <em>bourneaux<\/em> sur une distance de 150 canes environ 300 m). Un bassin en bois \u00e9tait construit place du Pont pour recevoir l&rsquo;\u00e9coulement de la fontaine publique.<\/p>\n\n\n\n<p>Dans cette somme sont inclus 130 journ\u00e9es d&rsquo;homme \u00e0 raison de 14 sols par jour, 14 sols pour chaque <em>bourneau<\/em> pour 150 toises, 125 livres de ciment \u00e0 9 sols la livre, 8 muids de chaux pour la <em>b\u00e2tisse<\/em> des <em>bourneaux<\/em> \u00e0 raison de 2 livres 5 sols le muid, 5 livres pour le charroi du sable n\u00e9cessaire, 11 livres 12 sols pour les pierres plates, 10 livres pour le bois n\u00e9cessaire au bassin fait \u00e0 la place du Pont, et, 89 journ\u00e9es \u00e0 25 sols chacune pour avoir fait lui-m\u00eame les travaux de \u00a0\u00bb&nbsp;perfection&nbsp;\u00a0\u00bb de l&rsquo;ouvrage.<\/p>\n\n\n\n<p>Nous en avons la confirmation par une facture du ma\u00eetre-ma\u00e7on Louis Granjon d&rsquo;une somme de 66 livres 7 sols, en date du 14 mai 1787, il a fait \u00ab<em>un conduit d&rsquo;\u00e9gout de la fontaine de la Place \u00e0 celle<\/em> <em>du Pont et ce \u00e0 raison de 3 livres 5 sols la toise<\/em>\u2026.portant \u00e0 vingt toises deux pieds et demi&#8230;\u00a0\u00bb ce qui correspond \u00e0 environ 40 m\u00e8tres. (AM DD 3-54). Ainsi que plusieurs autres factures pour travaux des ma\u00e7ons Moulin, Granjon, Lanthelme\u2026<\/p>\n\n\n\n<p>La conduite de cette fontaine a \u00e9t\u00e9 d\u00e9truite par une crue de la Sye en 1744, et de plus, deux petites fontaines ou sources qui servaient aux habitants ont \u00e9t\u00e9 ravag\u00e9es, les privant d&rsquo;eau.<\/p>\n\n\n\n<p><\/p>\n\n\n\n<p id=\"reconstructiondelafontaineen1757\"><strong>Reconstruction de la fontaine en 1757<\/strong><\/p>\n\n\n\n<p><\/p>\n\n\n\n<p>Les consuls d&rsquo;Aouste n&rsquo;ont eu de cesse de s&rsquo;occuper du probl\u00e8me r\u00e9current de l&rsquo;eau. Outre les besoins domestiques d&rsquo;une population cons\u00e9quente du village, (1200 hab. en 1789), l&rsquo;utilit\u00e9 publique, la lutte contre les incendies, l&rsquo;\u00e9tablissement de trois foires par an \u00e0 partir de 1755, en augmente les besoins. Ils sollicitent, suite \u00e0 d\u00e9lib\u00e9rations du 6 mars 1757, l&rsquo;autorisation de l&rsquo;Intendant du Dauphin\u00e9 pour le r\u00e9tablissement des anciennes fontaines&nbsp;: \u00ab\u00a0&#8230;<em>les anciennes conduites de la fontaine de ce lieu sont rompues, qu&rsquo;il serait fort \u00e0 propos de les r\u00e9tablir, soit pour l&rsquo;utilit\u00e9 publique, soit par rapport aux foires que la communaut\u00e9 a depuis peu \u00e9tabli et requiert qui y soit d\u00e9lib\u00e9r\u00e9 \u2026 Conclut unanimement, attendu la n\u00e9cessit\u00e9 pressante d&rsquo;avoir des fontaines et les moyens qu&rsquo;a la communaut\u00e9 de pouvoir faire r\u00e9tablir les fontaines qu&rsquo;il est donn\u00e9 pouvoir au sieur consul de pr\u00e9senter requ\u00eate \u00e0 Monseigneur l&rsquo;Intendant pour qu&rsquo;il plaise \u00e0 sa Grandeur d&rsquo;homologuer la conclusion prise sur les offres du sieur Rapine, et se de permettre de dresser un devis estimatif pour le r\u00e9tablissement et conduite des anciennes fontaines et passer le bail \u00e0 prix fait pour la construction des nouveaux ouvrages \u00e0 faire et y employer ensuite la somme affect\u00e9e par les sieurs Rapine ou partie de celle-ci\u2026 \u00a0\u00bb&nbsp; <\/em>( AM DD 3-34).<\/p>\n\n\n\n<p>Suite \u00e0 la d\u00e9lib\u00e9ration de l&rsquo;assembl\u00e9e g\u00e9n\u00e9rale du 6 mars 1757, assembl\u00e9e autoris\u00e9e par Jean Guirement, conseiller du Roi et maire perp\u00e9tuel d&rsquo;Aouste, le consul Antoine Forget en pr\u00e9sence du secr\u00e9taire Jean Louis Attenor, propose de pr\u00e9senter une requ\u00eate \u00e0 Monseigneur l&rsquo;Intendant du Dauphin\u00e9 afin d&rsquo;obtenir la permission de dresser un devis estimatif pour le r\u00e9tablissement des anciennes fontaines, de la fontaine sur la place publique devant l&rsquo;\u00e9glise paroissiale et de passer adjudication au rabais des ouvrages \u00e0 faire. (AM DD 3-40)<\/p>\n\n\n\n<p>Suivant l&rsquo;article 10 du devis du 1<sup>er<\/sup> juin 1757, cette fontaine devait \u00eatre adoss\u00e9e au mur de la maison de Vincent Lantheaume, mais par les modifications du devis en date du 11 juillet 1757, elle fut construite \u00ab\u00a0&#8230;<em>sur la place du lieu d&rsquo;Aouste dans l&rsquo;endroit le plus convenable un bassin de forme ovale b\u00e2ti en pierre de molasse dure&#8230;\u00a0\u00bb<\/em>.<\/p>\n\n\n\n<p>Le 13 mars 1751, une adjudication avait \u00e9t\u00e9 pass\u00e9e avec David Rapine entrepreneur, pour la r\u00e9fection du pont de Dr\u00f4me d\u00e9truit par une crue le 23 juin 1747. Il avait \u00e9t\u00e9 reconnu que les deux cul\u00e9es initialement pr\u00e9vues dans le devis s&rsquo;av\u00e9raient inutiles; les piles existantes \u00e9tant reconnues assez solides. La somme de 1500 livres reprises, avec l&rsquo;accord de l&rsquo;entrepreneur, apr\u00e8s d\u00e9charge, seront employ\u00e9es pour le r\u00e9tablissement des fontaines&nbsp;: <em>\u00a0\u00bb &#8230; Supplie humblement sieur Antoine Forget consul et d\u00e9put\u00e9 de la communaut\u00e9 d&rsquo;Aouste. Les habitants de la communaut\u00e9 d&rsquo;Aouste d\u00e9siraient depuis longtemps d&rsquo;avoir une fontaine sur la place de ce lieu comme il en avait eu autrefois. Quelques uns d&rsquo;eux ayant observ\u00e9 que l&rsquo;adjudicataire des &#8230;. \u00ab\u00a0<\/em> (AM DD 3-35)<\/p>\n\n\n\n<p>Le 23 mars 1757, l&rsquo;Intendant du Dauphin\u00e9 De La Porte, homologue la d\u00e9lib\u00e9ration du 6 mars 1757 et autorise la communaut\u00e9 \u00e0 faire dresser un devis estimatif. Le 9 avril 1757 le subd\u00e9l\u00e9gu\u00e9 de l&rsquo;Intendant \u00e0 Crest, Paul Fran\u00e7ois Ren\u00e9 Lucrecius Sibeud, commet d&rsquo;office deux experts de Crest \u2013 Louis Vaussenas, marchand et Fran\u00e7ois Chapaix, bourgeois- avec possibilit\u00e9 de se faire assister par \u00a0\u00bb&nbsp;<em>quelqu&rsquo;un au fait de la recherche des eaux \u00a0\u00bb&nbsp;<\/em>. En l&rsquo; occurrence, c&rsquo;est Antoine Fournier d&rsquo; Aouste qui sera d\u00e9sign\u00e9. (AM DD 3-39)<\/p>\n\n\n\n<p>Le devis estimatif (AM DD 3-44) comportant douze articles est \u00e9tabli par les deux experts et pr\u00e9sent\u00e9 le 1<sup>er<\/sup> juin 1757 au subd\u00e9l\u00e9gu\u00e9 de l&rsquo; Intendant \u00e0 Crest, Paul Fran\u00e7ois Ren\u00e9 Lucrecius Sibeud en pr\u00e9sence du consul Antoine Forget. Il a \u00e9t\u00e9 fait ensuite trois affiches certifi\u00e9es par Jean Louis Attenor secr\u00e9taire de la communaut\u00e9 et publi\u00e9es. Sur ces affiches \u00e9taient port\u00e9es les indications: lieu et heure de l&rsquo;adjudication, les jours du 26 juin, 3 juillet et 10 juillet et les clauses et conditions suivantes:<\/p>\n\n\n\n<p><\/p>\n\n\n\n<p id=\"devis\"><em><strong>Devis dress\u00e9 par Louis Vaussenas et Fran\u00e7ois Chapaix experts d\u00e9sign\u00e9s <\/strong><\/em><strong>(AM DD 3-44)<\/strong><\/p>\n\n\n\n<p><\/p>\n\n\n\n<p><em>1\u00b0<\/em> &#8211; \u00a0\u00bb <em>Nous sommes sortis par la porte du lieu appel\u00e9 Surville et pris le chemin du quartier au mas des champs o\u00f9 \u00e9tant dans un certain endroit, nous sommes entr\u00e9s dans un fond de terre appartenant \u00e0 la cure du dit Aouste situ\u00e9 dans le coteau, nous sommes mont\u00e9s \u00e0 travers le dit coteau jusqu&rsquo;au fond de terre labour\u00e9e qui appartenant \u00e0 sieur Sibeud dans lequel coteau l&rsquo;on nous a assur\u00e9 qu&rsquo;il y a plusieurs sources ce que le dit Fournier nous a confirm\u00e9, l\u00e0 ayant nous m\u00eame vu couler une sur la face qui est assez abondante, nous estimons donc que pour pouvoir conduire cette source et toutes celles qui peuvent se rencontrer dans le dit coteau qui se trouve consid\u00e9rablement \u00e9lev\u00e9 au dessus du dit lieu d&rsquo;Aouste ainsi que nous l&rsquo;avons trouv\u00e9 par la d\u00e9valuation du niveau, il faut faire une tranch\u00e9e \u00e0 travers les possessions ci-apr\u00e8s d\u00e9taill\u00e9es, \u00e0 commencer aupr\u00e8s du chemin des champs dans le fonds de la cure, de jean Claude Audra, de Mr Sibeud, de Mr Athenor, d&rsquo;Antoine Bertrand, de sieur Jean Louis Achard du fils de Pierre, jusqu&rsquo;\u00e0 une autre terre appartenant au dit sieur Sibeud<\/em><\/p>\n\n\n\n<p><em>2\u00b0<\/em> &#8211; <em>Il faut que cette tranch\u00e9e soit \u00e0 une profondeur consid\u00e9rable pour recueillir toutes les eaux qui transpireront dans le coteau en obtenant de donner \u00e0 plein. Les talus n\u00e9cessaires et proportionn\u00e9s \u00e0 leurs qualit\u00e9s, et de ne pas percer les bancs de glaise et de tuf qui doivent se trouver au fonds de la tranch\u00e9e parce que l&rsquo;eau se perdrait incontinent.<\/em><\/p>\n\n\n\n<p><em>3\u00b0<\/em> &#8211; <em>A mesure que l&rsquo;on trouvera des sources en faisant des tranch\u00e9es pour faire perdre l&rsquo;eau afin qu&rsquo;elle incommode pas les travailleurs, cette op\u00e9ration \u00e9tant faite, et toutes les sources trouv\u00e9es on r\u00e9glera la pente du fonds de la tranch\u00e9e dans le milieu de laquelle on creusera dans la glaise ou dans le tuf une rigole de huit \u00e0 neuf pouces (environ de 22 \u00e0 24 cm) de largeur pour cueillir toutes les eaux et dans le cas que la glaise ou le tuf manquassent on formera cette rigole avec de la terre glaise que l&rsquo;on y transportera et que l&rsquo;on aura attention de bien battre<\/em><\/p>\n\n\n\n<p><em>4\u00b0<\/em> &#8211; <em>Des deux cot\u00e9s de cette rigole on y construira un petit mur de pierres pos\u00e9es \u00e0 sec d&rsquo;un pied (32,5 cm) d&rsquo;\u00e9paisseur sur dix huit pouces ( environ 49 cm) de hauteur(\u2026) le long des berges, sur lesquels murs on posera des dalles ou pierres plates qui porteront au moins trois pouces (env 8 cm) sur les murs de chaque cot\u00e9 et c&rsquo;est \u00e0 travers les murs de pierres s\u00e8ches que passeront les eaux pour s&rsquo;introduire dans la conduite on posera ensuite sur les dalles des (gas\u2026?) rainur\u00e9s pour emp\u00eacher qu&rsquo;en recomblant la fouille il ne tombe rien dans le fond.<\/em><\/p>\n\n\n\n<p><em>5\u00b0<\/em> &#8211; <em>Lorsque cette conduite aura \u00e9t\u00e9 faite dans tout le terrain o\u00f9 il transpirera de l&rsquo;eau et que l&rsquo;on aura suivi les alignements prescrits \u00e0 l&rsquo;entrepreneur, on continuera la conduite dans son aqueduc. La ma\u00e7onnerie faite avec un mandrin de la m\u00eame largeur que ci-dessus et seulement de six pouces (env 16 cm) de hauteur, bien couvert avec des dalles bouch\u00e9es avec du bon mortier, cette conduite viendra aboutir dans le chemin des champs et l&rsquo;ayant trouv\u00e9 jusque pr\u00e8s de l&rsquo;oratoire qui est appuy\u00e9 au fonds de sieur Chevalier de Riquemond, on y construira un puisard de trois pieds ( env 1 m) en carr\u00e9 qui appuy\u00e9 \u00e0 la souche du dit oratoire du cot\u00e9 du nord pour recevoir l&rsquo;eau et les terres qu&rsquo;elle pourra la drainer, on fera une d\u00e9charge \u00e0 ce puisard qui s&rsquo;\u00e9coulera dans un aqueduc du cot\u00e9 de la rivi\u00e8re de Sye, pour le nettoyer au besoin, vers ce puisard on \u00e9l\u00e8vera une b\u00e2tisse sur laquelle on fera une vo\u00fbte, couverte de dalles et une petite porte bien plus courte pour le visiter \u00e0 volont\u00e9.<\/em><\/p>\n\n\n\n<p><em>6\u00b0<\/em> &#8211; <em>Nous b\u00e2tirons chaque toise de la dite conduite, y compris la fouille pourvu qu&rsquo;elle ne soit qu&rsquo;\u00e0 la profondeur de quatre pieds (1,30 m), cinq livres, ce qui fait pour cent quatre vingt dix huit toises (env 386 m) que nous y avons trouv\u00e9 990 livres. Le puisard parfait avec son \u00abregardoir\u00bb de d\u00e9charge la somme de cent livres ici 100 livres.<\/em><\/p>\n\n\n\n<p><em>7\u00b0<\/em> &#8211; <em>Depuis le dit puisard ou repos jusque sur la place du dit lieu d&rsquo;Aouste la conduite sera faite en tuyaux de gr\u00e8s de deux pouces (env 5,4 cm) d&rsquo;o\u00f9 certains au petit bout bien cuits et bien souvent de six \u00e0 sept lignes (env 1,5 cm) d&rsquo;\u00e9paisseur, lesquels on assemblera avec du bon ciment et on les posera en bonne ma\u00e7onnerie obtenant de lisser les dits petits murs que l&rsquo;on fera de cot\u00e9 de trois pouces au dessus de lui o\u00f9 vers lesquels nous mettrons des bonnes dalles pour garantir la conduite de l&rsquo;effort des voitures, et on l&rsquo;enterrera \u00e0 une profondeur n\u00e9cessaire pour la pr\u00e9venir de la gel\u00e9e.<\/em><\/p>\n\n\n\n<p><em>8\u00b0<\/em> &#8211; <em>Cette conduite sera plac\u00e9e dans le chemin des champs tout le long des murs de cl\u00f4ture des possessions de Mrs Atenor, de Jean Pierre Achard, de Jean Pierre Atenor, d&rsquo;Antoine Forget, du jardin de madame de La Motte, et l\u00e0 dans le milieu des rues du dit lieu jusqu&rsquo;\u00e0 la dite place. Cette conduite qui aura cent vingt toises (env 234 m) co\u00fbtera \u00e0 raison de six livres la toise compris la fouille la somme de 720 livres.<\/em><\/p>\n\n\n\n<p><em>9\u00b0<\/em> &#8211; <em>Dans l&rsquo;intervalle des dites cent vingt toises de conduite en tuyaux de gr\u00e8s on y posera quatre regards en pierre de taille, l&rsquo;un desquels sera au coin de la terrasse de la maison de madame de La Motte sur lequel on \u00e9tablira une ventouse ou soupirail pour donner du jeu aux vents qui peuvent s&rsquo;introduire dans la conduite et qui la ferait infailliblement crever sans cette pr\u00e9caution. Cette partie estim\u00e9e \u00e0 vingt livres ici 20 livres<\/em><\/p>\n\n\n\n<p><em>10\u00b0<\/em> &#8211; <em>Lorsqu&rsquo;on sera parvenu sur la place du dit lieu au coin de la maison de Vincent Lantheaume on creusera dans le mur de la dite maison pour y poser un quartier de pierre de taille qui portera la tige de la fontaine laquelle tige sera aussi perc\u00e9 dans l&rsquo;\u00e9paisseur du mur pour une plus grande solidit\u00e9 et toujours dans le m\u00eame mur on posera encore \u00e0 la hauteur convenable une pierre de taille carrel\u00e9e qui recevra l&rsquo;eau produite par la dite tige et la distribuer dans les tuyaux que l&rsquo;on pourra donner \u00e0 la dite fontaine, on fera sur cette pierre carrel\u00e9e une petite vo\u00fbte en d\u00e9charge pour pouvoir y placer au dessous des tables pour couvrir la conduite de l&rsquo;eau. Cette partie co\u00fbtera 30 livres.<\/em><\/p>\n\n\n\n<p><em>11\u00b0<\/em> &#8211; <em>Au dessous des tuyaux de la dite fontaine on y posera un bassin carr\u00e9 fait avec des tables de pierre douce des carri\u00e8res de Lambres ou d&rsquo; Autichamp. Le fond du dit bassin de m\u00eame pierre, le tout bien assembl\u00e9 avec des crampons de fer et bien ciment\u00e9 en dedans et en dehors. Le bassin aura cinq pieds (env 1,63 m) de longueur et deux et demi (env 0,81 m) de hauteur sur lequel on posera deux barres de fer vis \u00e0 vis de chaque tuyau pour supporter les baquets, et en dessous du dit bassin toujours le long du mur en tirant au midi on en construirait un second pour servir \u00e0 laver les herbages et autres choses, fait avec des semblables pierres et avec les m\u00eames pr\u00e9cautions qui aura trois pieds de longueur (env 0,97 m) sur autant de large. Cet article co\u00fbtera cent livres ici 100 livres.<\/em><\/p>\n\n\n\n<p><em>12\u00b0<\/em> &#8211; <em>L&rsquo;\u00e9gout de la dite fontaine apr\u00e8s que la dite communaut\u00e9 en aura fait l&rsquo;usage qu&rsquo;elle se propose sera conduit \u00absouterrainement\u00bb sous le \u00abchazal\u00bb (petite maison) qui est au levant de la maison de M Sibeud par une conduite ou \u00abtourni\u00e8re\u00bb (foss\u00e9 environnant) en ma\u00e7onnerie dans un bassin aussi de ma\u00e7onnerie pour la commodit\u00e9 des habitants du quartier du pont et du dit bassin \u00e0 la rivi\u00e8re de Dr\u00f4me. La dite conduite ou le dit bassin co\u00fbtera cinquante livres ici 50 livres.<\/em><\/p>\n\n\n\n<p><em>Comme il peut se rencontrer par l&rsquo;ex\u00e9cution du pr\u00e9sent devis des choses qu&rsquo;il faudra changer, augmenter ou diminuer, l&rsquo;entrepreneur sera bien de les proposer aux officiers de la communaut\u00e9 pour y \u00eatre avis\u00e9 \u00ab\u00a0\u2026<\/em>.<\/p>\n\n\n\n<p><\/p>\n\n\n\n<p>Le 11 juillet 1757, apr\u00e8s quelques modifications intervenues dans le devis initial apr\u00e8s accords des parties, le devis est accept\u00e9:<\/p>\n\n\n\n<p><\/p>\n\n\n\n<p id=\"modifications\"><em><strong>Modifications du devis initial (AM DD 3-43)<\/strong><\/em><\/p>\n\n\n\n<p><\/p>\n\n\n\n<p>\u00a0\u00bb <em>Primo les entrepreneurs quels qu&rsquo;ils soient seront tenus de payer les vacations des experts qui ont dress\u00e9s le devis suivant la taxe qui en sera par nous faite, de m\u00eame que tous les frais du pr\u00e9sent bail.<\/em><\/p>\n\n\n\n<p><em>2\u00b0 &#8211;  Au lieu de faire les murs indiqu\u00e9s en l&rsquo;article 4 du dit devis enti\u00e8rement en pierre s\u00e8che, ils construiront en ma\u00e7onnerie tout ce qui sera en aval de la conduite du cot\u00e9 du levant dans toute l&rsquo;\u00e9tendue indiqu\u00e9e par le dit article dont au surplus ils ex\u00e9cuteront toutes les dispositions.<\/em><\/p>\n\n\n\n<p><em>3\u00b0 &#8211;  En place du mandrinage indiqu\u00e9 en l&rsquo;article 5 du m\u00eame devis, ils emploieront des bourneaux dans la forme d\u00e9sign\u00e9e en l&rsquo;article 7 qu&rsquo;ils placeront \u00e0 la profondeur convenable dans toute l&rsquo;\u00e9tendue indiqu\u00e9e au dit article 5 et quand \u00e0 la d\u00e9charge du puisard, elle sera seulement faite dans la b\u00e9ali\u00e8re servant \u00e0 l&rsquo;arrosage dans le quartier de Surville.<\/em><\/p>\n\n\n\n<p><em>4\u00b0 &#8211;  Au lieu d&rsquo;ex\u00e9cuter les dispositions de l&rsquo;article 9 qui ne sont pas jug\u00e9es n\u00e9cessaires, on fera une d\u00e9charge par une conduite en pierre s\u00e8che dans la rue de Mouiran (Moirans) pour l&rsquo;\u00e9coulement de l&rsquo;eau dans le canal du moulin.<\/em><\/p>\n\n\n\n<p><em>5\u00b0 &#8211;  On n&rsquo;ex\u00e9cutera point ce qui est port\u00e9 par les articles 10 et 11 du dit devis et pour suppl\u00e9er, on construira sur la place du lieu d&rsquo;Aouste dans l&rsquo;endroit le plus convenable un bassin de forme ovale b\u00e2ti en pierre de molasse dure bien assembl\u00e9e, et ciment\u00e9e en dehors et en dedans avec crampons de fer, le dit bassin haut de deux pieds et demi (0,71 m) large de quatre (1,3 m) et long de six (1,95 m) accompagn\u00e9 des tuyaux et barres n\u00e9cessaires au milieu duquel bassin il sera \u00e9lev\u00e9 un triomphe de pierre de taille de la hauteur et grosseur convenable pour une fontaine.<\/em><\/p>\n\n\n\n<p><em>6\u00b0 &#8211; Les entrepreneurs se chargeront g\u00e9n\u00e9ralement de toutes les fournitures en chaux, sable, pierre et journ\u00e9es d&rsquo;ouvriers et autres mat\u00e9riaux quelconques et se soumettront \u00e0 entretenir leurs ouvrages pendant six ans \u00e0 compter du jour de r\u00e9ception pendant lequel temps ils seront tenus de r\u00e9parer \u00e0 leurs frais et d\u00e9pens les accidents qui pourraient arriver \u00e0 la fontaine, autres n\u00e9anmoins que ceux qui proviendraient d&rsquo;un dommage caus\u00e9 par quelque particulier.<\/em><\/p>\n\n\n\n<p><em>7\u00b0 &#8211; Si dans le courant des ouvrages \u00e0 faire il arrive qu&rsquo;il faille creuser \u00e0 une profondeur plus grande que celle assign\u00e9e par le devis, ou s&rsquo;il survient quelques inconv\u00e9nients extraordinaires ou impr\u00e9vus, la communaut\u00e9 en tiendra compte aux dits entrepreneurs, \u00e0 dire d&rsquo;experts qui seront convenus, ou \u00e0 ce d\u00e9faut par nous commis d&rsquo;office.<\/em><\/p>\n\n\n\n<p><em>8\u00b0 &#8211;  Les entrepreneurs s&rsquo;obligeront de rendre leurs ouvrages parfaits entre ici et la Toussaint prochaine \u00e0 la charge qui leur sera pay\u00e9e, un tiers du prix de leur bail, d&rsquo;avance, le second tiers \u00e0 moiti\u00e9 d&rsquo; oeuvre, et le restant lorsque les ouvrages seront finis et par nous re\u00e7us, et au reste ils ex\u00e9cuteront tout ce qui est port\u00e9 par le dit devis.&nbsp;\u00ab\u00a0<\/em><\/p>\n\n\n\n<p><\/p>\n\n\n\n<p>Apr\u00e8s lecture du devis et des conditions aux personnes pr\u00e9sentes, il fut proc\u00e9d\u00e9 aux \u00a0\u00bb&nbsp;<em>ench\u00e8res \u00e0 la chandelle \u00a0\u00bb&nbsp;.<\/em>Apr\u00e8s plusieurs propositions, l&rsquo;offre la plus avantageuse \u00e9tant celle de Simon Lombard n\u00e9gociant de Vercheny qui a offert d&rsquo;effectuer les travaux pour la somme de 2100 livres, le bail d&rsquo;adjudication lui fut attribu\u00e9 et sera sign\u00e9 le 11 juillet 1757. Simon Lombard a pr\u00e9sent\u00e9 pour caution Paul Charles Gros de Saillans. (AM DD 3-43)<\/p>\n\n\n\n<p>Le 13 juin 1757, une assembl\u00e9e g\u00e9n\u00e9rale fut convoqu\u00e9e \u00e0 laquelle les propri\u00e9taires des fonds travers\u00e9s par la conduite d&rsquo;eau assist\u00e8rent. Il s&rsquo;agit de sept propri\u00e9taires: Jean Andr\u00e9 Brun, Jean Pierre Achard fils de Salomon, Venance Attenor, La cure, Jean Claude Audrat, Sibeud subd\u00e9l\u00e9gu\u00e9 de Monseigneur l&rsquo;Intendant au d\u00e9partement de Crest et Die et Antoine Bertrand. A savoir que certains de ces fonds supportent \u00abun droit de conduite des eaux\u00bb dans les fonds d&rsquo; Attenor, Andr\u00e9 Bertrand, la cure et Sibeud pour le premier fonds. Les fonds de Achard et le deuxi\u00e8me fonds de Sibeud (pr\u00e8s d&rsquo;un colombier) ne supportent aucun droit de passage. Tous les propri\u00e9taires concern\u00e9s nomment pour expert Jacques Vincent Bilhard \u00e0 effet d&rsquo;estimer les dommages qui seront faits; la communaut\u00e9 nommera pour sa part, Jean Pierre Barbeyer. Les passages seront balis\u00e9s par Lapest. ( AM DD 3-38)<\/p>\n\n\n\n<p>Les travaux commenc\u00e8rent mi-juillet<\/p>\n\n\n\n<p>Le 9 d\u00e9cembre 1757, le subd\u00e9l\u00e9gu\u00e9 fit proc\u00e9der au rapport estimatif des dommages caus\u00e9s par la fontaine et ses travaux accessoires. De m\u00eame, il requiert la prestation de serment de Barbeyer et Bilhard.<\/p>\n\n\n\n<p>Le 15 d\u00e9cembre, Bilhard et Barbeyer, accompagn\u00e9s de Jean Guiremand (Guirement) maire, Antoine Forget consul, Louis Granjon entrepreneur et de plusieurs propri\u00e9taires concern\u00e9s, proc\u00e8dent \u00e0 l&rsquo;estimation. Celle-ci se termine le 21 d\u00e9cembre.<\/p>\n\n\n\n<p>L&rsquo;estimation s&rsquo;\u00e9tablit pour les m\u00fbriers suivant la quantit\u00e9 de feuilles produites \u00e0 l&rsquo;ann\u00e9e, leur taille, \u00e2ge et le capital repr\u00e9sent\u00e9; pour la vigne, suivant la production annuelle de vin. Le montant de l&rsquo;estimation des dommages s&rsquo;\u00e9l\u00e8ve \u00e0 237 livres 3 sols 10 deniers auxquels il faut rajouter 36 livres pour les vacations des experts, 4 livres pour les prestations de serment et 7 livres deux sols pour le papier et exp\u00e9dition, soit un total de 283 livres 5 sols 10 deniers. (AM DD 3-37)<\/p>\n\n\n\n<p>Le 23 d\u00e9cembre 1757, le rapport d&rsquo;estimation des dommages est pr\u00e9sent\u00e9 par les experts Bilhard et Barbeyer, au subd\u00e9l\u00e9gu\u00e9 de l&rsquo;Intendant \u00e0 Crest, Paul Fran\u00e7ois Ren\u00e9 Lucrecius Sibeud en pr\u00e9sence d&rsquo;Antoine Forget, consul et Gailhardon, greffier.<\/p>\n\n\n\n<p>Le 26 d\u00e9cembre 1757 dans la maison consulaire d&rsquo;Aouste, Antoine Forget consul, pr\u00e9sente une requ\u00eate \u00e0 l&rsquo;Intendant du Dauphin\u00e9, De La porte afin qu&rsquo;il homologue les d\u00e9lib\u00e9rations du 6 mars 1757, permette l&#8217;emploi des 1500 livres au r\u00e9tablissement des fontaines et ordonne de dresser un devis estimatif ainsi que l&rsquo;imposition sur les trois ordres d&rsquo;une somme de 1223 livres 5 sols 10 deniers. Cette derni\u00e8re somme r\u00e9sulte du rapport des dommages estim\u00e9s ( AM DD 3-36)<\/p>\n\n\n\n<p>Le 2 d\u00e9cembre 1757 l&rsquo;adjudicataire Simon Lombard avise le subd\u00e9l\u00e9gu\u00e9 Sibeud devant son \u00abh\u00f4tel\u00bb \u00e0 Aouste, que tous les ouvrages sont parfaits et achev\u00e9s et que l&rsquo;eau coule actuellement sur la place publique. Tout est construit conform\u00e9ment au bail. De plus, \u00e0 la r\u00e9quisition des officiers de la communaut\u00e9 et avec leur consentement, il a fait un pavage autour du bassin de la fontaine, a construit le bassin de l&rsquo;\u00e9gout de la fontaine en pierres de taille \u00e0 la place de ma\u00e7onnerie et a construit au dessus du bassin plusieurs toises de ma\u00e7onnerie \u00a0\u00bb&nbsp;<em>pour emp\u00eacher que l&rsquo;on ne tomba dans le chenal o\u00f9 ce bassin est situ\u00e9&nbsp;\u00ab\u00a0<\/em>, aussi il a plac\u00e9 4 pierres de \u00a0\u00bb&nbsp;<em>gritte<\/em>&nbsp;\u00a0\u00bb \u00bb (peut-\u00eatre de gr\u00e8s?) de distance en distance le long de la conduite indiquant les reposoirs. Ce \u00absuppl\u00e9ment\u00bb revient \u00e0 70 livres: pav\u00e9 (6 livres), 4 pierres (6 livres), bassin de l&rsquo;\u00e9gout pr\u00e9s du pont (40 livres), 2 toises -soit 4 m de murailles (18 livres).<\/p>\n\n\n\n<p>Simon Lombard demande \u00e0 faire proc\u00e9der \u00e0 la v\u00e9rification des travaux par les experts Fran\u00e7ois Dorille et Jacques Gailhard nomm\u00e9s par le subd\u00e9l\u00e9gu\u00e9.<\/p>\n\n\n\n<p>Les travaux \u00e9taient \u00a0\u00bb&nbsp;<em>bien et d\u00fbment faits et construits&nbsp;\u00ab\u00a0<\/em>, le subd\u00e9l\u00e9gu\u00e9 d\u00e9charge Simon Lombard de toutes les obligations et ordonne de pourvoir au payement de ce qui est d\u00fb, tout en pr\u00e9cisant qu&rsquo;il est tenu par le bail: \u00a0\u00bb <em>Au moyen de qui nous dit le subd\u00e9l\u00e9gu\u00e9 donnons acte du dit rapport, d\u00e9clarons les ouvrages auxquels le dit adjudicataire \u00e9tait tenu, bien et d\u00fbment faits et construits, comme tels les recevons et d\u00e9chargeons le dit adjudicataire de toutes les obligations par lui contract\u00e9es \u00e0 raison de ceux-ci, et ordonnons qu&rsquo;il sera incessamment pourvu au payement de ce qui lui reste d\u00fb \u00e0 la forme de son bail et avant que de signer le dit adjudicataire nous a observ\u00e9 qu&rsquo;il est tenu par son bail de maintenir la conduite et ouvrage des dites fontaines pendant six ans mais qu&rsquo;il ne saurait remplir cette partie des conditions du dit bail si la communaut\u00e9 ne s&rsquo;engage de faire arracher tous les arbres qui seront par lui indiqu\u00e9s le long de la conduite des dites fontaines \u00e9tant indispensables que les canaux de briques servant \u00e0 la conduite de l&rsquo;eau n&rsquo;\u00e9prouvent quelque d\u00e9rangement par l&rsquo;action et le progr\u00e8s des racines desdits arbres, ce que les officiers de la dite communaut\u00e9 ayant entendu, ils ont promis au nom de cela de faire arracher tous les arbres indiqu\u00e9s par l&rsquo;adjudicataire qui pourraient nuire \u00e0 la conduite des dites fontaines sauf les dommages et int\u00e9r\u00eats des particuliers int\u00e9ress\u00e9s qui seront estim\u00e9s conform\u00e9ment \u00e0 la d\u00e9lib\u00e9ration tenue \u00e0 cet \u00e9gard, dont et de quoi nous avons encore donn\u00e9 acte pour servir et valoir ce que de raison&#8230;\u00a0\u00bb (AM DD 3-42)<\/em><\/p>\n\n\n\n<p>Afin d&rsquo;augmenter le d\u00e9bit de la source d\u00e9couverte dans le fonds de Bertrand, Louis Granjon ma\u00eetre-ma\u00e7on, \u00e0 la demande des officiers de la communaut\u00e9, fit creuser des sondages jusqu&rsquo;\u00e0 4 pieds (1,30 m) sans succ\u00e8s, dans les fonds de Sibeud, Athenor, Achard et Bertrand aux endroits indiqu\u00e9s par Fournier. Il fut d\u00e9cid\u00e9 d&rsquo;abandonner les recherches apr\u00e8s les sondages dans le fonds de Sibeud (pr\u00e9s de son colombier). M\u00eame si l&rsquo;eau \u00e9tait pr\u00e9sente, le d\u00e9nivel\u00e9 devenant trop important n&rsquo;aurait pas permis de joindre la source initiale du fonds Bertrand. Ces travaux suppl\u00e9mentaires y compris le comblement des foss\u00e9s entra\u00een\u00e8rent une d\u00e9pense de 343 livres. (AM DD 3-42)<\/p>\n\n\n\n<p>L&rsquo;intendant Pierre Jean Fran\u00e7ois de La Porte ordonne le 24 avril 1759, l&rsquo;ex\u00e9cution de l&rsquo;arr\u00eat du Conseil en date du 20 mars 1759: que les officiers de la communaut\u00e9 d&rsquo;Aouste seront tenus d&rsquo;imposer par un r\u00f4le particulier sur les fonds des trois ordres de la communaut\u00e9 un montant de 1223 livres 5 sols 6 deniers pour \u00eatre pay\u00e9s dans l&rsquo;ann\u00e9e par les cotis\u00e9s afin de r\u00e9gler le prix de l&rsquo;adjudication pour le r\u00e9tablissement des fontaines, \u00e0 savoir 600 livres du reste de l&rsquo;adjudication, 343 livres pour les fouilles suppl\u00e9mentaires effectu\u00e9es par Simon Lombard, 237 livres 5 sols 6 deniers pour les indemnit\u00e9s et 43 livres 2 sols pour les vacations des experts et frais de prestations de serments. (AM DD 3-46)<\/p>\n\n\n\n<p>En d\u00e9finitive le r\u00e9tablissement des fontaines reviendra \u00e0 la communaut\u00e9 2723 livres 5 sols 6 deniers. Les 1500 livres reprises sur l&rsquo;adjudication du pont et 1223 livres 5 sols 6 deniers de frais additionnels, au lieu de 2100 livres pr\u00e9vues initialement.<\/p>\n\n\n\n<p>La conduite mesurera au final environ 610 m\u00e8tres ( 318 toises).<\/p>\n\n\n\n<p>La fontaine fut livr\u00e9e le 2 d\u00e9cembre 1757 \u00e0 la satisfaction des habitants.<\/p>\n\n\n\n<p>Le 26 d\u00e9cembre 1757 \u00e0 midi, dans la maison consulaire d&rsquo;Aouste, le maire Jean Guiremend remercie le consul Antoine Forget pour \u00a0\u00bb&nbsp;<em>les soins et peines qu&rsquo;il a pris jusqu&rsquo;\u00e0 pr\u00e9sent pour la conduite des dites fontaines, que sa gestion est approuv\u00e9e et qu&rsquo;il est pri\u00e9 de se pourvoir au nom de la communaut\u00e9 par devant qui de droit pour obtenir la permission d&rsquo;imposer sur les trois ordres\u2026..\u00a0\u00bb<\/em>. ( AM DD 3-36).<\/p>\n\n\n\n<p>Cette fontaine sera d\u00e9truite, en 1862 lors de l&rsquo;alignement du pont et de la rue de la gare avec la d\u00e9molition de l&rsquo;ancienne \u00e9glise.<\/p>\n\n\n\n<p>Le 26 mai 1872, par d\u00e9lib\u00e9ration du conseil municipal, il est d\u00e9cid\u00e9 l&rsquo;\u00e9tablissement de fontaines publiques afin de distribuer l&rsquo;eau dans les divers quartiers d&rsquo;Aouste.<\/p>\n\n\n\n<p>Cette recherche d&rsquo;eau a toujours \u00e9t\u00e9 un probl\u00e8me r\u00e9current. En septembre 1793, la Soci\u00e9t\u00e9 Populaire d&rsquo;Aouste somme la municipalit\u00e9 de \u00a0\u00bb&nbsp;<em>se procurer un de ces hommes experts dans l&rsquo;art de d\u00e9couvrir la source des fontaines \u00a0\u00bb&nbsp;<\/em>.<\/p>\n\n\n\n<p><\/p>\n\n\n\n<p id=\"xixeetxxesiecles\"><strong>B \u2013 XIX<\/strong><sup><strong>e <\/strong><\/sup><strong>ET XX<\/strong><sup><strong>e<\/strong><\/sup><strong> SI\u00c8CLES \u2013 DE 1875 \u00e0 1960<\/strong><\/p>\n\n\n\n<p><\/p>\n\n\n\n<p>Par d\u00e9lib\u00e9ration du 26 mai 1872 le conseil municipal \u00a0\u00bb&nbsp;\u2026 <em>consid\u00e9rant que le village d&rsquo;Aouste est aliment\u00e9 par une seule fontaine dont le volume d&rsquo;eau est tout \u00e0 fait insuffisant pour les besoins de sa nombreuse population et que d&rsquo;ailleurs cette eau ne conserve pas sa limpidit\u00e9 en temps de pluie&#8230;&nbsp;\u00ab\u00a0, <\/em>il est d\u00e9cid\u00e9 que le montant du remboursement sera affect\u00e9 \u00e0 l&rsquo;\u00e9tablissement de fontaines publiques dans le village et dans un premier temps aux fouilles n\u00e9cessaires \u00e0 la recherche des sources.<\/p>\n\n\n\n<p>Le 16 ao\u00fbt 1874, par acte de concession,<em> <\/em>une convention, autorisant les fouilles et travaux n\u00e9cessaires, est sign\u00e9e avec les propri\u00e9taires messieurs Portier, Aguitton et Gresse. Ce dernier demande une indemnit\u00e9 de six cents francs.<\/p>\n\n\n\n<p>Le trait\u00e9 de gr\u00e9 \u00e0 gr\u00e9 est sign\u00e9 entre Sieur Thomas entrepreneur de ma\u00e7onnerie et Edouard Ath\u00e9nor maire de la commune le 5 novembre 1874 pour un montant de huit mille cinquante six francs quarante quatre centimes. Il sera approuv\u00e9 par le pr\u00e9fet le 14 avril 1875. Les fouilles se d\u00e9rouleront sur les propri\u00e9t\u00e9s Gresse Pierre, Portier Ferdinand et Aguiton Jean Louis \u00e0 <em>700 m\u00e8tres au Nord-Est du village, quartier des Gauchoirs<\/em><\/p>\n\n\n\n<p>En 1875, Mr Fraud, surveillant des travaux de fouilles, \u00e9tablit un rapport de \u00a0\u00bb&nbsp;situation&nbsp;\u00a0\u00bb pour la commune.<\/p>\n\n\n\n<p><br><\/p>\n\n\n\n<p><\/p>\n\n\n<div class=\"wp-block-image\">\n<figure class=\"aligncenter size-full\"><img loading=\"lazy\" decoding=\"async\" width=\"345\" height=\"674\" src=\"https:\/\/histoire-patrimoine-aoustois.fr\/wp-content\/uploads\/2023\/04\/histoire-deau-plan-fontaines-nord-1875.jpg\" alt=\"\" class=\"wp-image-7917\" srcset=\"https:\/\/histoire-patrimoine-aoustois.fr\/wp-content\/uploads\/2023\/04\/histoire-deau-plan-fontaines-nord-1875.jpg 345w, https:\/\/histoire-patrimoine-aoustois.fr\/wp-content\/uploads\/2023\/04\/histoire-deau-plan-fontaines-nord-1875-154x300.jpg 154w\" sizes=\"(max-width: 345px) 100vw, 345px\" \/><\/figure>\n<\/div>\n\n\n<p class=\"has-text-align-center\"><em>Plan de situation des conduites de fontaines en 1875 &#8211; cot\u00e9 nord<\/em>.<\/p>\n\n\n\n<p><br><br><\/p>\n\n\n\n<p>La conduite des fontaines traversait la RD 93 au croisement avec la rue de la Croisi\u00e8re ( point K203) et franchissait la Dr\u00f4me sous le tablier du pont, c\u00f4t\u00e9 gauche, en amont, 200 m\u00e8tres environ \u00e0 partir de la RD 93 jusqu&rsquo;\u00e0 la maison de la Vve Blayn.<\/p>\n\n\n\n<p><\/p>\n\n\n\n<p><br><br><\/p>\n\n\n<div class=\"wp-block-image\">\n<figure class=\"aligncenter size-full\"><img loading=\"lazy\" decoding=\"async\" width=\"653\" height=\"432\" src=\"https:\/\/histoire-patrimoine-aoustois.fr\/wp-content\/uploads\/2023\/04\/histoire-deau-plan-fontaines-sud-1875.jpg\" alt=\"\" class=\"wp-image-7918\" srcset=\"https:\/\/histoire-patrimoine-aoustois.fr\/wp-content\/uploads\/2023\/04\/histoire-deau-plan-fontaines-sud-1875.jpg 653w, https:\/\/histoire-patrimoine-aoustois.fr\/wp-content\/uploads\/2023\/04\/histoire-deau-plan-fontaines-sud-1875-300x198.jpg 300w\" sizes=\"(max-width: 653px) 100vw, 653px\" \/><\/figure>\n<\/div>\n\n\n<p class=\"has-text-align-center\"><em>Plan de situation des conduites de fontaines en 1875 &#8211; village et cot\u00e9 sud<\/em>.<\/p>\n\n\n\n<p><br><\/p>\n\n\n\n<p><\/p>\n\n\n\n<p id=\"lessourcesdepuysaintpierre\"><strong>Les sources de Puy Saint Pierre<\/strong><\/p>\n\n\n\n<p><\/p>\n\n\n\n<p>Le captage se faisait vers Chabanas. De l\u00e0 partait une conduite jusqu&rsquo;au r\u00e9servoir du quartier Saint Fran\u00e7ois avec de nombreux regards dont il reste quelques vestiges.<\/p>\n\n\n\n<p><\/p>\n\n\n\n<p><br><\/p>\n\n\n\n<figure class=\"wp-block-image size-full\"><img loading=\"lazy\" decoding=\"async\" width=\"500\" height=\"695\" src=\"https:\/\/histoire-patrimoine-aoustois.fr\/wp-content\/uploads\/2023\/04\/histoire-deau-regard-01.jpg\" alt=\"\" class=\"wp-image-7921\" srcset=\"https:\/\/histoire-patrimoine-aoustois.fr\/wp-content\/uploads\/2023\/04\/histoire-deau-regard-01.jpg 500w, https:\/\/histoire-patrimoine-aoustois.fr\/wp-content\/uploads\/2023\/04\/histoire-deau-regard-01-216x300.jpg 216w\" sizes=\"(max-width: 500px) 100vw, 500px\" \/><\/figure>\n\n\n\n<p><\/p>\n\n\n<div class=\"wp-block-image\">\n<figure class=\"alignright size-full\"><img loading=\"lazy\" decoding=\"async\" width=\"545\" height=\"588\" src=\"https:\/\/histoire-patrimoine-aoustois.fr\/wp-content\/uploads\/2023\/04\/histoire-deau-regard-02.jpg\" alt=\"\" class=\"wp-image-7922\" srcset=\"https:\/\/histoire-patrimoine-aoustois.fr\/wp-content\/uploads\/2023\/04\/histoire-deau-regard-02.jpg 545w, https:\/\/histoire-patrimoine-aoustois.fr\/wp-content\/uploads\/2023\/04\/histoire-deau-regard-02-278x300.jpg 278w\" sizes=\"(max-width: 545px) 100vw, 545px\" \/><\/figure>\n<\/div>\n\n\n<p><\/p>\n\n\n\n<p><\/p>\n\n\n\n<p><\/p>\n\n\n\n<p><\/p>\n\n\n\n<p><\/p>\n\n\n\n<p><\/p>\n\n\n\n<p><\/p>\n\n\n\n<p><\/p>\n\n\n\n<p><\/p>\n\n\n\n<p><\/p>\n\n\n\n<p><\/p>\n\n\n\n<p><\/p>\n\n\n\n<p><\/p>\n\n\n\n<p><br><\/p>\n\n\n\n<p><\/p>\n\n\n\n<p id=\"desphotos\"><strong>C &#8211;<\/strong> <strong>Des photos<\/strong><\/p>\n\n\n\n<p><\/p>\n\n\n\n<p><\/p>\n\n\n<div class=\"wp-block-image\">\n<figure class=\"alignleft size-full\"><img loading=\"lazy\" decoding=\"async\" width=\"480\" height=\"282\" src=\"https:\/\/histoire-patrimoine-aoustois.fr\/wp-content\/uploads\/2023\/04\/histoire-deau-fontaine-rue-moirans.jpg\" alt=\"\" class=\"wp-image-7923\" srcset=\"https:\/\/histoire-patrimoine-aoustois.fr\/wp-content\/uploads\/2023\/04\/histoire-deau-fontaine-rue-moirans.jpg 480w, https:\/\/histoire-patrimoine-aoustois.fr\/wp-content\/uploads\/2023\/04\/histoire-deau-fontaine-rue-moirans-300x176.jpg 300w\" sizes=\"(max-width: 480px) 100vw, 480px\" \/><figcaption class=\"wp-element-caption\"><em>A l&rsquo;angle de la Grande Rue et de la rue des Moirans, l&rsquo;ancienne fontaine supprim\u00e9e<\/em><\/figcaption><\/figure>\n<\/div>\n\n\n<p><\/p>\n\n\n\n<p><\/p>\n\n\n\n<p><\/p>\n\n\n\n<p><\/p>\n\n\n\n<p><\/p>\n\n\n<div class=\"wp-block-image\">\n<figure class=\"alignright size-full\"><img loading=\"lazy\" decoding=\"async\" width=\"467\" height=\"288\" src=\"https:\/\/histoire-patrimoine-aoustois.fr\/wp-content\/uploads\/2023\/04\/histoire-deau-fontaine-rue-chapoutat.jpg\" alt=\"\" class=\"wp-image-7924\" srcset=\"https:\/\/histoire-patrimoine-aoustois.fr\/wp-content\/uploads\/2023\/04\/histoire-deau-fontaine-rue-chapoutat.jpg 467w, https:\/\/histoire-patrimoine-aoustois.fr\/wp-content\/uploads\/2023\/04\/histoire-deau-fontaine-rue-chapoutat-300x185.jpg 300w\" sizes=\"(max-width: 467px) 100vw, 467px\" \/><figcaption class=\"wp-element-caption\"><em>Rue Charles Chapoutat<\/em><\/figcaption><\/figure>\n<\/div>\n\n\n<p><\/p>\n\n\n\n<p><\/p>\n\n\n\n<p><\/p>\n\n\n\n<p><\/p>\n\n\n\n<p><\/p>\n\n\n\n<p><\/p>\n\n\n\n<p><\/p>\n\n\n\n<p><\/p>\n\n\n\n<p><\/p>\n\n\n\n<p><\/p>\n\n\n<div class=\"wp-block-image\">\n<figure class=\"aligncenter size-full\"><img loading=\"lazy\" decoding=\"async\" width=\"560\" height=\"448\" src=\"https:\/\/histoire-patrimoine-aoustois.fr\/wp-content\/uploads\/2023\/04\/histoire-deau-fontaine-route-cobonne.jpg\" alt=\"\" class=\"wp-image-7925\" srcset=\"https:\/\/histoire-patrimoine-aoustois.fr\/wp-content\/uploads\/2023\/04\/histoire-deau-fontaine-route-cobonne.jpg 560w, https:\/\/histoire-patrimoine-aoustois.fr\/wp-content\/uploads\/2023\/04\/histoire-deau-fontaine-route-cobonne-300x240.jpg 300w\" sizes=\"(max-width: 560px) 100vw, 560px\" \/><figcaption class=\"wp-element-caption\"><em>Situation du r\u00e9servoir des anciennes fontaines \u2013 angle de la route des Arras et de la route de Cobonne. Le r\u00e9servoir des anciennes fontaines recevait l&rsquo;eau venant des sources du Puy Saint Pierre et des Arras<\/em><\/figcaption><\/figure>\n<\/div>\n\n\n<p><\/p>\n\n\n<div class=\"wp-block-image\">\n<figure class=\"aligncenter size-full\"><img loading=\"lazy\" decoding=\"async\" width=\"264\" height=\"366\" src=\"https:\/\/histoire-patrimoine-aoustois.fr\/wp-content\/uploads\/2023\/04\/histoire-deau-fontaine-rue-de-la-croix.jpg\" alt=\"\" class=\"wp-image-7928\" srcset=\"https:\/\/histoire-patrimoine-aoustois.fr\/wp-content\/uploads\/2023\/04\/histoire-deau-fontaine-rue-de-la-croix.jpg 264w, https:\/\/histoire-patrimoine-aoustois.fr\/wp-content\/uploads\/2023\/04\/histoire-deau-fontaine-rue-de-la-croix-216x300.jpg 216w\" sizes=\"(max-width: 264px) 100vw, 264px\" \/><figcaption class=\"wp-element-caption\"><br><em>La fontaine qui se trouvait devant la croix de mission, \u00e0 l&nbsp;\u2018angle de<\/em><br><em>la rue de la croix et de la rue Charles Chapoutat a \u00e9t\u00e9 supprim\u00e9e.<\/em><br><em>La croix de mission a \u00e9t\u00e9 d\u00e9plac\u00e9e sur l\u2019esplanade du cimeti\u00e8re.<\/em><\/figcaption><\/figure>\n<\/div>\n\n\n<p><\/p>\n\n\n\n<p><\/p>\n\n\n\n<p><\/p>\n\n\n<div class=\"wp-block-image\">\n<figure class=\"aligncenter size-full\"><img loading=\"lazy\" decoding=\"async\" width=\"395\" height=\"254\" src=\"https:\/\/histoire-patrimoine-aoustois.fr\/wp-content\/uploads\/2023\/04\/histoire-deau-fontaine-place-eglise.jpg\" alt=\"\" class=\"wp-image-7929\" srcset=\"https:\/\/histoire-patrimoine-aoustois.fr\/wp-content\/uploads\/2023\/04\/histoire-deau-fontaine-place-eglise.jpg 395w, https:\/\/histoire-patrimoine-aoustois.fr\/wp-content\/uploads\/2023\/04\/histoire-deau-fontaine-place-eglise-300x193.jpg 300w\" sizes=\"(max-width: 395px) 100vw, 395px\" \/><figcaption class=\"wp-element-caption\"><em>Fontaine de la place de l\u2019\u00e9glise en 1910. Elle se situe encore au m\u00eame endroit, apr\u00e8s r\u00e9novation<\/em><\/figcaption><\/figure>\n<\/div>\n\n\n<p><\/p>\n\n\n\n<p><\/p>\n\n\n\n<p><\/p>\n\n\n\n<p>D&rsquo;apr\u00e8s une note du 25\/4\/1921, dans AM MN7, on d\u00e9nombrait sept bornes-fontaines dans le bourg.<\/p>\n\n\n\n<p>Le regard \u00e0 l&rsquo;angle de la maison Lambert Gabriel fermait les bornes&nbsp;:<\/p>\n\n\n\n<ul class=\"wp-block-list\">\n<li>1 \u2013 Dorille Jules<\/li>\n\n\n\n<li>2 \u2013 Place de la Cour<\/li>\n\n\n\n<li>3 \u2013 Rue de l&rsquo;ancien h\u00f4pital<\/li>\n\n\n\n<li>4 \u2013 Rue des Boulards (partie ouest)<\/li>\n\n\n\n<li>5 \u2013 Rue des Moirans anciennement Freychet<\/li>\n\n\n\n<li>6 \u2013 Pont de Sye<\/li>\n\n\n\n<li>7 \u2013 Maison Lambert bourrelier<\/li>\n<\/ul>\n\n\n\n<p>Lors d&rsquo;une s\u00e9ance du Conseil Municipal du 21 juillet 1943, une demande de subvention de 10 000 frs est sollicit\u00e9e pour deux fontaines suppl\u00e9mentaires aux sorties est et ouest du village. Le 25 ao\u00fbt 1943 , l&rsquo;ing\u00e9nieur des TPE adresse un rapport \u00e0 la municipalit\u00e9 sur le refus de subvention de 10 000 francs pour la construction des deux bornes-fontaines suppl\u00e9mentaires faute de cr\u00e9dits et d&rsquo;acier suite \u00e0 la guerre.<\/p>\n\n\n\n<p><br><\/p>\n\n\n\n<p><\/p>\n\n\n\n<p><\/p>\n\n\n\n<p>A la vue du sch\u00e9ma ci-dessous il existait 14 bornes-fontaines en 1943, situ\u00e9es:<\/p>\n\n\n\n<p>1 \u2013 Au Pont de Sye<\/p>\n\n\n\n<p>2 \u2013 Rue du matelassier<\/p>\n\n\n\n<p>3 \u2013 Rue des Droits de l&rsquo;homme (<em>supprim\u00e9e<\/em>)<\/p>\n\n\n\n<p>4 \u2013 Angle des rues de Surville et du Facteur<\/p>\n\n\n\n<p>5 \u2013 Place Charmoy<\/p>\n\n\n\n<p>6 \u2013 Rue de l&rsquo;h\u00f4pital<\/p>\n\n\n\n<p>7 \u2013 Rue Tavan<\/p>\n\n\n\n<p>8 \u2013 Rue de la Croix<\/p>\n\n\n\n<p>9 \u2013 Rue Charles Chapoutat (<em>supprim\u00e9e<\/em>)<\/p>\n\n\n\n<p>10 \u2013 Place Gabriel Bonnard (<em>supprim\u00e9e<\/em>)<\/p>\n\n\n\n<p>11 \u2013 Place de la Synagogue (<em>supprim\u00e9e<\/em>)<\/p>\n\n\n\n<p>12 \u2013 Place de la Poste<\/p>\n\n\n\n<p>13 \u2013 Avenue de la gare (<em>supprim\u00e9e<\/em>)<\/p>\n\n\n\n<p>14 \u2013Avenue de la gare, face rue A. Chenu (<em>borne d&rsquo;incendie<\/em>)<br><\/p>\n\n\n\n<p><br><br><\/p>\n\n\n<div class=\"wp-block-image\">\n<figure class=\"aligncenter size-full\"><img loading=\"lazy\" decoding=\"async\" width=\"560\" height=\"374\" src=\"https:\/\/histoire-patrimoine-aoustois.fr\/wp-content\/uploads\/2023\/04\/histoire-deau-schema-distrib-eau.jpg\" alt=\"\" class=\"wp-image-7930\" srcset=\"https:\/\/histoire-patrimoine-aoustois.fr\/wp-content\/uploads\/2023\/04\/histoire-deau-schema-distrib-eau.jpg 560w, https:\/\/histoire-patrimoine-aoustois.fr\/wp-content\/uploads\/2023\/04\/histoire-deau-schema-distrib-eau-300x200.jpg 300w\" sizes=\"(max-width: 560px) 100vw, 560px\" \/><\/figure>\n<\/div>\n\n\n<p><br><\/p>\n\n\n\n<p><\/p>\n\n\n\n<p>En raison du mauvais \u00e9tat du r\u00e9seau et des travaux co\u00fbteux li\u00e9s \u00e0 un entretien indispensable, en 1946 , dans une lettre du 06 ao\u00fbt, le maire attire l&rsquo;attention du pr\u00e9fet : \u00ab\u00a0<em>l&rsquo;alimentation actuelle de notre commune devient de plus en plus pr\u00e9caire: v\u00e9tust\u00e9 de l&rsquo;installation, r\u00e9parations importantes sur la conduite principale li\u00e9e au trafic des convois am\u00e9ricains lors de la lib\u00e9ration, coupure d&rsquo;eau la nuit en \u00e9t\u00e9 par manque de d\u00e9bit d\u00e9t\u00e9rioration des bornes fontaine l&rsquo;hiver car non munies de dispositifs incongelables, &#8230;\u00a0\u00bb<\/em><\/p>\n\n\n\n<p>Le 6 septembre 1947, le maire adresse au pr\u00e9fet un courrier de relance expliquant la situation d\u00e9plorable de l&rsquo;eau potable dans la commune d&rsquo;Aouste, s&rsquo;\u00e9tonnant que les projets des communes de Crest et Saillans soient satisfaits et non celui d&rsquo;Aouste. Le dit projet ayant \u00e9t\u00e9 \u00e9labor\u00e9 en 1938-1939 par les Ponts et Chauss\u00e9es et approuv\u00e9 par le ministre le 23 juin 1941.<\/p>\n\n\n\n<p>Dans la s\u00e9ance du Conseil Municipal du 15 juillet 1951, le projet d\u2019adduction d\u2019eau potable de 1938, arr\u00eat\u00e9 \u00e0 cause de la Seconde Guerre Mondiale, est approuv\u00e9 et relanc\u00e9.<\/p>\n\n\n\n<p>Par d\u00e9lib\u00e9ration N\u00b0432 du 3 novembre 1951, le conseil municipal approuve le devis estimatif de l\u2019Ing\u00e9nieur en chef du G\u00e9nie Rural pour les travaux d&rsquo;adduction d&rsquo;eau potable, d&rsquo;un montant de 24 millions de francs.<\/p>\n\n\n\n<p>Le 13 novembre 1951, le maire donne connaissance au Conseil municipal d&rsquo;une lettre de Mr l&rsquo;Ing\u00e9nieur en chef du G\u00e9nie Rural dat\u00e9e du 9 novembre 1951 dans laquelle il informe de l&rsquo;attribution d&rsquo;une subvention \u00e0 hauteur de 48% , le reste restant \u00e0 la charge de la commune. Les services de la pr\u00e9fecture approuvent le 30 avril 1952. Le financement est couvert par un pr\u00eat aupr\u00e8s de la banque du Cr\u00e9dit Agricole.<\/p>\n\n\n\n<p>Le 15 d\u00e9cembre 1952, l&rsquo;ing\u00e9nieur en chef du G\u00e9nie Rural (devenu entre-temps, les TPE ) \u00e9tablit un rapport reconnaissant la situation critique du r\u00e9seau des fontaines.<\/p>\n\n\n\n<p>Le 31 octobre 1953 par d\u00e9lib\u00e9ration N\u00b0 517 demande d&rsquo;enqu\u00eate pour le projet d&rsquo;adduction d&rsquo;eau potable.<\/p>\n\n\n\n<p>Le 5 d\u00e9cembre 1953, le Conseil Municipal approuve la demande de financement d&rsquo;un avant projet pour la premi\u00e8re tranche d&rsquo;adduction d&rsquo;eau. Le montant du financement sollicit\u00e9 et accord\u00e9 aupr\u00e8s du Cr\u00e9dit Agricole est de 8,1 millions de Francs<em>.<\/em><\/p>\n\n\n\n<p>Cette situation ne verra son aboutissement qu&rsquo;en 1954.<\/p>\n\n\n\n<p>Le 3 mars 1954 \u00e9tablissement d&rsquo;un plan du trac\u00e9 d&rsquo;adduction d&rsquo;eau (1\u00b0 tranche) de la source Burrus au r\u00e9servoir de Combeplane par l&rsquo;ing\u00e9nieur des TPE.<\/p>\n\n\n\n<p>Suite d\u00e9cision minist\u00e9rielle du 16 mars 1954, le pr\u00e9fet prend un arr\u00eat\u00e9 d&rsquo; utilit\u00e9 publique en octobre 1954 pour la source Burrus. Suivant l&rsquo;article 4 de cet arr\u00eat\u00e9, il est stipul\u00e9 \u00a0\u00bb&nbsp;<em>le maire d&rsquo;Aouste sur Sye agissant au nom de la commune \u00e0 acqu\u00e9rir soit \u00e0 l&rsquo;amiable soit par voie d&rsquo;expropriation &#8230;&nbsp;\u00ab\u00a0. <\/em>La \u00a0\u00bb&nbsp;l\u00e9gende&nbsp;\u00a0\u00bb veut que Mr Burrus ait r\u00e9clam\u00e9 en r\u00e8glement \u00a0\u00bb&nbsp;<em>un panier de cerises&nbsp;\u00ab\u00a0<\/em>. La d\u00e9pense est \u00e9valu\u00e9e \u00e0 30 500 000 frs.<\/p>\n\n\n\n<p>Le 16 mars 1955, le maire Gabriel Bonnard proc\u00e8de, au rabais et sur soumission cachet\u00e9e, \u00e0 l&nbsp;&lsquo;adjudication du projet de l&rsquo;adduction d&rsquo;eau potable de la commune &#8211; 1<sup>ere<\/sup> tranche. Quatre soumissionnaires sont concern\u00e9s. L&rsquo;adjudication est faite au profit de la St\u00e9 Chapon de Bourg les Valence (26).<\/p>\n\n\n\n<p>Le 10 novembre 1955, (d\u00e9lib\u00e9ration N\u00b0 611), le conseil municipal approuve le projet de la deuxi\u00e8me tranche d&rsquo;adduction d&rsquo;eau, pr\u00e9sent\u00e9 par Mr l&rsquo;Ing\u00e9nieur en chef des TPE. Une demande de financement est effectu\u00e9e le 18 d\u00e9cembre 1955 pour un montant de 15 millions de francs. Ce financement aup\u00e8s du Cr\u00e9dit Agricole est accord\u00e9.<\/p>\n\n\n\n<p>Le 27 mai 1956, la demande d&rsquo;autorisation de d\u00e9buter les travaux de la deuxi\u00e8me tranche est approuv\u00e9e (d\u00e9lib\u00e9ration N\u00b0 636).<\/p>\n\n\n\n<p>Une demande de financement de la troisi\u00e8me tranche est approuv\u00e9e par le conseil municipal, le 25 mai 1957, pour un montant de cinq millions.<\/p>\n\n\n\n<p>Le 14 juillet 1957, achat de compteurs d&rsquo;eau \u00e0 la Soci\u00e9t\u00e9 Vincent d&rsquo;Hagueneau (67) pour \u00e9quiper les usagers de la premi\u00e8re tranche de travaux pour un montant de 211 414 francs.<\/p>\n\n\n\n<p>Le 31 ao\u00fbt 1957 approbation par le Conseil Municipal du projet de la troisi\u00e8me tranche d&rsquo;adduction d&rsquo;eau (d\u00e9lib. N\u00b0 663).<\/p>\n\n\n\n<p>Le 20 juin 1959, un avenant au march\u00e9 de gr\u00e9 \u00e0 gr\u00e9 du 8 janvier 1957 avec l&rsquo;entreprise Chapon est convenu, suite \u00e0 un d\u00e9passement des co\u00fbts.<\/p>\n\n\n\n<p>Un march\u00e9 de gr\u00e9 \u00e0 gr\u00e9 est pass\u00e9 le 27\/2\/1957 entre la commune et les Ets Chapon suite \u00e0 la d\u00e9lib\u00e9ration du 5\/1\/1957 pour les travaux de la 2\u00b0 tranche d&rsquo;adduction d&rsquo;eau potable, du r\u00e9servoir de Combeplane au village (rues du Ch\u00e2teau, des Anges, du Moulin, de Surville, Moirans, de la Croisi\u00e8re, Rochefort et quartiers des Enfers et de Surville)<\/p>\n\n\n\n<p><\/p>\n\n\n\n<p class=\"has-text-align-center\"><br><em><strong>Travaux d&rsquo;adduction d&rsquo;eau potable en 1956<\/strong><\/em><\/p>\n\n\n\n<p><\/p>\n\n\n\n<p><\/p>\n\n\n\n<p><br><\/p>\n\n\n<div class=\"wp-block-image\">\n<figure class=\"alignleft size-full\"><img loading=\"lazy\" decoding=\"async\" width=\"555\" height=\"337\" src=\"https:\/\/histoire-patrimoine-aoustois.fr\/wp-content\/uploads\/2023\/04\/histoire-deau-adduction-eau-1956-01.jpg\" alt=\"\" class=\"wp-image-7933\" srcset=\"https:\/\/histoire-patrimoine-aoustois.fr\/wp-content\/uploads\/2023\/04\/histoire-deau-adduction-eau-1956-01.jpg 555w, https:\/\/histoire-patrimoine-aoustois.fr\/wp-content\/uploads\/2023\/04\/histoire-deau-adduction-eau-1956-01-300x182.jpg 300w\" sizes=\"(max-width: 555px) 100vw, 555px\" \/><figcaption class=\"wp-element-caption\"><em>Au pont de Sye<\/em><\/figcaption><\/figure>\n<\/div>\n\n\n<p><\/p>\n\n\n\n<p><\/p>\n\n\n\n<p><\/p>\n\n\n\n<p><\/p>\n\n\n\n<p><\/p>\n\n\n\n<p><\/p>\n\n\n\n<p><\/p>\n\n\n\n<p><\/p>\n\n\n<div class=\"wp-block-image\">\n<figure class=\"alignright size-full\"><img loading=\"lazy\" decoding=\"async\" width=\"559\" height=\"353\" src=\"https:\/\/histoire-patrimoine-aoustois.fr\/wp-content\/uploads\/2023\/04\/image.png\" alt=\"\" class=\"wp-image-7939\" srcset=\"https:\/\/histoire-patrimoine-aoustois.fr\/wp-content\/uploads\/2023\/04\/image.png 559w, https:\/\/histoire-patrimoine-aoustois.fr\/wp-content\/uploads\/2023\/04\/image-300x189.png 300w\" sizes=\"(max-width: 559px) 100vw, 559px\" \/><figcaption class=\"wp-element-caption\"><em>Dans la Grand Rue<\/em><\/figcaption><\/figure>\n<\/div>\n\n\n<p><\/p>\n\n\n\n<p><\/p>\n\n\n\n<p><\/p>\n\n\n\n<p><\/p>\n\n\n\n<p><\/p>\n\n\n\n<p><\/p>\n\n\n\n<p><\/p>\n\n\n\n<p><\/p>\n\n\n\n<p><br><\/p>\n\n\n\n<p><\/p>\n\n\n\n<p><\/p>\n\n\n\n<p><\/p>\n\n\n\n<p>Ce r\u00e9seau a \u00e9t\u00e9 r\u00e9am\u00e9nag\u00e9 en 1963 afin d&rsquo;alimenter certains hauts quartiers Nord de la commune.<\/p>\n\n\n\n<p>Le 24 juin 1966, la commune d\u2019Aouste approuve les travaux de renforcement du r\u00e9seau d\u2019eau potable&nbsp;: captage de la source de l\u2019Echelette, construction d\u2019un nouveau r\u00e9servoir, alimentation de certains \u00e9carts et des quartiers nord de la commune. Cet d\u00e9cision est approuv\u00e9e par le sous-pr\u00e9fet de Die le 8 octobre 1966. L&rsquo;\u00e9valuation des d\u00e9penses se monte \u00e0 1 100 000 frs ,somme couverte par une subvention du Minist\u00e8re de l&rsquo;Agriculture et par un emprunt. Les travaux s&rsquo;effectueront en plusieurs tranches.<\/p>\n\n\n\n<p>Le 16 juin 1967 (N\u00b0962), le conseil municipal approuve le projet d\u2019ex\u00e9cution et d\u2019extension du r\u00e9seau d\u2019eau potable. Cette d\u00e9cision sera approuv\u00e9e par le sous-pr\u00e9fet de Die le 10 juillet 1967.<\/p>\n\n\n\n<p>A la s\u00e9ance du 14 ao\u00fbt 1968 le projet d&rsquo;extension du r\u00e9seau alimentation en eau potable pour un montant de 340 000 francs est adopt\u00e9.<br><\/p>\n\n\n\n<p><\/p>\n\n\n\n<p><\/p>\n\n\n\n<p id=\"lereseaudeaupotableactuel\"><strong>D \u2013 LE R\u00c9SEAU D&rsquo;EAU POTABLE ACTUEL<\/strong><\/p>\n\n\n\n<p><\/p>\n\n\n\n<p id=\"originesdureseau\"><strong>1 &#8211; ORIGINES DU R\u00c9SEAU<\/strong><\/p>\n\n\n\n<p><\/p>\n\n\n\n<p>Le 15 avril 1961, les communes de Pi\u00e9gros la Clastre et de <a href=\"https:\/\/histoire-patrimoine-aoustois.fr\/?p=4210\" target=\"_blank\" rel=\"noreferrer noopener\">Mirabel et Blacons<\/a> sous la houlette de leurs maires respectifs: MM Rolland et Gourdol, d\u00e9cidaient d&rsquo;unir leurs efforts et leurs finances pour r\u00e9aliser un r\u00e9seau d&rsquo;adduction et de distribution d&rsquo;eau potable sur les deux communes. C&rsquo;\u00e9tait pour l&rsquo;\u00e9poque un projet gigantesque (mais largement subventionn\u00e9) au regard de la taille de ces deux collectivit\u00e9s. Pour mener \u00e0 bien cette r\u00e9alisation, le syndicat intercommunal des eaux (SIE) Mirabel-Pi\u00e9gros \u00e9tait cr\u00e9\u00e9. Les principales sources alors utilis\u00e9es, \u00e9taient celles des Chapeaux et de Brunel \u00e0 Pi\u00e9gros et celle de Boudra (ancienne adduction de Crest) \u00e0 Mirabel; ainsi que temporairement, le captage des fontaines de Crest sur la Gervanne au quartier du Pont de Romane \u00e0 Blacons. Les ann\u00e9es passant et les besoins grandissant, d&rsquo;autres ressources en eau ont d\u00fb \u00eatre envisag\u00e9es et apr\u00e8s plusieurs recherches infructueuses et un long et p\u00e9nible \u00e9pisode de notre histoire.<\/p>\n\n\n\n<p id=\"situationdifficile\"><strong>2 <\/strong>&#8211; <strong>Situation difficile pour plusieurs communes<\/strong><\/p>\n\n\n\n<p>D\u00e9s le d\u00e9but des ann\u00e9es 80, l&rsquo;alimentation en eau potable des communes de la basse vall\u00e9e de la Gervanne et de la moyenne vall\u00e9e de la Dr\u00f4me, commence \u00e0 poser de s\u00e9rieux probl\u00e8mes, notamment en raison de l&rsquo;augmentation des besoins et des ann\u00e9es de s\u00e9cheresse pr\u00e9c\u00e9dentes. Le probl\u00e8me le plus aigu se situe au syndicat intercommunal des eaux (SIE) Mirabel-Pi\u00e9gros. La p\u00e9nurie sera si s\u00e9v\u00e8re, qu&rsquo;en novembre 1989, une autorisation de la DDASS sera donn\u00e9e au pr\u00e9l\u00e8vement dans la nappe de la Dr\u00f4me pour distribution aux usagers des deux communes, apr\u00e8s traitement mais avec d\u00e9claration de non potabilit\u00e9 de l&rsquo;eau. Tous les projets de nouvelles constructions seront suspendus durant trois ann\u00e9es sur le territoire du SIE. Les autres communes ne sont pas \u00e0 l&rsquo;abri de la p\u00e9nurie d&rsquo;eau. Beaufort a d\u00e9j\u00e0 entrepris des recherches pour des ressources compl\u00e9mentaires; Montclar conna\u00eet des difficult\u00e9s chaque \u00e9t\u00e9 ; Suze s&rsquo;inqui\u00e8te de l&rsquo;accroissement de la demande li\u00e9e au d\u00e9veloppement des \u00e9levages; Aouste, dont une de ses sources, la Pialle, a d\u00fb \u00eatre arr\u00eat\u00e9e pour cause de non conformit\u00e9, a besoin de compl\u00e9ment qu&rsquo;elle trouve pour le moment sur Cobonne et Crest. Quant \u00e0 la commune de Crest, si elle n&rsquo;a pas de r\u00e9el probl\u00e8me d&rsquo; alimentation, la d\u00e9pendance d&rsquo;une unique ressource qui n&rsquo;est pas \u00e0 l&rsquo;abri d&rsquo;une pollution, pr\u00e9occupe le maire Max Tabardel comme elle avait pr\u00e9occup\u00e9 son pr\u00e9d\u00e9cesseur, le Docteur Maurice Rozier. Le SIE lui, ne parvient pas malgr\u00e9 de nombreuses recherches et la t\u00e9nacit\u00e9 des pr\u00e9sidents successifs, \u00e0 subvenir aux besoins sans cesse croissants de la population et du monde agricole; d&rsquo;autant que les sources de Brunel et des Chapeaux sur Pi\u00e9gros sont fr\u00e9quemment sujettes \u00e0 pollution.<\/p>\n\n\n\n<p id=\"dessolutions\"><strong>3 <\/strong>&#8211; <strong>Des solutions sont recherch\u00e9es<\/strong><\/p>\n\n\n\n<p>Devant cette situation jug\u00e9e alarmante par les \u00e9lus de l&rsquo;\u00e9poque, ces derniers sous l&rsquo;impulsion de la DDA et de son ing\u00e9nieur Camille Labadens, d\u00e9cident de se r\u00e9unir pour d\u00e9battre du probl\u00e8me. Une premi\u00e8re r\u00e9union a lieu \u00e0 Aouste le 15 novembre 1983, sous la pr\u00e9sidence des deux conseillers g\u00e9n\u00e9raux, Jean Pierre Tabardel et Henri Eyraud. Tous les maires concern\u00e9s assistent \u00e0 cette r\u00e9union: Denis Jalat (Aouste), Max Tabardel (Crest), Jacques Ravel (Blacons), Etienne Audibert (Suze), Ren\u00e9 Granjon (Montclar), Ren\u00e9 Saussac (Beaufort), Ren\u00e9 Bergier (Pi\u00e9gros la Clastre) et en tant que Pr\u00e9sident du SIE.<\/p>\n\n\n\n<p>Au cours de cette r\u00e9union est \u00e9voqu\u00e9e la possibilit\u00e9 de pr\u00e9lever de l&rsquo;eau \u00e0 la r\u00e9surgence des Fontaigneux, en aval de Beaufort. Cette r\u00e9surgence est \u00e9tudi\u00e9e depuis de nombreuses ann\u00e9es et laisse \u00e0 penser en la faisabilit\u00e9 d&rsquo;un projet; d&rsquo;autant qu&rsquo;une r\u00e9servation de 100 l\/s avait \u00e9t\u00e9 accord\u00e9e aux communes et notamment \u00e0 Crest, lors de l&rsquo;installation de la pisciculture de Font Rome. Apr\u00e8s les expos\u00e9s de la DDA, il est alors unanimement d\u00e9cid\u00e9 de cr\u00e9er un syndicat intercommunal qui aura pour comp\u00e9tence, l&rsquo;\u00e9tude de l&rsquo;avant projet sommaire visant au renforcement durable des ressources en eau potable des communes concern\u00e9es, \u00e0 partir de la r\u00e9surgence pr\u00e9cit\u00e9e. Les statuts du \u00a0\u00bb syndicat mixte d&rsquo;\u00e9tudes des Fontaigneux\u00bb seront adopt\u00e9s en 1984; Max Tabardel en assurera alors la premi\u00e8re pr\u00e9sidence (Jean Pierre Tabardel lui succ\u00e9dera en mars 1989) et le 20 mars 1985, un arr\u00eat\u00e9 pr\u00e9fectoral officialisera pour 5 ans, son existence.<\/p>\n\n\n\n<p id=\"desfontaigneuxabourne\"><strong>4 <\/strong>&#8211; <strong>Des Fontaigneux \u00e0 Bourne<\/strong><\/p>\n\n\n\n<p>Par la suite, des travaux d&rsquo;observations compl\u00e9mentaires sur les Fontaigneux d\u00e9montrent que cette r\u00e9surgence, bien que fiable en quantit\u00e9, n&rsquo;a pas toujours la qualit\u00e9 requise; contrairement \u00e0 une autre r\u00e9surgence, dite de&nbsp; \u00abBourne\u00bb situ\u00e9e plus en amont, sous le village de Beaufort. Cette derni\u00e8re qui semble provenir du m\u00eame r\u00e9seau karstique souterrain, obligerait cependant \u00e0 compl\u00e9ter les connaissances existantes dudit r\u00e9seau et \u00e0 aplanir les difficult\u00e9s li\u00e9es \u00e0 la proximit\u00e9 du village (contrainte du p\u00e9rim\u00e8tre de protection) et notamment de sa station d&rsquo;\u00e9puration. Le r\u00e9seau principal serait toujours aliment\u00e9 gravitairement jusqu&rsquo;\u00e0 Crest.<\/p>\n\n\n\n<p>Apr\u00e8s \u00e9tudes, le captage aux Fontaigneux est abandonn\u00e9 au profit de celui de Bourne. La \u00a0\u00bb guerre de l&rsquo; eau \u00a0\u00bb est engag\u00e9e, allant m\u00eame, en novembre 1989, \u00e0 une d\u00e9lib\u00e9ration du conseil municipal de Beaufort, s&rsquo;opposant au captage de la Bourne.<\/p>\n\n\n\n<p id=\"nouvellesetudes\"><strong>5 &#8211; Nouvelles \u00e9tudes, nouvelles contraintes et nouvelles d\u00e9cisions<\/strong><\/p>\n\n\n\n<p>La dur\u00e9e du syndicat d&rsquo;\u00e9tude des Fontaigneux \u00e9tant arriv\u00e9e \u00e0 expiration, les \u00e9lus d\u00e9cident alors de le transformer en syndicat de r\u00e9alisation le 11 juin 1990, sous le nom qu&rsquo;il porte encore aujourd&rsquo;hui:&nbsp; \u00a0\u00bb Dr\u00f4me Gervanne&nbsp;\u00ab\u00a0, dont la pr\u00e9sidence sera confi\u00e9e \u00e0 Jacques Ravel. Pour chaque commune adh\u00e9rente, il est pr\u00e9vu un d\u00e9bit maximum: Suze 2 l\/s, Montclar 2 l\/s, Aouste 7 l\/s, SIE Mirabel- Pi\u00e9gros 9 l\/s et Crest 80 l\/s. La commune de Beaufort n&rsquo;a pas souhait\u00e9 adh\u00e9rer au syndicat, mais de n&rsquo;\u00eatre qu&rsquo;une commune associ\u00e9e.<\/p>\n\n\n\n<p>Le captage direct sous Beaufort n&rsquo;\u00e9tant plus envisageable, une \u00e9tude pour un forage en amont est lanc\u00e9e. Elle conduit en novembre 1990, \u00e0 une intervention du plongeur Francis Le Guen (avec son \u00e9quipe \u00abPlan\u00e8te Bleue\u00bb) dans le r\u00e9seau souterrain avec tentative de rep\u00e9rage en surface, pr\u00e9s de la route de Gigors. Si c\u00f4t\u00e9 plongeur, cela semblait s\u00e9rieux, le rep\u00e9rage par un g\u00e9ophysicien allemand, avait tout du bricolage. Cette op\u00e9ration rat\u00e9e a quand m\u00eame co\u00fbt\u00e9 au syndicat plus de 100 000 francs de l&rsquo;\u00e9poque. Devant cet \u00e9chec et le co\u00fbt exorbitant demand\u00e9 (580 000 francs) pour d&rsquo;autres recherches plus \u00abs\u00e9rieuses\u00bb, le pr\u00e9sident demande si le conseil municipal de Beaufort ne pourrait pas revoir sa position ; demande que le maire, Ren\u00e9 Saussac, s&rsquo;engage \u00e0 proposer \u00e0 son assembl\u00e9e la remise en \u00e9tat des \u00e9gouts et de la station d&rsquo;\u00e9puration par le syndicat. Ce dernier s&rsquo;engagerait alors \u00e0 d\u00e9dommager la collectivit\u00e9 de toutes contraintes \u00e9manant du captage, notamment la prise en charge des capots s\u00e9curis\u00e9s des puits situ\u00e9s dans le p\u00e9rim\u00e8tre de protection; conditions dont le syndicat accepte le principe dans sa s\u00e9ance du 17 janvier 1991. De plus, le syndicat donne son accord financier pour la construction d&rsquo;une conduite d&rsquo;alimentation d&rsquo;eau potable jusqu&rsquo;au r\u00e9servoir de Beaufort afin d&rsquo;amener les 5 l\/s consentis en droit \u00e0 la commune (d\u00e9bit \u00e0 prendre sur ceux des autres collectivit\u00e9s). Ces mesures compensatoires s&rsquo;\u00e9l\u00e8veront au total \u00e0 3 774 840 francs, et le syndicat en assumera financi\u00e8rement la part communale (1 800 000 f).<\/p>\n\n\n\n<p>Quant aux riverains et utilisateurs de l&rsquo;eau de la Gervanne, le syndicat les rassure par un engagement \u00e0 ne pr\u00e9lever en p\u00e9riode d&rsquo;\u00e9tiage ( sauf accident sur la ressource de Crest), qu&rsquo;un d\u00e9bit de 20 l\/s maximum au lieu de 100 l\/s de droit. Le conseil municipal de Beaufort, par d\u00e9lib\u00e9ration du 23 janvier 1991, l\u00e8ve son opposition au projet et une nouvelle enqu\u00eate publique r\u00e9alis\u00e9e en juillet de la m\u00eame ann\u00e9e, permettra le feu vert \u00e0 la r\u00e9alisation du captage de Bourne. Le premier coup de pelle est donn\u00e9 en janvier 1992; soit plus de huit ans apr\u00e8s la premi\u00e8re r\u00e9union f\u00e9d\u00e9ratrice d&rsquo; Aouste.<\/p>\n\n\n\n<p>Les travaux sont r\u00e9alis\u00e9s en plusieurs tranches dont la premi\u00e8re, jug\u00e9e la plus urgente, consiste en l&rsquo;alimentation du SIE; ce qui est fait en septembre 1992 et l&rsquo;eau de Dr\u00f4me Gervanne coulera aux robinets clastrois et blaconnais, en mars 1993. Les trois autres tranches se poursuivront l&rsquo;ann\u00e9e suivante pour se terminer fin 1993 par l&rsquo;alimentation de Beaufort.<\/p>\n\n\n\n<p>Pour m\u00e9moire, un avant-projet sommaire pr\u00e9sent\u00e9 par le syndicat Dr\u00f4me Gervanne pour le renforcement du r\u00e9seau Alimentation Eau Potable des communes de la moyenne vall\u00e9e de la Dr\u00f4me, a \u00e9t\u00e9 \u00e9tabli par Monsieur L. Branchon, ing\u00e9nieur expert le 15 juin 1991.<\/p>\n\n\n\n<p id=\"lereseauetsesouvrages\"><strong>6 &#8211;<\/strong> <strong>Le r\u00e9seau et ses ouvrages<\/strong><\/p>\n\n\n\n<p>Pour l&rsquo;essentiel, le r\u00e9seau actuel de Dr\u00f4me Gervanne d&rsquo;une longueur totale d&rsquo;environ 16,750 km, se compose ainsi :<\/p>\n\n\n\n<p>1\u00b0) une conduite de 150 m de long en diam\u00e8tre 400 mm pour le captage par siphon en galerie immerg\u00e9e dans la r\u00e9surgence de \u00abBourne\u00bb; conduite en fonte qui a remplac\u00e9 la conduite initiale en PVC soud\u00e9, endommag\u00e9e \u00e0 la suite de plusieurs crues de la Bourne.<\/p>\n\n\n\n<p>2\u00b0) un local abritant une pompe \u00e0 vide destin\u00e9e \u00e0 l&rsquo;amor\u00e7age du siphon et \u00e0 son maintien en service.<\/p>\n\n\n\n<p>3\u00b0) une conduite fonte de 2,750 km de long en diam\u00e8tre 400 mm reliant la sortie du captage \u00e0 la station de traitement de Chantemerle \u00e0 Suze. Une autre conduite fonte en diam\u00e8tre 350 mm lui succ\u00e8de jusqu&rsquo;\u00e0 Aouste, sur une longueur de 10,200 km; puis en diam\u00e8tre 300 mm de 3,800 km de long, entre Aouste et Crest ( la conduite fonte de 100 mm, reliant le r\u00e9servoir de Chantemerle&nbsp; \u00e0 Beaufort a \u00e9t\u00e9 r\u00e9troc\u00e9d\u00e9e \u00e0 cette commune).<\/p>\n\n\n\n<p>4\u00b0) un r\u00e9servoir de 500 m\u00b3 au quartier de Chantemerle; r\u00e9servoir auquel sont adjoints une station de traitement au bioxyde de chlore et un poste de relevage pour les dessertes de Beaufort, Montclar et Suze.<\/p>\n\n\n\n<p>5\u00b0) divers ouvrages et installations (vidanges, poteaux incendie, conduites et raccordements aux diff\u00e9rents r\u00e9seaux des communes desservies, appareils de comptage, stabilisateurs de pression, etc.)<\/p>\n\n\n\n<p>La r\u00e9alisation de ce r\u00e9seau d&rsquo;adduction d&rsquo;eau potable, dont seules les collectivit\u00e9s sont clientes, a pu \u00eatre men\u00e9e \u00e0 bien gr\u00e2ce \u00e0 une solidarit\u00e9 intercommunale. Sans l&rsquo;apport financier indispensable de Crest, l&rsquo;accord de Beaufort et la participation des \u00abpetites\u00bb communes qui ont permis que ce projet soit \u00e9ligible aux subventions europ\u00e9ennes (4,2 millions de francs) par le biais des \u00a0\u00bb Programmes Int\u00e9gr\u00e9s M\u00e9diterran\u00e9ens \u00ab\u00a0, ledit projet n&rsquo;aurait jamais pu voir le jour. Sans entrer dans les d\u00e9tails, le co\u00fbt de cette r\u00e9alisation a \u00e9t\u00e9 de 24,3 millions de francs HT ( pr\u00e9s de 3,7 millions d&rsquo; euros d&rsquo; aujourd&rsquo;hui). Le subventionnement alors obtenu (Europe, Etat, D\u00e9partement et Agence de Bassin) a \u00e9t\u00e9 d&rsquo;environ 60%; le reste \u00e9tant couvert par diff\u00e9rents emprunts, dont certains sont toujours en cours de remboursement.<\/p>\n\n\n\n<p id=\"lesyndicatdromegervanne\"><strong>7 &#8211; Le syndicat Dr\u00f4me Gervanne &#8211; ann\u00e9es 1990<\/strong><\/p>\n\n\n\n<p>Compos\u00e9 des six communes, dont trois (Mirabel, Pi\u00e9gros et Aouste) ont une gestion intercommunale de distribution de l&rsquo; eau au sein du SMPA ( successeur du SIE), le syndicat Dr\u00f4me Gervanne est administr\u00e9 par une assembl\u00e9e de douze membres (deux par commune comme pr\u00e9vu statuairement. Depuis la mise en service, la commune de Crest consomme peu d&rsquo;eau du r\u00e9seau syndical auquel elle a droit. La consommation crestoise ferait pourtant baisser grandement le prix du m\u00b3 d&rsquo;eau vendu par Dr\u00f4me Gervanne (0,240 euros en 1991) ; diminution qui aurait une incidence sensible sur la facture des abonn\u00e9s et qui justifierait pleinement les investissements faits par les collectivit\u00e9s et notamment par la commune de Crest. Gageons que cette situation pour le moins anormale pourrait s&rsquo;am\u00e9liorer avec la fin prochaine du contrat d&rsquo;affermage qui lie la ville de Crest \u00e0 la SDEI.<\/p>\n\n\n\n<p>&nbsp;L&rsquo;assembl\u00e9e est aujourd&rsquo;hui pr\u00e9sid\u00e9e par Madame Maryline Manen ( qui a succ\u00e9d\u00e9 \u00e0 Monsieur Jacques Ravel)<\/p>\n\n\n\n<p>1\u00b0 Vice Pr\u00e9sident, Monsieur Jean Charles Roche (Crest)<\/p>\n\n\n\n<p>2\u00b0 Vice Pr\u00e9sident, Monsieur Denis Benoit ( Aouste)<\/p>\n\n\n\n<p>3\u00b0 Vice Pr\u00e9sident, Monsieur Serge Krier ( Suze)<\/p>\n\n\n\n<p>Le budget de fonctionnement du syndicat (pour 2014) est de 211 231 \u20ac, quant \u00e0 l&rsquo;investissement, il varie en fonction des r\u00e9alisations pr\u00e9vues; pour la m\u00eame ann\u00e9e, 123 898 \u20ac ont \u00e9t\u00e9 inscrits \u00e0 cette section budg\u00e9taire. Quant au volume d&rsquo;eau distribu\u00e9e aux collectivit\u00e9s (dont la vente est la principale ressource pour le fonctionnement du syndicat), il a \u00e9t\u00e9 en 2013 de 433 116 m\u00b3, r\u00e9partis comme suit (entre parenth\u00e8ses, les droits en m\u00b3\/an pour chaque commune): Suze 1 939 m\u00b3 (59 918); Montclar 3 287 m\u00b3 (59 918); Syndicat Mirabel-Pi\u00e9gros-Aouste (SMPA) 408 399 m\u00b3 (479 347); Crest 16 023 m\u00b3 (2 396 736). A ces volumes s&rsquo;ajoute celui distribu\u00e9 \u00e0 Beaufort, commune associ\u00e9e du syndicat : 3 468 m\u00b3 (157 680). Au regard de ces chiffres, on voit bien l&rsquo;importante sous consommation des communes &#8211; exception faite de celles du SMPA &#8211; par rapport \u00e0 leurs droits. A ce jour, ces pr\u00e9l\u00e8vements n&rsquo;ont eu aucune incidence sur le r\u00e9seau hydraulique de la Gervanne et ne repr\u00e9sentent qu&rsquo;environ 14% de ceux autoris\u00e9s.<\/p>\n\n\n\n<p id=\"deleaupourtous\"><strong>8 &#8211;<\/strong> <strong>De l&rsquo;eau pour tous et de qualit\u00e9<\/strong><\/p>\n\n\n\n<p>\u00a0\u00bb&nbsp;<em>En juillet 2004, le D\u00e9partement a relanc\u00e9 une \u00e9tude laiss\u00e9e en sommeil depuis 1998; \u00e9tude consistant \u00e0 d\u00e9finir la capacit\u00e9 des r\u00e9serves d&rsquo; eau hypoth\u00e9tiquement existantes dans le r\u00e9seau karstique de Bourne, en vue d&rsquo;une r\u00e9alimentation\u2026 de la Dr\u00f4me&nbsp;\u00a0\u00bb (Le Crestois 16 mai 2014). Pour ce faire, des pompages continus importants ont \u00e9t\u00e9 r\u00e9alis\u00e9s pr\u00e9s des Fontaigneux, sans r\u00e9sultats probants. Cette \u00e9tude a soulev\u00e9 de nouvelles inqui\u00e9tudes dans la vall\u00e9e. Pour sa part, le syndicat a alert\u00e9 les instances d\u00e9partementales et pr\u00e9fectorales, sur ses craintes li\u00e9es au risque de d\u00e9s\u00e9quilibre&nbsp; hydraulique du r\u00e9seau souterrain et \u00e0 la mise en p\u00e9ril de l&rsquo;approvisionnement de Dr\u00f4me Gervanne. Invoquant le principe de pr\u00e9caution, ce projet a \u00e9t\u00e9 abandonn\u00e9 en juin 2006 ; mais il convient de rester vigilants afin que certains, en jouant aux apprentis so(u)rciers, ne d\u00e9fassent ce que d&rsquo;autres ont eu tant de peine \u00e0 r\u00e9aliser.<\/em><\/p>\n\n\n\n<p><\/p>\n\n\n\n<p id=\"dusyndicatintercommunaldeleauausmpas\"><strong>E \u2013 DU SYNDICAT INTERCOMMUNAL DE L&rsquo;EAU AU SMPAS<\/strong><\/p>\n\n\n\n<p><\/p>\n\n\n\n<p>Jusqu&rsquo;en juillet 1999, la commune d&rsquo;Aouste sur Sye a g\u00e9r\u00e9 elle-m\u00eame son r\u00e9seau d&rsquo;eau potable et factur\u00e9 les consommations aux abonn\u00e9s. Le 15 juillet 1999, elle a demand\u00e9 \u00e0 adh\u00e9rer au Syndicat des eaux de Mirabel-Pi\u00e9gros. C&rsquo;est en 2001, alors qu&rsquo; Aouste a rejoint le SIE, qu&rsquo;a \u00e9t\u00e9 cr\u00e9e le SMPA. Bien entendu, compte tenu de l&rsquo;arriv\u00e9e de cette commune, les effectifs techniques et administratifs ont \u00e9t\u00e9 revu \u00e0 la hausse. La pr\u00e9sidence est assur\u00e9e par Madame Maryline Manen (maire de Mirabel et Blacons \u00e0 cette \u00e9poque).<\/p>\n\n\n\n<p>Depuis le 1<sup>er<\/sup> janvier 2020, apr\u00e8s accord des collectivit\u00e9s concern\u00e9es, la commune de Saillans a rejoint le SMPA pour la gestion de ses r\u00e9seaux d&rsquo;eau potable et d&rsquo;eaux us\u00e9es; son service SPANC (assainissement autonome) restant assur\u00e9 par le SIGMA (Syndicat Intercommunal pour la Gestion Mutualis\u00e9e de l&rsquo;Assainissement). A compter de cette date et par arr\u00eat\u00e9 du Pr\u00e9fet de la Dr\u00f4me, le SMPA est devenu le SMPAS : Syndicat Mirabel-Pi\u00e9gros-Aouste-Saillans.<\/p>\n\n\n\n<p>Au 1er janvier 2023, la commune de Montclar rejoint le syndicat qui est devenu par arr\u00eat\u00e9 pr\u00e9fectoral du 14 octobre 2022, un syndicat \u00e0 la carte : le \u00ab\u00a0SMPAS &#8211; Syndicat intercommunal des eaux\u00a0\u00bb<\/p>\n\n\n\n<p>Selon ses sources, pour son secteur \u00ab\u00a0eau potable\u00a0\u00bb, le SMPAS c&rsquo;est aujourd&rsquo;hui 217,500 km de canalisations principales et branchements, 14 r\u00e9servoirs de diff\u00e9rentes capacit\u00e9s, 6 stations de pompage, 82 poteaux d&rsquo;incendie (\u00e0 comp\u00e9tence communale) et une multitude de petits ouvrages (r\u00e9ducteurs de pression, stabilisateurs, brise charges, ventouses, etc.). En 2022, ces installations lui ont permis de distribuer quelques 386 914 m3 d&rsquo;eau potable \u00e0 3 581 abonn\u00e9s (si on inclue les donn\u00e9e de Montclar).&nbsp; Depuis 2017, d&rsquo;importantes \u00e9conomies d&rsquo;eau ont \u00e9t\u00e9 r\u00e9alis\u00e9es, notamment gr\u00e2ce \u00e0 des recherches et r\u00e9parations de fuites, ainsi qu&rsquo;\u00e0 une sectorisation g\u00e9n\u00e9ralis\u00e9e qui permet une meilleure gestion du r\u00e9seau.&nbsp;Aujourd&rsquo;hui, le rendement du r\u00e9seau (qui peut varier en fonction d&rsquo;\u00e9l\u00e9ments ponctuels) atteint les 71 %.<\/p>\n\n\n\n<p><\/p>\n\n\n\n<p id=\"alertesecheresse\"><strong>F &#8211; ALERTE SECHERESSE<\/strong><\/p>\n\n\n\n<p><\/p>\n\n\n\n<p>C&rsquo;est le Syndicat mixte de la Rivi\u00e8re Dr\u00f4me qui d\u00e9crypte la situation et propose des pistes d&rsquo;action pour limiter les d\u00e9g\u00e2ts. C&rsquo;est ainsi que l&rsquo;alerte s\u00e9cheresse a \u00e9t\u00e9 renforc\u00e9e au niveau 3 et 4, courant ao\u00fbt et septembre en 2016. Ces alertes pr\u00e9vues par l&rsquo;arr\u00eat\u00e9 cadre de 2012, sont d\u00e9clench\u00e9es par Monsieur le Pr\u00e9fet, en concertation avec les diff\u00e9rents acteurs de l&rsquo;eau: M\u00e9t\u00e9o France, le secteur agricole, le gestionnaire de l&rsquo; eau potable, les associations de protection de la nature, les services de l&rsquo;\u00e9tat et les \u00e9lus. A noter que le 16 ao\u00fbt 2016, les d\u00e9bits \u00e0 Crest et Saillans \u00e9taient inf\u00e9rieurs \u00e0 2 m\u00b3\/sec et 1 m\u00b3\/sec \u00e0 Livron.<\/p>\n\n\n\n<p>Alors que les \u00e9pisodes de s\u00e9cheresse s\u2019intensifient, il convient de s\u2019adapter d\u00e8s aujourd\u2019hui et changer nos habitudes pour mieux pr\u00e9server cette ressource. Des mesures sont \u00e0 mettre en place pour mieux g\u00e9rer l&rsquo;eau&nbsp;: organiser la sobri\u00e9t\u00e9 de son usage pour tous les acteurs, optimiser la disponibilit\u00e9 de la ressource, pr\u00e9server sa qualit\u00e9 et restaurer des \u00e9cosyst\u00e8mes sains et fonctionnels, mettre en place les moyens d\u2019atteindre ces ambitions, \u00eatre en capacit\u00e9 de mieux r\u00e9pondre aux crises de s\u00e9cheresse et aussi tenir ses engagements tenus.<\/p>\n\n\n\n<p>La demande d&rsquo;eau sans cesse croissante est toujours d&rsquo;actualit\u00e9 et un des casse-t\u00eates des \u00e9diles.<br><br><\/p>\n\n\n\n<p id=\"leseauxminerales\"><strong>G &#8211; LES EAUX MIN\u00c9RALES<\/strong><\/p>\n\n\n\n<p><br><br>Plusieurs sources d&rsquo;eau min\u00e9rale sourdent du sol aoustois , seulement deux sont r\u00e9pertori\u00e9es sur la commune d\u2019Aouste mais quelque peu oubli\u00e9es. Ces deux sources \u00e9taient d\u00e9j\u00e0 mentionn\u00e9es en 1698 par Etienne-Jean Bouchu, intendant du Dauphin\u00e9 de 1686 \u00e0 1705, dans son \u00ab\u00a0M\u00e9moire de la g\u00e9n\u00e9ralit\u00e9 de Dauphin\u00e9\u00a0\u00bb.<\/p>\n\n\n\n<p><strong>La source \u00ab Faure \u00bb<\/strong><\/p>\n\n\n\n<p>En 1895, M. le Ministre de l&rsquo;Int\u00e9rieur transmet&nbsp; \u00e0 Acad\u00e9mie nationale de m\u00e9decine une demande form\u00e9e par M. Joubert pour obtenir l&rsquo;autorisation d&rsquo;exploiter la Source \u00ab Faure \u00bb (appellation commerciale); \u00e0 Aouste (Dr\u00f4me). Cette source surgit d&rsquo;une fissure du calcaire n\u00e9ocomien inf\u00e9rieur, \u00e0 3 m\u00e8tres de l&rsquo;axe du ruisseau de la Sye, affluent de la Dr\u00f4me. Le d\u00e9bit atteint 1,440 litres; la temp\u00e9rature est voisine de 13\u00b0 C.<\/p>\n\n\n\n<p>Les contr\u00f4les analytiques du Laboratoire de l&rsquo;Acad\u00e9mie laboratoire et celui de la Soci\u00e9t\u00e9 des Agriculteurs de France ont montr\u00e9 que la composition subissait de l\u00e9g\u00e8res variations saisonni\u00e8res. Le p\u00e9titionnaire ayant pris l&rsquo;engagement de ne faire subir \u00e0 l&rsquo;eau aucune des manipulations (d\u00e9cantage, gaz\u00e9ification, etc.) qui peuvent en alt\u00e9rer la composition, la Commission d\u00e9clare que dans les conditions de captage telles qu&rsquo;elles r\u00e9sultent des d\u00e9clarations du service des Mines et la composition actuelle de l&rsquo;eau permet d&rsquo;accorder l&rsquo;autorisation sollicit\u00e9e.<\/p>\n\n\n\n<p>Les conclusions du pr\u00e9sent rapport, mises aux voix, sont adopt\u00e9es lors de la s\u00e9ance du 30 avril 1895<\/p>\n\n\n\n<p><strong>La source des Pins<\/strong><\/p>\n\n\n\n<p>Une deuxi\u00e8me source re\u00e7oit une autorisation d\u2019exploitation sur le territoire d\u2019Aouste.<\/p>\n\n\n\n<p>En 1902, M. le Pr\u00e9sident du Conseil, Ministre de l&rsquo;Int\u00e9rieur et des Cultes, transmet la demande en autorisation de M. Eug\u00e8ne Rivoire, pour la source \u00ab des Pins \u00bb, \u00e0 Aouste (Dr\u00f4me).<\/p>\n\n\n\n<p>La source \u00ab des Pins \u00bb, a \u00e9t\u00e9 isol\u00e9e au moyen d\u2019une tranch\u00e9e creus\u00e9e sur les escarpements de la rive du torrent de Millassole, au voisinage de la source Faure, autoris\u00e9e en 1895. Le terrain est constitu\u00e9 par des assises n\u00e9ocomiennes form\u00e9es de bancs altern\u00e9s de marnes noires et de calcaires blancs.<\/p>\n\n\n\n<p>Le d\u00e9bit de la source atteint 4.000 litres ; la temp\u00e9rature de l\u2019eau est de 8\u00b05.<\/p>\n\n\n\n<p>Le contr\u00f4le analytique du laboratoire de l&rsquo;Acad\u00e9mie, effectu\u00e9 sur deux pr\u00e9l\u00e8vements, a donn\u00e9 des r\u00e9sultats concordants.<\/p>\n\n\n\n<p>La Commission propose \u00e0 l&rsquo;Acad\u00e9mie de d\u00e9clarer que les conditions actuelles de captage et de min\u00e9ralisation permettent d&rsquo;accorder l&rsquo;autorisation sollicit\u00e9e.<\/p>\n\n\n\n<p>Les conclusions du pr\u00e9sent rapport, mises aux voix, sont adopt\u00e9es lors de la s\u00e9ance du 14 octobre 1902.<\/p>\n\n\n\n<p>Il est aussi \u00e0 noter que d\u2019autres sources et puits priv\u00e9s fournissent \u00e0 divers endroits de la commune une eau ferrugineuse.<\/p>\n\n\n\n<p>Certaines sources, certaines fontaines sont dites gu\u00e9risseuses. L&rsquo;eau qui les alimente est \u00abr\u00e9put\u00e9e\u00bb miraculeuse. De mauvaises langues pr\u00e9cisent toutefois que le caf\u00e9, qui n&rsquo;est jamais tr\u00e8s \u00e9loign\u00e9 de la fontaine, poss\u00e8de aussi quelques vertus curatives!<\/p>\n\n\n\n<p id=\"lesbainsdouches\"><br><br><strong>H &#8211; LES BAINS-DOUCHES<\/strong><\/p>\n\n\n\n<p><br><br>Le centre du village \u00e9tait d\u00e9pourvu d\u2019installations sanitaires et les habitants n\u2019avaient pas la commodit\u00e9 de placer des appareils sanitaires \u00e0 domicile \u00e0 cause d\u2019une distribution d\u2019eau limit\u00e9e. Aouste \u00e9tait un centre industriel ( papeteries, usine \u00e0 chaux, tissages, etc.) et la population laborieuse se trouvait priv\u00e9e d\u2019hygi\u00e8ne, la commune envisagea la construction de bains-douches.<\/p>\n\n\n\n<p>Ce projet est \u00e9labor\u00e9 en 1938. La construction d&rsquo;un bains-douches sera adoss\u00e9 au mur, \u00e0 l\u2019arri\u00e8re du b\u00e2timent de la salle municipale.<\/p>\n\n\n\n<p>Le 15 janvier 1938 un devis estimatif est \u00e9tabli par Ch. Arnaud architecte \u00e0 Crest pour un montant de 145 300 francs.<em> (Archives municipales MN 10). <\/em>Cet \u00e9difice comporterait cinq cabines de douches individuelles, une cabine de bains ainsi qu\u2019un WC avec fosse septique de 250 litres am\u00e9nag\u00e9e en sous-sol. Un r\u00e9servoir \u00e0 r\u00e9chauffeur de 750 litres assurera une temp\u00e9rature constante \u00e0 l\u2019eau chaude d\u2019alimentation. La Deuxi\u00e8me Guerre Mondiale mettra fin \u00e0 ce projet de construction.<br><br><\/p>\n\n\n\n<p id=\"leswcpublics\"><strong>I &#8211; LES WC PUBLICS<\/strong><\/p>\n\n\n\n<p><br>La promenade n\u2019\u00e9tait pas encore dot\u00e9e de \u00ab&nbsp;lieux d\u2019aisance&nbsp;\u00bb. C\u2019est sous ce lieu ombrag\u00e9 que se tenait la f\u00eate annuelle, le jeu de boules, la proximit\u00e9 du groupe scolaire et de la mairie et la future construction de la salle des f\u00eates n\u00e9cessitaient la construction de cet \u00e9dicule.<br>La promenade n\u2019\u00e9tait pas encore dot\u00e9e de \u00ab&nbsp;lieux d\u2019aisance&nbsp;\u00bb. C\u2019est sous ce lieu ombrag\u00e9 que se tenait la f\u00eate annuelle, le jeu de boules, la proximit\u00e9 du groupe scolaire et de la mairie et la future construction de la salle des f\u00eates n\u00e9cessitaient la construction de cet \u00e9dicule.<\/p>\n\n\n\n<p>Ce WC, install\u00e9 rive gauche de la Dr\u00f4me, \u00e0 c\u00f4t\u00e9 de la salle des f\u00eates, comportera deux cabines avec si\u00e8ges \u00e0 la turque et un urinoir \u00e0 quatre places ainsi qu\u2019un r\u00e9servoir de chasse automatique assurant un nettoyage permanent. Il sera pourvu d\u2019une fosse septique de 7590 litres avec \u00e9vacuation vers la Dr\u00f4me&nbsp;! Ce WC assurera son service bon an mal an jusque dans les ann\u00e9es 80, ann\u00e9es qui verront son remplacement par un \u00e9difice plus fonctionnel \u00e0 une centaine de m\u00e8tres en amont toujours rive gauche.<\/p>\n\n\n\n<p>Le 5 novembre 1908 par d\u00e9lib\u00e9ration du conseil municipal est accept\u00e9 la cr\u00e9ation d\u2019un WC public sur la rive droite de la Dr\u00f4me, pr\u00e8s du pont. Apr\u00e8s consultation des propri\u00e9taires voisins, le 12\/12\/1908, ceux-ci acceptent la construction. Mr Peysson architecte \u00e9tablit un plan et projet pour un co\u00fbt de 570 frs . Le pr\u00e9fet donne son accord le 2\/02\/1909. Les travaux sont ex\u00e9cut\u00e9s \u00e0 partir du 23\/01\/1910&nbsp;par Alexandre Sibourg entrepreneur de ma\u00e7onnerie. Cet \u00e9dicule sera d\u00e9moli dans les ann\u00e9es 2000.<\/p>\n\n\n\n<p><br><\/p>\n\n\n\n<p class=\"has-text-align-center\" id=\"chapitreiii\"><strong>CHAPITRE III<\/strong><\/p>\n\n\n\n<p><br><\/p>\n\n\n\n<p class=\"has-text-align-center\" id=\"rivieresetruisseaux\"><strong>RIVI\u00c8RES ET RUISSEAUX<\/strong><\/p>\n\n\n\n<p><\/p>\n\n\n\n<p><\/p>\n\n\n\n<p id=\"ladrome\"><strong>A &#8211; LA DROME<\/strong><br><\/p>\n\n\n\n<p>Ausone, homme de lettres gallo-romain lui avait donn\u00e9 au IVe si\u00e8cle le nom de <em>D<\/em><em>r<\/em><em>una.<\/em> Son nom \u00e9volue au fil du temps&nbsp;: <em>Droma Jinmen<\/em> (en 928 &#8211; Cartulaire de Cluny, 367)&nbsp;; <em>La ribeira de Droma<\/em> ( au XIII\u00b0 si\u00e8cle &#8211; Censier de l\u2019\u00e9v\u00each\u00e9 de Die)&nbsp;; <em>Aqua Dro<\/em><em>m<\/em><em>e<\/em> (en 1442 &#8211; Choix de document, 267)&nbsp;; <em>Drou<\/em><em>m<\/em><em>e<\/em> (en 1575 et 1579 &#8211; M\u00e9moires des fr\u00e8res Gay).<\/p>\n\n\n\n<p><em><strong>Cette section suivante sur la Dr\u00f4me est reproduite avec l&rsquo;aimable autorisation de M<\/strong><\/em><sup><em><strong>me<\/strong><\/em><\/sup><em><strong> Anne Riviere-Honneger. De m\u00eame voir aussi la page \u00a0\u00bb&nbsp;<\/strong><\/em><strong><em><a href=\"https:\/\/histoire-patrimoine-aoustois.fr\/?page_id=2574\" target=\"_blank\" rel=\"noreferrer noopener\">Un torrent, la Dr\u00f4me<\/a>&nbsp;\u00ab\u00a0<\/em><\/strong><\/p>\n\n\n\n<p>Quand on parle de l&rsquo;eau, comment ne pas \u00e9voquer ce qui fait la fiert\u00e9 de notre village, la richesse de notre vall\u00e9e, cette rivi\u00e8re qui a donn\u00e9 son nom \u00e0 notre d\u00e9partement: la Dr\u00f4me. Elle prend sa source \u00e0 la B\u00e2tie des Fonds ( Diois) et se jette dans le Rh\u00f4ne sur les communes de Loriol et Livron. Et qui peut en parler le mieux? Anne Rivi\u00e8re-Honneger, Christine Labeur, Sabine Girard et Paul Allard, auteurs et animateurs d&rsquo; un colloque \u00a0\u00bb Fleuves et Territoires&nbsp;\u00a0\u00bb \u00e0 Macon les 13 et 14 Septembre 2012. Le th\u00e8me: La Dr\u00f4me, un exemple de lieux multiples entre cours d&rsquo; eau et territoire et de leur \u00e9volution du d\u00e9but du XIX<sup>e<\/sup> si\u00e8cle \u00e0 aujourd&rsquo;hui. Comme nous, ce texte aura le m\u00e9rite de mieux vous faire conna\u00eetre et appr\u00e9cier notre environnement imm\u00e9diat.<\/p>\n\n\n\n<p id=\"introduction\"><strong>Introduction<\/strong><\/p>\n\n\n\n<p>A l&rsquo;instar des fleuves, leurs affluents apparaissent comme une ressource essentielle, g\u00e9n\u00e9rant de multiples usages, m\u00e9tiers et techniques. Les liens entre les cours d&rsquo;eaux et leur territoires sont nombreux d&rsquo;hier \u00e0 aujourd&rsquo;hui et s&rsquo;inscrivent dans des usages \u00e9volutifs et parfois concurrents ( Ardiller-Cassas, 1997, Micoud, 2000, Rossiaud, 2007, Allard et al, 2010 ). Il en est ainsi de la Vall\u00e9e de la Dr\u00f4me, affluent du Rh\u00f4ne, qui constitue une entit\u00e9 g\u00e9ographique d&rsquo;environ 1 640 km\u00b2 comprenant une centaine de communes ( 49 452 habitants, Recensement g\u00e9n\u00e9ral de la population ( RGP 2009 ) autour de la rivi\u00e8re qui, s&rsquo;\u00e9coulant sur 106,5 kilom\u00e8tres, s&rsquo;affirme comme son art\u00e8re principale (<em>fig 1<\/em>). Rivi\u00e8re torrentielle typique des pi\u00e9monts sub-m\u00e9diterran\u00e9ens (Landon et Piegay, 1999), la rivi\u00e8re Dr\u00f4me poss\u00e8de un \u00ab<em>r\u00e9gime hydrologique de type pr\u00e9alpin \u00e0 tendance sub-m\u00e9diterran\u00e9enne\u00bb, <\/em>caract\u00e9ris\u00e9 par d&rsquo;importantes crues automnales et printani\u00e8res et de fortes variations de d\u00e9bits. Son module est de 18,6m\u00b3\/s, son coefficient d&rsquo;\u00e9coulement de 55% et son coefficient de torrentialit\u00e9 de 20% ( Landon, 1999). La rivi\u00e8re est caract\u00e9ris\u00e9e par une configuration en tresses. Depuis l&rsquo;antiquit\u00e9, la rivi\u00e8re a apport\u00e9 \u00e0 ses riverains des possibilit\u00e9s \u00e9conomiques diverses qui ont permis le d\u00e9veloppement de petites villes et de villages. La Dr\u00f4me constituait une <a href=\"https:\/\/histoire-patrimoine-aoustois.fr\/?p=8065\" target=\"_blank\" rel=\"noreferrer noopener\">voie de communication<\/a> entre les habitants de la vall\u00e9e et le couloir rhodanien, reliant l&rsquo; arri\u00e8re-pays, le Vercors et le Tri\u00e8ves, \u00e0 l&rsquo;axe majeur constitu\u00e9 par le Rh\u00f4ne. Les habitants, jusqu&rsquo;au XIX<sup>e<\/sup> si\u00e8cle, avaient de multiples usages de cette ressource naturelle. La proximit\u00e9 de le rivi\u00e8re n&rsquo;\u00e9tait pas per\u00e7ue comme une source de catastrophes mais comme une richesse \u00e0 exploiter. De grands am\u00e9nagements permirent, \u00e0 partir de la deuxi\u00e8me moiti\u00e9 du XIX<sup>e <\/sup>si\u00e8cle d&rsquo; accro\u00eetre les terres cultiv\u00e9es. La maladie du ver \u00e0 soie, suivie de la concurrence chinoise, la d\u00e9forestation et un mouvement plus g\u00e9n\u00e9ral d&rsquo;exode rural frein\u00e8rent apr\u00e8s 1860 le d\u00e9veloppement \u00e9conomique de la vall\u00e9e de la Dr\u00f4me. La population des villes et des villages d\u00e9cline ou stagne jusqu&rsquo;aux ann\u00e9es 1960. Suite \u00e0 la d\u00e9prise agricole et \u00e0 la d\u00e9sertification rurale, les collectivit\u00e9s locales ont recherch\u00e9, \u00e0 partir des ann\u00e9es 1960, un autre moteur de d\u00e9veloppement \u00e9conomique autour de nouveaux mod\u00e8les d&rsquo;agriculture et des activit\u00e9s r\u00e9cr\u00e9atives et touristiques.<\/p>\n\n\n\n<p>A partir d&rsquo;une \u00e9tude diachronique et multiscalaire, sont recherch\u00e9s des \u00e9l\u00e9ments de connaissance et de compr\u00e9hension sur l&rsquo; articulation des processus et des dynamiques de d\u00e9veloppement des territoires et de gestion de la vall\u00e9e. La recherche s&rsquo;attache \u00e0 montrer les diff\u00e9rents usages, savoirs et m\u00e9tiers li\u00e9s \u00e0 la pr\u00e9sence de la rivi\u00e8re, \u00e0 la dynamique naturelle du bassin, aux pratiques des riverains, aux politiques publiques du d\u00e9but du XIX<sup>e<\/sup> si\u00e8cle \u00e0 aujourd&rsquo;hui. Les usages d&rsquo; autrefois ont model\u00e9 la vall\u00e9e. On constate aujourd&rsquo;hui une moindre acuit\u00e9 du lien organique qui liait la rivi\u00e8re \u00e0 l&rsquo;axe rhodanien. Nous nous interrogerons sur les facteurs explicatifs d&rsquo;une telle \u00e9volution en faisant l&rsquo;hypoth\u00e8se de l&rsquo; importance de l&rsquo;\u00e9volution des activit\u00e9s marqu\u00e9e par la perte de certains usages ( flottage, soierie, moulinage\u2026) et l&rsquo; apparition d&rsquo; autres. Le glissement op\u00e9r\u00e9 vers une protection des milieux aquatiques consacr\u00e9 par l&rsquo;application de la Directive Cadre Europ\u00e9enne sur l&rsquo;eau a une incidence certaine. Ainsi, \u00e0 la crise latente \u00e0 caract\u00e8re \u00e9conomique qui a dur\u00e9 pr\u00e8s d&rsquo;un si\u00e8cle, succ\u00e8de une reprise depuis les ann\u00e9es 1960 appuy\u00e9e sur la l\u00e9gislation, l&rsquo;agriculture se sp\u00e9cialise, une \u00e9conomie de loisirs se met en place avec des nouveaux usages de la rivi\u00e8re et la mise en valeur du patrimoine.<\/p>\n\n\n\n<p>La recherche men\u00e9e par une \u00e9quipe pluridisciplinaire (historien, sociologue, g\u00e9ographes) s&rsquo;appuie sur un corpus constitu\u00e9 par des documents d&rsquo;archives, des rapports de projets de la gestion de l&rsquo;eau (contrats de rivi\u00e8res et sch\u00e9ma d&rsquo;am\u00e9nagement et de gestion des eaux), du d\u00e9pouillement de la presse locale et de cinquante entretiens d&rsquo;usagers et de gestionnaires de l&rsquo;eau conduits en 2009-2010 (Girard, 2012).<\/p>\n\n\n\n<p>Nous allons dans un premier temps nous int\u00e9resser aux usages pass\u00e9s de la rivi\u00e8re Dr\u00f4me. Nous verrons ensuite les usages actuels et mesurerons ainsi les \u00e9volutions et leurs incidences dans les relations entre le d\u00e9veloppement de la vall\u00e9e et la gestion de la rivi\u00e8re.<\/p>\n\n\n\n<p id=\"usagespasses\"><strong>I. Usages pass\u00e9s<\/strong><\/p>\n\n\n\n<p>Les riverains tiraient un grand profit de la Dr\u00f4me et de ses affluents, m\u00eame si les catastrophes apportaient r\u00e9guli\u00e8rement leurs lots de d\u00e9solation. Les habitants de la vall\u00e9e d\u00e9pendaient en grande partie des usages li\u00e9s \u00e0 la rivi\u00e8re, qu&rsquo;ils habitent le long du cours d&rsquo;eau ou qu&rsquo;ils r\u00e9sident dans les villages et les hameaux de montagne, la Dr\u00f4me constituait une interface entre ses riverains et la vall\u00e9e rhodanienne.<\/p>\n\n\n\n<p><br><\/p>\n\n\n\n<p><\/p>\n\n\n\n<p><\/p>\n\n\n\n<figure class=\"wp-block-image size-full\"><img loading=\"lazy\" decoding=\"async\" width=\"803\" height=\"623\" src=\"https:\/\/histoire-patrimoine-aoustois.fr\/wp-content\/uploads\/2023\/04\/histoire-deau-drome-figure-1.jpg\" alt=\"\" class=\"wp-image-8047\" srcset=\"https:\/\/histoire-patrimoine-aoustois.fr\/wp-content\/uploads\/2023\/04\/histoire-deau-drome-figure-1.jpg 803w, https:\/\/histoire-patrimoine-aoustois.fr\/wp-content\/uploads\/2023\/04\/histoire-deau-drome-figure-1-300x233.jpg 300w, https:\/\/histoire-patrimoine-aoustois.fr\/wp-content\/uploads\/2023\/04\/histoire-deau-drome-figure-1-768x596.jpg 768w\" sizes=\"(max-width: 803px) 100vw, 803px\" \/><figcaption class=\"wp-element-caption\"><em>Figure 1<\/em><\/figcaption><\/figure>\n\n\n\n<p><\/p>\n\n\n\n<p><\/p>\n\n\n\n<p>La Dr\u00f4me \u00e9tait flottable, depuis le Bez, un kilom\u00e8tre au-dessus de Die. Elle servait au flottage des bois de sapin et de h\u00eatre pour la charpente et le charronnage. Le b\u00fbcheronnage \u00e9tait intense et les exportations repr\u00e9sentaient une richesse pour les habitants des villages perch\u00e9s. Il existait une relation forte entre la for\u00eat dr\u00f4moise et la rivi\u00e8re. Les troncs \u00e9taient assembl\u00e9s pour former des radeaux, eux-m\u00eames charg\u00e9s de poutres ou de planches. Des \u00abradeliers\u00bb les guidaient avec un gouvernail et de longues perches. Les lieux dits \u00ables Plots\u00bb sont souvent d&rsquo; anciennes stations de radeaux. Les endiguements de Crest facilitaient le flottage. Les bois de construction \u00e9taient pris\u00e9s \u00e0 Beaucaire et \u00e0 Toulon. Cette possibilit\u00e9 de transport du bois a d&rsquo;ailleurs contribu\u00e9 \u00e0 la surexploitation des for\u00eats dr\u00f4moises dont se plaignaient le pr\u00e9fet et les chroniqueurs dans la premi\u00e8re moiti\u00e9 du XIX<sup>e<\/sup> si\u00e8cle ( Delacroix, 1835). L&rsquo;\u00e9puisement des ressources des for\u00eats de l&rsquo; Etat et des for\u00eats communales, notamment au moment de la R\u00e9volution, puis la loi sur la reforestation de 1860, ont fortement ralenti l&rsquo; exploitation des for\u00eats.<\/p>\n\n\n\n<p>Les autres usages importants \u00e9taient l&rsquo;irrigation, le moulinage de la soie et la <a href=\"https:\/\/aouste-a-coeur.com\/?s=moulins+diois\">meunerie<\/a>. La soierie a \u00e9t\u00e9 durant une grande partie du XVIII<sup>e<\/sup> et une partie du XIX<sup>e<\/sup> si\u00e8cle une activit\u00e9 industrielle importante qui occupait plusieurs centaines de personnes, notamment \u00e0 <a href=\"https:\/\/aouste-a-coeur.com\/saillans\/\" target=\"_blank\" rel=\"noreferrer noopener\">Saillans<\/a> et \u00e0 Crest. Le climat de la r\u00e9gion est \u00e0 la fronti\u00e8re entre celui des Alpes, humide, et celui de la Provence plus sec. Pour pallier les effets de la s\u00e9cheresse estivale, l&rsquo;irrigation est pratiqu\u00e9e depuis des si\u00e8cles pour les cultures proches de la rivi\u00e8re et de ses affluents. En 1860, on d\u00e9nombrait 98 <a href=\"https:\/\/histoire-patrimoine-aoustois.fr\/?p=5396\" target=\"_blank\" rel=\"noreferrer noopener\">canaux<\/a> dans le d\u00e9partement dont 39 sur la rivi\u00e8re Dr\u00f4me. Ces canaux avaient souvent plusieurs fonctions: ils alimentaient des moulins et servaient \u00e0 l&rsquo;irrigation. L&rsquo;existence de ces canaux est attest\u00e9e dans de nombreux textes et ouvrages. A Crest, le canal du Moulin qui traverse la ville fut construit en 1392. Sur la commune de Saillans, Michel Eymieu, riche bourgeois de Saillans, fit creuser un canal pour son usine de d\u00e9chets de soie sur la rive droite afin d&rsquo;exploiter son brevet de peignage de la soie, d\u00e9pos\u00e9 en 1820. Plusieurs centaines d&rsquo;ouvriers et d&rsquo; ouvri\u00e8res travaillaient dans ses ateliers. Le canal d&rsquo;arrosage des Chapelains irriguait toute la plaine entre Saillans et Mirabel. Le canal de Souvion &#8211; La Clastre est l&rsquo;un des plus connus. Il va de Saillans \u00e0 Aouste sur Sye sur la rive gauche de la Dr\u00f4me. Il fut l&rsquo; \u0153uvre d&rsquo;un notable local, Balthazar Souvion, qui obtint en 1815 l&rsquo;autorisation de capter les eaux pour alimenter ses moulins de farine de Gourdon. La biographie de Balthazar Souvion est int\u00e9ressante: c&rsquo; \u00e9tait un protestant ais\u00e9, physiocrate, qui voulait d\u00e9velopper l&rsquo;irrigation sur les deux rives de la Dr\u00f4me et qui plantait vignes et m\u00fbriers sur ses propri\u00e9t\u00e9s. G\u00e9n\u00e9reux, Balthazar Souvion proposa aux riverains de Saillans, de Saint Sauveur, d&rsquo; Aubenasson, de la Clastre et de Pi\u00e9gros regroup\u00e9s en association en 1820 et 1823 de profiter d&rsquo;une prise d&rsquo;eau qui lui appartenait sur la rive gauche de la Dr\u00f4me. Il proposa \u00e9galement de prolonger le canal jusqu&rsquo;\u00e0 Aouste sur Sye et de construire un moulin \u00e0 La Clastre. Le pr\u00e9fet ent\u00e9rina le projet en mars 1829. Souvion \u00e9tait assist\u00e9 d&rsquo;un n\u00e9gociant de Saillans et du \u00a0\u00bb receveur \u00e0 cheval des imp\u00f4ts directs \u00ab\u00a0. Les syndics repr\u00e9sentaient 137 propri\u00e9taires. Souvion devait toucher 20 000 francs du syndicat aval et 42 000 francs du syndicat de Pi\u00e9gros. Le canal fut creus\u00e9 en 1830, il prenait sa source au quartier de la Tuili\u00e8re \u00e0 Saillans. Long de 12 kilom\u00e8tres, il fallut r\u00e9aliser de nombreux ponts et aqueducs. Souvion fit construire un moulin \u00e0 farine et un autre \u00e0 noix \u00e0 La Clastre. La <a href=\"https:\/\/histoire-patrimoine-aoustois.fr\/?p=5091\" target=\"_blank\" rel=\"noreferrer noopener\">famille Rey<\/a> fit construire dans les ann\u00e9es 1880 un moulinage qui employait une vingtaine d&rsquo;ouvri\u00e8res. Le canal fonctionna de mani\u00e8re active de 1830 \u00e0 1939.<\/p>\n\n\n\n<p>Pour Delacroix, les habitants de la Dr\u00f4me ont d\u00e9velopp\u00e9 une v\u00e9ritable culture de l&rsquo;irrigation par canaux. L&rsquo;usage des canaux remontait donc loin dans le temps et le XIX<sup>e<\/sup> si\u00e8cle fut l&rsquo;aboutissement de pratiques s\u00e9culaires et l&rsquo;apog\u00e9e, en quelque sorte, de ces usages avant l&rsquo;utilisation d&rsquo;autres forces motrices notamment \u00e9lectrique. L&rsquo;industrie de la soie, quant \u00e0 elle, ne cessa de d\u00e9cliner, notamment apr\u00e8s l&rsquo;ouverture du canal de Suez en 1869 et la concurrence chinoise.(et \u00e9pizooties telles que la muscardine, la p\u00e9brine, la flacherie et la grasserie.)<\/p>\n\n\n\n<p>Pour exploiter et entretenir ces canaux, une gestion collective \u00e9tait n\u00e9cessaire, des associations syndicales \u00e9taient pr\u00e9sentes partout. L&rsquo;eau \u00e9tait souvent r\u00e9partie entre l&rsquo;irrigation et comme force motrice des moulins. En amont des moulins, les propri\u00e9taires ne pouvaient arroser que 48 heures par semaine pour permettre leur fonctionnement r\u00e9gulier. Les deux activit\u00e9s donnaient toute leur importance aux canaux et permettaient de financer leur construction et leur entretien. Le partage des eaux \u00e9tait complexe entre les besoins des moulins et les demandes des riverains d&rsquo;utiliser l&rsquo;eau pour l&rsquo; arrosage, les arbitrages recens\u00e9s dans les archives montrent que les conflits d&rsquo;int\u00e9r\u00eats \u00e9taient nombreux entre les riverains, le seigneur, le meunier et parfois les autorit\u00e9s eccl\u00e9siastiques.<\/p>\n\n\n\n<p>La Dr\u00f4me demeurait cependant une rivi\u00e8re dont le r\u00e9gime rendait l&rsquo;exploitation difficile, et souvent les eaux \u00e9taient prises sur les affluents. Ainsi \u00e0 Montclar, le canal de la Gervanne fut creus\u00e9 en 1340. Sur la carte de Cassini, en 1750, la Gervanne alimentait 7 moulins. A Chatillon, situ\u00e9 \u00e0 7 kilom\u00e8tres de la Dr\u00f4me ce sont les eaux du Bez qui alimentaient un canal depuis le XIV <sup>e<\/sup> si\u00e8cle.<\/p>\n\n\n\n<p>Paradoxalement, le Rh\u00f4ne, en dehors du canal de Pierrelatte, \u00e9tait moins utilis\u00e9 pour l&rsquo; arrosage et le canal lat\u00e9ral, longtemps en projet et r\u00e9clam\u00e9 par les riverains, ne fut jamais construit.<\/p>\n\n\n\n<p>La Dr\u00f4me servait \u00e9galement de gravi\u00e8re. L&rsquo;extraction des graviers est historiquement li\u00e9e aux pratiques de protection des terres et des habitations contre les d\u00e9bordements de la rivi\u00e8re.<\/p>\n\n\n\n<p><br><\/p>\n\n\n\n<p><\/p>\n\n\n\n<p><\/p>\n\n\n\n<p><\/p>\n\n\n<div class=\"wp-block-image\">\n<figure class=\"aligncenter size-full\"><img loading=\"lazy\" decoding=\"async\" width=\"203\" height=\"411\" src=\"https:\/\/histoire-patrimoine-aoustois.fr\/wp-content\/uploads\/2023\/04\/histoire-deau-drome-silo-dragline.jpg\" alt=\"\" class=\"wp-image-8048\" srcset=\"https:\/\/histoire-patrimoine-aoustois.fr\/wp-content\/uploads\/2023\/04\/histoire-deau-drome-silo-dragline.jpg 203w, https:\/\/histoire-patrimoine-aoustois.fr\/wp-content\/uploads\/2023\/04\/histoire-deau-drome-silo-dragline-148x300.jpg 148w\" sizes=\"(max-width: 203px) 100vw, 203px\" \/><figcaption class=\"wp-element-caption\"><em>Silo de la drag-line d&rsquo;Aouste<\/em><\/figcaption><\/figure>\n<\/div>\n\n\n<p><\/p>\n\n\n\n<p><\/p>\n\n\n\n<p>Jusqu&rsquo;au XIX<sup>e<\/sup> si\u00e8cle, l&rsquo;exploitation continue des pentes du bassin versant par des soci\u00e9t\u00e9s de pasteurs et d&rsquo; agriculteurs \u00e9leveurs conduisait \u00e0 une forte \u00e9rosion des sols, et la rivi\u00e8re Dr\u00f4me et ses affluents \u00e9taient dans une situation s\u00e9dimentaire largement exc\u00e9dentaire.<\/p>\n\n\n\n<p>La p\u00eache constituait une activit\u00e9 compl\u00e9mentaire. Souvent cit\u00e9e, elle fut surtout importante dans le grand lac au-dessus de Luc en Diois ass\u00e9ch\u00e9 dans la premi\u00e8re moiti\u00e9 du XIX<sup>e<\/sup> si\u00e8cle. A la fin du XIX<sup>e<\/sup> si\u00e8cle, elle fut r\u00e9glement\u00e9e dans la Dr\u00f4me. Delacroix, dans sa statistique, indique l&rsquo;existence de 12 cantonnements de p\u00eache sur la Dr\u00f4me. Un contr\u00f4le \u00e9tait exerc\u00e9 par l&rsquo;administration sur le droit de p\u00eache.<\/p>\n\n\n\n<p>Les saules \u00e9taient une autre ressource fournie par la Dr\u00f4me. Ils \u00e9taient exploit\u00e9s le long des rives par les paysans les plus modestes et avaient de nombreux usages, notamment dans la vannerie.<\/p>\n\n\n\n<p>Toutes ces activit\u00e9s n\u00e9cessitaient une adaptation au r\u00e9gime hydraulique de la rivi\u00e8re en g\u00e9rant la vuln\u00e9rabilit\u00e9 des activit\u00e9s \u00e9conomiques et de l&rsquo;habitat et en endiguant la rivi\u00e8re. De grands travaux d&rsquo;endiguement furent men\u00e9s \u00e0 la fin du XVIII<sup>e<\/sup> si\u00e8cle et au d\u00e9but du XIX<sup>e<\/sup>, surtout dans la partie aval de la Dr\u00f4me et de nouvelles terres furent conquises. Mais il n&rsquo;y eut pas d&rsquo;endiguement g\u00e9n\u00e9ral pour la rendre navigable de Die \u00e0 Crest comme le pr\u00e9voyait le projet de l&rsquo;ing\u00e9nieur d&rsquo; Ingler (Allard, Labeur, 2012). La Dr\u00f4me est rest\u00e9e une rivi\u00e8re torrentielle malgr\u00e9 tous ses am\u00e9nagements.<\/p>\n\n\n\n<p>Ainsi, la rivi\u00e8re et ses affluents remplissaient de nombreuses fonctions: transport, irrigation, force motrice, p\u00eache, exploitation des saules. Avec des modes de gestion adapt\u00e9s, les riverains en tiraient des profits sup\u00e9rieurs aux pertes provoqu\u00e9es par les <a href=\"https:\/\/histoire-patrimoine-aoustois.fr\/?p=8096\" target=\"_blank\" rel=\"noreferrer noopener\">inondations<\/a> fr\u00e9quentes et souvent violentes, cette gestion de la vuln\u00e9rabilit\u00e9 entra\u00eenait une r\u00e9silience forte. Les transformations \u00e9conomiques de la fin du XIX<sup>e<\/sup> si\u00e8cle et de la premi\u00e8re moiti\u00e9 du XX<sup>e<\/sup> si\u00e8cle ont sap\u00e9 les bases d&rsquo;une adaptation s\u00e9culaire des usages d\u00e9velopp\u00e9s par les riverains autour de la Dr\u00f4me et de ses affluents. L&rsquo;exode rural li\u00e9 \u00e0 la crise agricole et au reboisement, ainsi que la diminution de l&rsquo;industrie textile ont entra\u00een\u00e9 une phase de repli d\u00e9mographique et \u00e9conomique jusqu&rsquo;\u00e0 la fin des ann\u00e9es 1950 et une c\u00e9sure entre la haute et la basse vall\u00e9e.<\/p>\n\n\n\n<p id=\"desannees1960\"><strong>II. Des ann\u00e9es 1960 \u00e0 aujourd&rsquo;hui: des usages en \u00e9volution, des pressions sur la ressource<\/strong><\/p>\n\n\n\n<p><strong>D<em>e l&rsquo;abandon de certains usages \u00e0 l&rsquo;av\u00e8nement d&rsquo;autres<\/em><\/strong><\/p>\n\n\n\n<p>A partir des ann\u00e9es 1960, suite \u00e0 la d\u00e9prise agricole et \u00e0 la d\u00e9sertification rurale, les collectivit\u00e9s locales ont recherch\u00e9 un nouveau moteur de d\u00e9veloppement \u00e9conomique. Elles ont d&rsquo; abord mis\u00e9 sur l&rsquo;augmentation de la rentabilit\u00e9 agricole par le d\u00e9veloppement de l&rsquo;irrigation ( grands p\u00e9rim\u00e8tres irrigu\u00e9s) puis, \u00e0 partir des ann\u00e9es 1980, sur des productions agricoles de niches ( ma\u00efs, semences, ail, plantes aromatiques, vignes et productions biologiques).<\/p>\n\n\n\n<p>Au d\u00e9but des ann\u00e9es 1970, deux usages des cours d&rsquo;eau dominent: les pr\u00e9l\u00e8vements en eau en vue de l&rsquo;irrigation agricole et l&rsquo;extraction de granulats commenc\u00e9e de mani\u00e8re industrielle depuis les ann\u00e9es 1950. Ces deux usages productifs de la rivi\u00e8re, pratiqu\u00e9s dans sa partie domaniale, sont r\u00e9gul\u00e9s par les services d\u00e9concentr\u00e9s de l&rsquo; Etat. L&rsquo;administration, par le syst\u00e8me d&rsquo;autorisations en place, permet ainsi une exploitation quasi illimit\u00e9e des ressources de la rivi\u00e8re par les op\u00e9rateurs priv\u00e9s. Au-del\u00e0, elle participe \u00e0 leur d\u00e9veloppement en assurant la ma\u00eetrise d&rsquo;ouvrage des travaux permettant ces usages. D&rsquo;o\u00f9 une appropriation quasi exclusive de la rivi\u00e8re par ces deux usages. De par l&rsquo;ampleur de leurs impacts \u00e9conomiques mais aussi de l&rsquo;appui qu&rsquo;ils re\u00e7oivent de l&rsquo; Etat, ces deux syst\u00e8mes d&rsquo;action tendent \u00e0 occulter l&rsquo;existence d&rsquo;autres usages et d&rsquo;autres usagers de la rivi\u00e8re. L&rsquo;extraction de graviers est rest\u00e9e un usage tr\u00e8s actif jusque dans les ann\u00e9es 1990, notamment pour les am\u00e9nagements de la vall\u00e9e du Rh\u00f4ne: centrale nucl\u00e9aire, autoroute, industrie, urbanisation. Au plus fort de la production, les volumes extraits atteignent 250 000 m\u00b3 soit \u00a0\u00bb cinq \u00e0 six fois le d\u00e9bit moyen annuel \u00a0\u00bb ( Limandat 1980). En quarante ans, 7,5 millions de m\u00b3 ont \u00e9t\u00e9 extraits de la rivi\u00e8re \u00e0 l&rsquo;aval de Pontaix, la capacit\u00e9 de recharge \u00e9tant \u00e9valu\u00e9e \u00e0 seulement 0,04 million de m\u00b3 par an ( Landon, Pi\u00e9gay, Bravard, 1995). La forte incision de la rivi\u00e8re constat\u00e9e, provoquant entre autres la fragilisation des digues et des ponts et l&rsquo;abaissement de la nappe fluviale, a \u00e9t\u00e9 l&rsquo;un des \u00e9l\u00e9ments d\u00e9clencheurs de nouveaux rapports \u00e0 la rivi\u00e8re et de la volont\u00e9 d&rsquo;une \u00e9volution de sa gestion.<\/p>\n\n\n\n<p>De nouvelles activit\u00e9s se sont alors d\u00e9velopp\u00e9es en appui \u00e0 la croissance \u00e9conomique et d\u00e9mographique de la vall\u00e9e. Elles sont li\u00e9es aux loisirs, au tourisme et \u00e0 l&rsquo; \u00e9conomie r\u00e9sidentielle. Le secteur tertiaire \u00e0 l&rsquo;\u00e9chelle de la vall\u00e9e occupe ainsi 1,8 fois plus d&rsquo;actifs en 1990 qu&rsquo;en 1968 (INSEE, 1990). Les activit\u00e9s touristiques connaissent un essor par la valorisation des am\u00e9nit\u00e9s environnementales et, en particulier, par le fait que la rivi\u00e8re a retrouv\u00e9 une qualit\u00e9 propre \u00e0 la baignade gr\u00e2ce aux contrats de rivi\u00e8re successifs (1990 et 1999) puis au Sch\u00e9ma d&rsquo;am\u00e9nagement et de gestion des eaux (1997) conduits \u00e0 l&rsquo;initiative des communaut\u00e9s locales <em>(fig 2)<\/em>. Elles viennent modifier&nbsp; les repr\u00e9sentations, les usages et les modalit\u00e9s de gestion des ressources naturelles.<\/p>\n\n\n\n<p>L&rsquo;industrie peu d\u00e9velopp\u00e9e se concentre de fa\u00e7on constante sur l&rsquo;extr\u00eame aval de la vall\u00e9e autour de Loriol. On recense quelques activit\u00e9s consommatrices d&rsquo;eau: les abattoirs de Gr\u00e2ne ( aval de Crest) et de Die, les caves de la r\u00e9gion de Die d\u00e9di\u00e9es \u00e0 la production de la fameuse Clairette, les piscicultures sur la Gervanne et l&rsquo; Archiane, les fromageries \u00e0 Aouste et Crest. Enfin, les d\u00e9rivations de la Dr\u00f4me et de la Gervanne alimentent une dizaine de micro-centrales \u00e9lectriques.<\/p>\n\n\n\n<p>Aujourd&rsquo;hui, la ressource en eau de la Dr\u00f4me se partage entre diff\u00e9rents usages. Les pressions sur la ressource sont au c\u0153ur des pr\u00e9occupations des gestionnaires, des \u00e9lus et des usagers, comme en t\u00e9moigne r\u00e9guli\u00e8rement la presse locale au travers de titres percutants. C&rsquo;est un th\u00e8me le plus fr\u00e9quemment trait\u00e9 lors des r\u00e9unions de la Commission locale de l&rsquo; eau pl\u00e9ni\u00e8re et de son bureau entre 2007 et 2011 dans le cadre de la r\u00e9vision du SAGE, soit dans 65% des r\u00e9unions ( Girard, 2012).<\/p>\n\n\n\n<p>La question de la gestion des basses eaux appara\u00eet comme cruciale pour les habitants, c&rsquo;est une r\u00e9alit\u00e9 per\u00e7ue. Ainsi l&rsquo;enqu\u00eate, men\u00e9e dans le cadre du projet \u00a0\u00bb Cr\u00e9ateurs de Dr\u00f4me \u00a0\u00bb aupr\u00e8s de 400 habitants des communes riveraines du cours d&rsquo; eau, montre que 87% des personnes interrog\u00e9es pensent que le manque d&rsquo;eau est probl\u00e9matique ( Bart\u00e9lemy et al, 2010). Ces pressions sont aussi mesur\u00e9es. Les premiers r\u00e9sultats \u00e9tablis \u00e0 partir d&rsquo;une \u00e9tude de mod\u00e9lisation sur les \u00a0\u00bb volumes pr\u00e9levables \u00a0\u00bb (Sogreah in Sauquet 2010, p 107) soulignent \u00a0\u00bb <em>une pression forte sur la ressource en eau en aval de Crest qui se traduit par certains d\u00e9bits d&rsquo;\u00e9tiage actuels diminu\u00e9s de plus de 20% par rapport au m\u00eame d\u00e9bit en situation naturelle: des pr\u00e9l\u00e8vements majoritairement agricoles \u00e0 l&rsquo;\u00e9chelle du bassin versant, des contrastes g\u00e9ographiques sur les sources de pr\u00e9l\u00e8vement (l&rsquo; alimentation en eau potable est l&rsquo;usage dominant en amont de Saillans et l&rsquo; irrigation en aval de Saillans) <\/em>\u00ab\u00a0. L&rsquo;alimentation en eau potable provient enti\u00e8rement des eaux souterraines. Les captages sont dispers\u00e9s et leurs d\u00e9bits soumis \u00e0 de fortes variations saisonni\u00e8res. La concurrence est latente avec l&rsquo;irrigation.<\/p>\n\n\n\n<p>L&rsquo; agriculture, activit\u00e9 motrice sur le territoire, occupant un tiers des entreprises de la vall\u00e9e et un quart des surfaces, est l&rsquo;autre grande consommatrice d&rsquo;eau. Les surfaces irrigu\u00e9es sont de 4 800 hectares (Direction d\u00e9partementale de l&rsquo; agriculture et de la for\u00eat (DDAF), 2007 in syndicat mixte de la rivi\u00e8re Dr\u00f4me (SMRD), 2009). L&rsquo;essor de l&rsquo;irrigation constat\u00e9 entre 1970 et 1988 (Recensement g\u00e9n\u00e9ral de l&rsquo;agriculture (RGA), 1988), qui s&rsquo;est concr\u00e9tis\u00e9 par le doublement des surfaces \u00e9quip\u00e9es, est officiellement stopp\u00e9 depuis 1995, par le gel en irrigation collective des superficies irrigu\u00e9es en p\u00e9riode estivale en r\u00e9ponse \u00e0 la multiplication des \u00abassecs\u00bb, dans le cadre du SAGE apr\u00e8s une longue n\u00e9gociation entre la profession agricole et les collectivit\u00e9s territoriales. Malgr\u00e9 les \u00e9volutions notables, le bilan du SAGE (2011) conclut n\u00e9anmoins \u00e0 une hausse des superficies irrigu\u00e9es. \u00a0\u00bb <em>L&rsquo;augmentation du d\u00e9ficit en eau est due principalement \u00e0 la variabilit\u00e9 du climat, aux assolements qui privil\u00e9gient le ma\u00efs et \u00e0 l&rsquo;augmentation des cultures irrigu\u00e9es<\/em> \u00a0\u00bb est-il ainsi diagnostiqu\u00e9 dans le document de r\u00e9vision du SAGE ( SMRD, 2011). Le ma\u00efs, principale culture irrigu\u00e9e, est associ\u00e9 au d\u00e9veloppement de la fili\u00e8re avicole, la production de c\u00e9r\u00e9ales de la zone couvrant 60% des besoins pour les productions animales (Ruelle et al, 2010).<\/p>\n\n\n\n<p>Dans ce contexte, la profession agricole propose de pallier le d\u00e9s\u00e9quilibre saisonnier de la ressource en mettant en place des r\u00e9serves de substitution et en limitant ainsi les pr\u00e9l\u00e8vements dans la rivi\u00e8re en \u00e9t\u00e9. Une premi\u00e8re r\u00e9serve, la r\u00e9serve des Juanons d&rsquo;un million de m\u00e8tres cube, est en service depuis 2006.<\/p>\n\n\n\n<p><br><\/p>\n\n\n\n<p><\/p>\n\n\n\n<p><\/p>\n\n\n\n<figure class=\"wp-block-image size-full\"><img loading=\"lazy\" decoding=\"async\" width=\"792\" height=\"570\" src=\"https:\/\/histoire-patrimoine-aoustois.fr\/wp-content\/uploads\/2023\/04\/histoire-deau-drome-figure-2.jpg\" alt=\"\" class=\"wp-image-8049\" srcset=\"https:\/\/histoire-patrimoine-aoustois.fr\/wp-content\/uploads\/2023\/04\/histoire-deau-drome-figure-2.jpg 792w, https:\/\/histoire-patrimoine-aoustois.fr\/wp-content\/uploads\/2023\/04\/histoire-deau-drome-figure-2-300x216.jpg 300w, https:\/\/histoire-patrimoine-aoustois.fr\/wp-content\/uploads\/2023\/04\/histoire-deau-drome-figure-2-768x553.jpg 768w\" sizes=\"(max-width: 792px) 100vw, 792px\" \/><figcaption class=\"wp-element-caption\"><em>Figure 2<\/em><\/figcaption><\/figure>\n\n\n\n<p><\/p>\n\n\n\n<p><\/p>\n\n\n\n<p>Un autre type d&rsquo;utilisateur est l&rsquo; activit\u00e9 touristique et de loisirs, composante \u00e9conomique du bassin de la Dr\u00f4me aujourd&rsquo;hui. Au total, le nombre de nuit\u00e9es marchandes est estim\u00e9 \u00e0 784 267 sur le bassin ( Loubier et al 2011). L&rsquo; enqu\u00eate r\u00e9alis\u00e9e par Barth\u00e9lemy et al (2010) est riche d&rsquo;informations pour estimer \u00e9galement la valeur d&rsquo;usage r\u00e9cr\u00e9atif des riverains de la rivi\u00e8re: 75% des habitants ont une activit\u00e9 autour de la rivi\u00e8re. Parmi les principales activit\u00e9s pratiqu\u00e9es sur ou le long de la rivi\u00e8re sont \u00e9voqu\u00e9es la promenade (40%) et la baignade (27%). La baignade se pratique de juin \u00e0 septembre. Cette activit\u00e9 a pu se d\u00e9velopper gr\u00e2ce aux efforts faits par les municipalit\u00e9s du bassin de la Dr\u00f4me pour am\u00e9liorer la qualit\u00e9 des cours d&rsquo;eau, dans le cadre notamment des deux Contrats de Rivi\u00e8re. Au cours des vingt derni\u00e8res ann\u00e9es, le parc des stations d&rsquo;\u00e9puration a ainsi \u00e9t\u00e9 fortement compl\u00e9t\u00e9. La pratique des sports d&rsquo;eau, d&rsquo;avril \u00e0 octobre, est en plein essor. On est notamment pass\u00e9 de 3 000 journ\u00e9es par an en 1990 \u00e0 30 000 journ\u00e9es par an en 2008 pour le cano\u00eb-kayak (SMRD, 2011). Un d\u00e9bit minimum de 1,5m\u00b3\/s \u00e0 Saillans est n\u00e9cessaire pour cette pratique, ce qui n&rsquo;est pas sans entra\u00eener des conflits r\u00e9currents avec les autres usagers. A c\u00f4t\u00e9 des activit\u00e9s de p\u00eache et de chasse traditionnelle se d\u00e9veloppe le tourisme vert bas\u00e9 sur la valorisation du patrimoine naturel. Ce patrimoine faunistique et floristique qui contribue \u00e0 la biodiversit\u00e9 a \u00e9t\u00e9 identifi\u00e9 puis prot\u00e9g\u00e9 \u00e0 travers diff\u00e9rents outils d&rsquo;action publique (arr\u00eat\u00e9s de biotope, zones Natura 2000 ou des Espaces sensibles naturels). Le plus embl\u00e9matique est la R\u00e9serve naturelle des Rami\u00e8res (Allex) assure l&rsquo;accueil du public et constitue un lieu de recherches scientifique et un p\u00f4le d&rsquo; \u00e9ducation \u00e0 l&rsquo;environnement. La communaut\u00e9 de communes du Val de Dr\u00f4me en assure la gestion.<\/p>\n\n\n\n<p>La gestion de l&rsquo;eau est largement r\u00e9alis\u00e9e par les regroupements de collectivit\u00e9s locales (communaut\u00e9s de communes et Conseil d\u00e9partemental). La sp\u00e9cificit\u00e9 de ces structures tient \u00e0 la fois \u00e0 leur positionnement, \u00e0 l&rsquo;interface entre les usagers de l&rsquo;eau et l&rsquo;administration, et \u00e0 leur aptitude \u00e0 traiter simultan\u00e9ment les questions de d\u00e9veloppement territorial et de pr\u00e9servation de la ressource et de l&rsquo;environnement (Girard, 2012). Les outils mis en place en mati\u00e8re de gestion concourent \u00e0 une gestion int\u00e9gr\u00e9e de l&rsquo; eau. Plus de vingt ans de gestion de l&rsquo; eau autour de la rivi\u00e8re Dr\u00f4me ont permis le renforcement d&rsquo;une nouvelle territorialit\u00e9: la Vall\u00e9e de la Dr\u00f4me. L&rsquo;enjeu est aujourd&rsquo;hui de continuer, comme lors des deux pr\u00e9c\u00e9dents Contrats de Rivi\u00e8re, \u00e0 \u00a0\u00bb f<em>aire du SAGE un \u00e9l\u00e9ment structurant et porteur du projet de territoire renfor\u00e7ant la prise en compte de son identit\u00e9 et construisant une image commune autour de la rivi\u00e8re qui le traverse (\u2026) \u00ab\u00a0<\/em> (SMRD, 2011). Il devra composer avec un Grand Projet Rh\u00f4ne-Alpes, Biovall\u00e9e, qui porte sur les probl\u00e9matiques d&rsquo; \u00e9co-territoire et de \u00abd\u00e9veloppement humain durable\u00bb.<\/p>\n\n\n\n<p id=\"conclusion\"><strong>Conclusion<\/strong><\/p>\n\n\n\n<p>L&rsquo;analyse diachronique des usages et des dispositifs de gestion des eaux (du XIX<sup>e<\/sup> si\u00e8cle jusqu&rsquo;en 2010) a permis d&rsquo;\u00e9tablir les principaux jalons de l&rsquo;\u00e9volution des usages de l&rsquo;eau et de leurs liens avec les territoires environnants. Cette d\u00e9marche, compl\u00e9t\u00e9e par d&rsquo;autres travaux (Bouleau, Honegger, 2011) et l&rsquo;\u00e9tablissement de trames r\u00e9trospectives et prospectives \u00e9labor\u00e9es par une \u00e9quipe pluridisciplinaire, a permis de relever les discontinuit\u00e9s, les r\u00e9gularit\u00e9s, les h\u00e9ritages mat\u00e9riels, tels les am\u00e9nagements, ou immat\u00e9riels comme les savoir-faire, les pratiques, les modes de gestion, puis les transformations dans les usages et les pratiques sur l&rsquo;eau et les territoires qui s&rsquo;inscrivent comme un d\u00e9passement des contraintes et, <em>in fine<\/em>, de proposer des sc\u00e9narios d&rsquo;\u00e9volution possibles int\u00e9grant la pluralit\u00e9 des histoires et les choix des pouvoirs publics. Cette approche de la connaissance favorise l&rsquo;int\u00e9gration de trois dimensions importantes dans les d\u00e9coupages scientifiques: le temps, l&rsquo;espace et les diff\u00e9rents objets. Le d\u00e9coupage espace-temps-objet est la condition de l&rsquo;appr\u00e9hension de l&rsquo;environnement de mani\u00e8re continue. Le plus souvent, les d\u00e9coupages sont \u00e0 la fois h\u00e9rit\u00e9s et adapt\u00e9s. Dans cette approche, nous avons consid\u00e9r\u00e9 que les \u00e9volutions du milieu, des pratiques et des discours s&rsquo;influencent mutuellement et que l&rsquo;on peut parler de co-\u00e9volutions socio- environnementales. Pour autant, les usages pass\u00e9s de la rivi\u00e8re ont laiss\u00e9 des h\u00e9ritages qui se retrouvent dans les am\u00e9nagements de la rivi\u00e8re et de ses affluents, les digues qui prot\u00e8gent villes et villages, les canaux, les anciens moulins et une histoire du territoire qui contribue \u00e0 l&rsquo;identit\u00e9 de la vall\u00e9e, \u00e0 l&rsquo;int\u00e9gration des nouveaux arrivants et \u00e0 la mise en valeur du patrimoine architectural et industriel. L&rsquo;ensemble de ces h\u00e9ritages et la volont\u00e9 de pr\u00e9server des milieux naturels restaur\u00e9s constituent une des richesses de la vall\u00e9e. La Dr\u00f4me recr\u00e9e du lien territorial et retrouve une de ses fonctions d&rsquo;autrefois au travers de sa gestion patrimoniale. La basse vall\u00e9e b\u00e9n\u00e9ficie certes de la proximit\u00e9 de l&rsquo;axe rhodanien, mais la rivi\u00e8re sert \u00e0 nouveau de lien entre haute et basse vall\u00e9e.<\/p>\n\n\n\n<p><em><strong>Auteur : Anne Rivi\u00e8re-Honegger<\/strong><\/em><\/p>\n\n\n\n<p><em><strong>UMR 5600 EVS \u2013 CNRS, Universit\u00e9 de Lyon, 18 rue Chevreuil, 69362 Lyon Cedex 07, anne.honegger@ens-lyon.fr<\/strong><\/em><br><br><br><\/p>\n\n\n\n<p><\/p>\n\n\n\n<p id=\"larivieresye\"><strong>B \u2013 <a href=\"https:\/\/histoire-patrimoine-aoustois.fr\/?p=5126\" target=\"_blank\" rel=\"noreferrer noopener\">LA RIVI\u00c8RE SYE<\/a>   <\/strong><br><\/p>\n\n\n\n<p>La Sye prend sa source au plateau de Savel, sur la commune de Giigors et Lozeron \u00e0 une altitude de 706 m. Elle est un affluent de la Dr\u00f4me qu&rsquo;elle rejoint \u00e0 Aouste sur Sye en amont du pont du 8 mai 1945. L&rsquo;altitude de confluence est de 185 m. Elle re\u00e7oit de nombreux petits ruisseaux, souvent \u00e0 sec en \u00e9t\u00e9, dont le plus important est le ruisseau de Corneret. D&rsquo;une longueur de 12,5 km, elle longe la D 731 par le hameau de la Rivi\u00e8re (sur la commune de Gigors et Lozeron ), Cobonne et Aouste sur Sye. Le d\u00e9nivel\u00e9 est de 0,004 m tous les kilom\u00e8tres, soit un pourcentage moyen de 4,17%. La Sye est aussi pris\u00e9e des p\u00eacheurs pour ses truites. Enfin le captage cons\u00e9quent, au dessus du hameau de la Charousse, permet d&rsquo;alimenter en eau potable les trois hameaux de la commune de Gigors et Lozeron&nbsp;: La Rivi\u00e8re, Gigors et Lozeron.<\/p>\n\n\n\n<p>Comme variantes orthographiques de son nom, les documents du Moyen Age nous fournissent seulement&nbsp;: Sia (1240), Sya (1383), Sirs alis Sio (1508), Scie (1594 et 1757)<br><\/p>\n\n\n\n<p>Suivant un devis \u00e9tabli en 1689 par Pierre Moulin, ma\u00eetre-ma\u00e7on, pour r\u00e9paration des murailles (AM-DD3\/84) , on peut constater les d\u00e9g\u00e2ts que les crues torrentielles de la Sye occasionnaient aux murs de la ville. (<em>Cette description correspond au c\u00f4t\u00e9 droit de la photo de 1913 c\u00f4t\u00e9 amont ci-dessus<\/em>)<\/p>\n\n\n\n<p>\u00a0\u00bb &#8230;<em>Depuis cette tour ronde jusqu&rsquo;au pont de Sye il y serait d\u00e9moli une partie des murs par la grande continuation des eaux et la force de la rivi\u00e8re o\u00f9 pour avoir \u00e9t\u00e9 b\u00e2tie sur un rocher mort lequel faut \u00ab\u00a0escarper\u00a0\u00bb (tailler) pour pouvoir prendre \u00e0 la fondation de la muraille qui doit \u00eatre faite laquelle sera fond\u00e9e sur bon et solide fonds foulant dans le gravier&nbsp; de la dite rivi\u00e8re de Sye, son \u00e9paisseur sera de trois pieds en fondation laquelle sera b\u00e2tie avec des gros quartiers de pierre bien distants dans le bon mortier \u00e0 chaux chaude, laquelle muraille sera \u00e9lev\u00e9e de quatre toises de hauteur dessus le gravier, elle sera \u00e9lev\u00e9e avec fruit ou talus par le dehors de sorte qu&rsquo;elle sera r\u00e9duite \u00e0 deux pieds trois pouces d&rsquo;\u00e9paisseur \u00e0 sa hauteur. Depuis le pont de la dite rivi\u00e8re de Sye jusqu&rsquo;\u00e0 la rivi\u00e8re de Drome il s&rsquo;y trouve des br\u00e8ches lesquelles faut fermer et reprendre principalement une qui s&rsquo;y trouve entre le dit pont et le moulin \u00e0 huile&nbsp; &#8230;\u00a0\u00bb<\/em><\/p>\n\n\n\n<p><br><\/p>\n\n\n\n<p><\/p>\n\n\n\n<p><\/p>\n\n\n<div class=\"wp-block-image\">\n<figure class=\"aligncenter size-full\"><img loading=\"lazy\" decoding=\"async\" width=\"393\" height=\"263\" src=\"https:\/\/histoire-patrimoine-aoustois.fr\/wp-content\/uploads\/2023\/04\/histoire-deau-la-sye.jpg\" alt=\"\" class=\"wp-image-8050\" srcset=\"https:\/\/histoire-patrimoine-aoustois.fr\/wp-content\/uploads\/2023\/04\/histoire-deau-la-sye.jpg 393w, https:\/\/histoire-patrimoine-aoustois.fr\/wp-content\/uploads\/2023\/04\/histoire-deau-la-sye-300x201.jpg 300w\" sizes=\"(max-width: 393px) 100vw, 393px\" \/><figcaption class=\"wp-element-caption\"><em>La Sye au niveau de l\u2019usine Sacna-Lembacel<\/em><\/figcaption><\/figure>\n<\/div>\n\n\n<p><\/p>\n\n\n\n<p><\/p>\n\n\n\n<p id=\"lelauzens\"><strong>C &#8211;<\/strong> <strong>LE LAUZENS&nbsp;<\/strong><\/p>\n\n\n\n<p><\/p>\n\n\n\n<p><\/p>\n\n\n\n<p>De nombreux torrents drainent les pentes internes de la partie de la for\u00eat de Saou la plus \u00e0 l&rsquo;ouest et forment le ruisseau \u00ab\u00a0Lauzens\u00a0\u00bb qui s&rsquo;\u00e9coule hors du synclinal perch\u00e9 au lieu dit \u00ab\u00a0Le Pas de Lauzens\u00a0\u00bb.<br>A cet endroit pr\u00e9cis, le tumultueux ruisseau doit effectuer une chute de 7 ou 8 m\u00e8tres et poursuivre son cours pour rejoindre la rivi\u00e8re Dr\u00f4me en aval du village d&rsquo;Aouste sur Sye<\/p>\n\n\n\n<p>Au niveau du Pas de Lauzens (416 m\u00e8tres) , on observe de part et autre de la route&nbsp; que les falaises de calcaire \u00e0 la suite d&rsquo;une puissante \u00e9rosion se sont profond\u00e9ment \u00e9chancr\u00e9es cr\u00e9ant c\u00f4t\u00e9 nord une forme d&rsquo;entonnoir o\u00f9 s&rsquo;engouffre le Mistral.=<\/p>\n\n\n\n<p>En hiver, lorsque le ruisseau d\u00e9bite suffisamment et lors d&rsquo;une froide nuit venteuse du nord, il n&rsquo;est pas rare que l&rsquo;eau du torrent d\u00e9gringolant de la chute remonte, soulev\u00e9e par le puissant courant d&rsquo;air et forme d&rsquo;\u00e9tonnantes stalactites de glace remontantes, des draperies froiss\u00e9es puis retombe en amont de la cascade.<\/p>\n\n\n\n<p><br><\/p>\n\n\n\n<p><\/p>\n\n\n<div class=\"wp-block-image\">\n<figure class=\"aligncenter size-full\"><img loading=\"lazy\" decoding=\"async\" width=\"586\" height=\"413\" src=\"https:\/\/histoire-patrimoine-aoustois.fr\/wp-content\/uploads\/2023\/04\/histoire-deau-lauzens.jpg\" alt=\"\" class=\"wp-image-8051\" srcset=\"https:\/\/histoire-patrimoine-aoustois.fr\/wp-content\/uploads\/2023\/04\/histoire-deau-lauzens.jpg 586w, https:\/\/histoire-patrimoine-aoustois.fr\/wp-content\/uploads\/2023\/04\/histoire-deau-lauzens-300x211.jpg 300w\" sizes=\"(max-width: 586px) 100vw, 586px\" \/><figcaption class=\"wp-element-caption\"><em>Le Lauzens<\/em><\/figcaption><\/figure>\n<\/div>\n\n\n<p><\/p>\n\n\n\n<p><\/p>\n\n\n\n<p>Rapidement refroidie par la vitesse du vent, l&rsquo;eau g\u00e8le sur la v\u00e9g\u00e9tation et recouvre la route d&rsquo;une dizaine de centim\u00e8tres de glace. La configuration particuli\u00e8re des lieux combin\u00e9e aux conditions m\u00e9t\u00e9orologiques hivernales (vent et froid) est \u00e0 l&rsquo;origine d&rsquo;un ph\u00e9nom\u00e8ne de givrage assez surprenant. Ce moment particulier est assez f\u00e9erique, le givrage des buis, arbres et buissons est tr\u00e8s localis\u00e9 sur une trentaine de m\u00e8tres en amont de la chute alors qu&rsquo;ailleurs, tout est parfaitement &#8230; au sec !!!<\/p>\n\n\n\n<p><\/p>\n\n\n\n<p><\/p>\n\n\n\n<p id=\"lalauziereetlagervanne\"><strong>D &#8211; LA LAUZIERE ET LA GERVANNE<\/strong><\/p>\n\n\n\n<p><\/p>\n\n\n\n<p>A l&rsquo;ouest de la commune d&rsquo; Aouste, le ruisseau de la Lauzi\u00e8re (ou Lozi\u00e8re) sert de limite avec la commune de Crest. Le ruisseau de la Lauzi\u00e8re, form\u00e9 de la r\u00e9union du Chanterenard et du Craisseron, se jette dans la Dr\u00f4me. On lui donnait autrefois le nom de <em>Creyssello<\/em> (en 1383 &#8211; archives de la Dr\u00f4me, E 509)&nbsp;; <em>le ruisseau de Cressel<\/em>, (en 1521 &#8211; Inventaire de la chambre des comptes); <em>e<\/em><em>l r<\/em><em>iou<\/em><em> de Creyssalo joxta lo cementieri de Creyssalo<\/em> (au XIII<sup>e<\/sup> si\u00e8cle &#8211; Le lieus de levesque)&nbsp;; <em>l<\/em><em>e <\/em><em>r<\/em><em>if de Cressalon sive de Saint-Vincent <\/em>( en 1641 &#8211; parcellaire de Crest)&nbsp;; <em>le rif de Cressaron<\/em> ( au XVII<sup>e<\/sup>si\u00e8cle (archives de la Dr\u00f4me, E 509) mais aussi <em>l<\/em><em>e <\/em><em>r<\/em><em>if de la Leauzi\u00e9re ou Saint-Vincen<\/em>t (en 1651 &#8211; parcellaire de Crest)&nbsp; et <em>Cresseron<\/em> (sur le plan. cadastral). Pour son affluent ,le Chanterenard, nous avons au XIII<sup>e<\/sup> si\u00e8cle, <em>El riou de Riss<\/em><em>i<\/em><em>gaut<\/em> (Le lieus de levesque)&nbsp;; <em>Rossigaud,<\/em> (en 1523 &#8211; Inventaire de la chambre des comptes). Et <em>l<\/em><em>e r<\/em><em>i<\/em><em>f de Rossingaud sive Chante Re<\/em><em>y<\/em><em>nard,<\/em> (1641 parcellaire).<\/p>\n\n\n\n<p>Le ruisseau de <strong><a href=\"https:\/\/histoire-patrimoine-aoustois.fr\/?p=5126\">Gervanne<\/a><\/strong> s\u00e9pare, \u00e0 l&rsquo;est, les communes d&rsquo;Aouste sur Sye et de Mirabel et Blacons.<\/p>\n\n\n\n<p><br><\/p>\n\n\n\n<p class=\"has-text-align-center\" id=\"chapitreiv\"><a><\/a> <strong>CHAPITRE IV<\/strong><\/p>\n\n\n\n<p class=\"has-text-align-center\" id=\"canaux\"><br><strong>LES CANAUX<\/strong><\/p>\n\n\n\n<p><br><\/p>\n\n\n\n<p id=\"generalites\"><strong>A &#8211;&nbsp; GENERALITES<\/strong><br><br><\/p>\n\n\n\n<p>Un canal est une voie d&rsquo;eau artificielle, publique ou priv\u00e9e de section ouverte ; parfois en tranch\u00e9e ou constitu\u00e9 de v\u00e9ritables ouvrages am\u00e9nag\u00e9s.<\/p>\n\n\n\n<p>Un canal d&rsquo;irrigation peut \u00eatre assimil\u00e9 \u00e0 une rivi\u00e8re canalis\u00e9e par voie artificielle. Il a pour but de d\u00e9tourner une partie de l&rsquo; eau d&rsquo;une rivi\u00e8re de son cours normal pour des besoins humains ou multiples: d&rsquo;irrigation bien s\u00fbr, mais aussi d&rsquo;eau potable, sanitaires, de production d&rsquo;\u00e9lectricit\u00e9, d&rsquo;alimentation de moulins etc.<\/p>\n\n\n\n<p>On peut imaginer que les premiers canaux sont apparus avec les d\u00e9buts de l&rsquo; agriculture, il y a 10 000 ans environ. D\u00e9s l&rsquo;Antiquit\u00e9, puis au Moyen Age, des berges et des fonds de cours d&rsquo; eau ont \u00e9t\u00e9 rectifi\u00e9s, stabilis\u00e9s et am\u00e9nag\u00e9s pour emp\u00eacher les inondations en cas de crue et pour faciliter la traction ( halage ) et l&rsquo; accostage. Des gu\u00e9s \u00e9tant am\u00e9nag\u00e9s pour permettre aux hommes, au b\u00e9tail et parfois \u00e0 des charrois de traverser les cours d&rsquo; eau. En France, au haut Moyen Age, il y avait encore tr\u00e8s peu de ponts. Des barrages munis de pertuis (toujours ouverts ou bien ferm\u00e9s par des portes ou des \u00abaiguilles\u00bb mobiles) permettaient de r\u00e9guler les crues et de conserver de l&rsquo; eau en p\u00e9riode d&rsquo; \u00e9tiage.<br><br><\/p>\n\n\n\n<p id=\"droitdusagedesriverains\"><strong>B &#8211; DROIT D&rsquo;USAGE DES RIVERAINS<\/strong><br><br><\/p>\n\n\n\n<p>Il nous para\u00eet utile, voire indispensable, de rappeler ici les r\u00e8gles g\u00e9n\u00e9rales du droit d&rsquo;usage des riverains des cours d&rsquo;eau non domaniaux. Les articles 644 du code civil et 97 du code rural en fixent les limites<\/p>\n\n\n\n<p>&#8211; Art 644:<\/p>\n\n\n\n<p><em>Celui dont la propri\u00e9t\u00e9 borde une eau courante, autre que celle qui est d\u00e9clar\u00e9e d\u00e9pendante du domaine public par l&rsquo;article 538 \u00a0\u00bb De la distinction des biens\u00bb peut s&rsquo;en servir \u00e0 son passage pour l&rsquo;irrigation de ses propri\u00e9t\u00e9s.<\/em><\/p>\n\n\n\n<p><em>Celui dont cette eau traverse l&rsquo;h\u00e9ritage peut m\u00eame en user dans l&rsquo;intervalle qu&rsquo;elle y parcourt, mais \u00e0 la charge de la rendre, \u00e0 la sortie de ses fonds, \u00e0 son cours ordinaire.<\/em><\/p>\n\n\n\n<p><em>Le riverain est celui dont la propri\u00e9t\u00e9 borde l&rsquo;eau. Ne peut \u00eatre consid\u00e9r\u00e9 comme riverain, celui qui est s\u00e9par\u00e9 du cours d&rsquo;eau par une digue, un chemin public ou un autre h\u00e9ritage.<\/em><\/p>\n\n\n\n<p>&#8211; Art 97:<\/p>\n\n\n\n<p><em>Les riverains n&rsquo;ont le droit d&rsquo;user de l&rsquo;eau courante qui borde ou traverse leurs h\u00e9ritages que dans les limites d\u00e9termin\u00e9es par la loi. Ils sont tenus de se conformer dans l&rsquo; exercice de ce droit, aux dispositions des r\u00e8glements et des autorisations \u00e9man\u00e9es de l&rsquo; Administration<\/em><\/p>\n\n\n\n<p>Enfin les canaux ont pris un nouvel essor avec l&rsquo;utilisation de la force motrice pour faire tourner les roues des moulins \u00e0 partir du XIII<sup>e<\/sup> si\u00e8cle. Les riverains avaient un droit d&rsquo;arrosage, sous r\u00e9serve d&rsquo;avoir donn\u00e9 du terrain pour le passage de ces canaux. Inutile de pr\u00e9ciser que cette proc\u00e9dure fut l&rsquo;objet de nombreuses querelles et proc\u00e8s entre utilisateurs, comme nous le verrons plus loin.<\/p>\n\n\n\n<p>Pour notre village, nous avons \u00e9tabli un plan sommaire.<br><br>.<\/p>\n\n\n\n<p>Dans la partie nord de la commune :<br><\/p>\n\n\n\n<ul class=\"wp-block-list\">\n<li>&#8211; ce qui existait \u00e0 l\u2019origine<\/li>\n<\/ul>\n\n\n\n<ul class=\"wp-block-list\">\n<li>&#8211; et ce qui reste aujourd\u2019hui<\/li>\n<\/ul>\n\n\n\n<p><br><br><\/p>\n\n\n\n<figure class=\"wp-block-image size-full\"><img loading=\"lazy\" decoding=\"async\" width=\"927\" height=\"600\" src=\"https:\/\/histoire-patrimoine-aoustois.fr\/wp-content\/uploads\/2023\/04\/histoire-deau-plan-canaux-rive-droite-01.jpg\" alt=\"\" class=\"wp-image-8118\" srcset=\"https:\/\/histoire-patrimoine-aoustois.fr\/wp-content\/uploads\/2023\/04\/histoire-deau-plan-canaux-rive-droite-01.jpg 927w, https:\/\/histoire-patrimoine-aoustois.fr\/wp-content\/uploads\/2023\/04\/histoire-deau-plan-canaux-rive-droite-01-300x194.jpg 300w, https:\/\/histoire-patrimoine-aoustois.fr\/wp-content\/uploads\/2023\/04\/histoire-deau-plan-canaux-rive-droite-01-768x497.jpg 768w\" sizes=\"(max-width: 927px) 100vw, 927px\" \/><\/figure>\n\n\n\n<p><\/p>\n\n\n<div class=\"wp-block-image\">\n<figure class=\"aligncenter size-full\"><img loading=\"lazy\" decoding=\"async\" width=\"606\" height=\"107\" src=\"https:\/\/histoire-patrimoine-aoustois.fr\/wp-content\/uploads\/2023\/04\/histoire-deau-plan-canaux-rive-droite-02.jpg\" alt=\"\" class=\"wp-image-8119\" srcset=\"https:\/\/histoire-patrimoine-aoustois.fr\/wp-content\/uploads\/2023\/04\/histoire-deau-plan-canaux-rive-droite-02.jpg 606w, https:\/\/histoire-patrimoine-aoustois.fr\/wp-content\/uploads\/2023\/04\/histoire-deau-plan-canaux-rive-droite-02-300x53.jpg 300w, https:\/\/histoire-patrimoine-aoustois.fr\/wp-content\/uploads\/2023\/04\/histoire-deau-plan-canaux-rive-droite-02-600x107.jpg 600w\" sizes=\"(max-width: 606px) 100vw, 606px\" \/><\/figure>\n<\/div>\n\n\n<p><br><\/p>\n\n\n\n<p><\/p>\n\n\n\n<figure class=\"wp-block-image size-full\"><img loading=\"lazy\" decoding=\"async\" width=\"1000\" height=\"789\" src=\"https:\/\/histoire-patrimoine-aoustois.fr\/wp-content\/uploads\/2023\/04\/histoire-deau-plan-situation-drains.jpg\" alt=\"\" class=\"wp-image-8120\" srcset=\"https:\/\/histoire-patrimoine-aoustois.fr\/wp-content\/uploads\/2023\/04\/histoire-deau-plan-situation-drains.jpg 1000w, https:\/\/histoire-patrimoine-aoustois.fr\/wp-content\/uploads\/2023\/04\/histoire-deau-plan-situation-drains-300x237.jpg 300w, https:\/\/histoire-patrimoine-aoustois.fr\/wp-content\/uploads\/2023\/04\/histoire-deau-plan-situation-drains-768x606.jpg 768w\" sizes=\"(max-width: 1000px) 100vw, 1000px\" \/><figcaption class=\"wp-element-caption\"><em>Plan de situation des drains et canaux<\/em><\/figcaption><\/figure>\n\n\n\n<p><\/p>\n\n\n\n<p><\/p>\n\n\n\n<p>Cela permet de constater que d\u00e8s l\u2019\u00e9poque gallo-romaine, et, ensuite au Moyen Age, il y avait un maillage de drains et canaux.<br><\/p>\n\n\n\n<p><em><u><strong>Plan sommaire \u2013 L\u00e9gende<\/strong><\/u><\/em><\/p>\n\n\n\n<p class=\"has-luminous-vivid-orange-color has-text-color\">__&nbsp; Ce qui existe actuellement, c\u2019est \u00e0 dire le canal de la Sye<\/p>\n\n\n\n<p class=\"has-text-color\" style=\"color:#1b9943\">__ Ce qui existait jusque dans les ann\u00e9es 1960&nbsp; <\/p>\n\n\n\n<p>                  <\/p>\n\n\n\n<figure class=\"wp-block-image size-full\"><img loading=\"lazy\" decoding=\"async\" width=\"53\" height=\"18\" src=\"https:\/\/histoire-patrimoine-aoustois.fr\/wp-content\/uploads\/2023\/04\/image-4.png\" alt=\"\" class=\"wp-image-8124\"\/><\/figure>\n\n\n\n<p class=\"has-text-color\" style=\"color:#fc9b00\">  Ce qui existait au d\u00e9but du XX<sup>e<\/sup> si\u00e8cle   &nbsp;&nbsp;<\/p>\n\n\n\n<figure class=\"wp-block-image size-full\"><img loading=\"lazy\" decoding=\"async\" width=\"18\" height=\"12\" src=\"https:\/\/histoire-patrimoine-aoustois.fr\/wp-content\/uploads\/2023\/04\/image-5.png\" alt=\"\" class=\"wp-image-8125\"\/><\/figure>\n\n\n\n<p class=\"has-text-color\" style=\"color:#733508\"> Bassin de d\u00e9cantation. Roue \u00e0 aubes \u00e0 l\u2019entr\u00e9e de l\u2019All\u00e9e de la papeterie.Il y avait une source au mur d\u2019escalade.<\/p>\n\n\n\n<p><strong>__ <\/strong>Drains (gallo-romains et Moyen Age) qui viennent du quartier Saint Fran\u00e7ois<\/p>\n\n\n\n<p class=\"has-text-color\" style=\"color:#1307e3\"><strong>__   <\/strong>Canal du d\u00e9but du XIX<sup>e<\/sup> si\u00e8cle qui servait \u00e0 l\u2019arrosage<\/p>\n\n\n\n<p><br><br>Nous avons successivement:<\/p>\n\n\n\n<p><br><br><strong>Pour la rivi\u00e8re de SYE<\/strong><\/p>\n\n\n\n<p><\/p>\n\n\n\n<ul class=\"wp-block-list\">\n<li>&#8211; Le canal romain des Arras<\/li>\n<\/ul>\n\n\n\n<ul class=\"wp-block-list\">\n<li> Le canal de la Pialle- Le canal Thom\u00e9 ( aux limites des communes Aouste-Cobonne)<\/li>\n<\/ul>\n\n\n\n<ul class=\"wp-block-list\">\n<li> Le canal de la SACNA (le Sac National) situ\u00e9 rive gauche<\/li>\n<\/ul>\n\n\n\n<ul class=\"wp-block-list\">\n<li> Le canal du Moulin Appaix (Apaix) aliment\u00e9 par le canal de La Pialle<\/li>\n<\/ul>\n\n\n\n<p><\/p>\n\n\n\n<p><br><strong>Sur la rive gauche de la Dr\u00f4me<\/strong><br><\/p>\n\n\n\n<ul class=\"wp-block-list\">\n<li>Le canal de l&rsquo;usine Tavan (Flachard)<\/li>\n<\/ul>\n\n\n\n<ul class=\"wp-block-list\">\n<li>Le canal de Soubeyran<\/li>\n<\/ul>\n\n\n\n<p><br><strong>Sur la rive droite de la Dr\u00f4me<\/strong><br><\/p>\n\n\n\n<ul class=\"wp-block-list\">\n<li>Le canal des usines de Crest<\/li>\n<\/ul>\n\n\n\n<ul class=\"wp-block-list\">\n<li> Le canal de Sye<\/li>\n<\/ul>\n\n\n\n<ul class=\"wp-block-list\">\n<li>Le canal de Gervanne<\/li>\n<\/ul>\n\n\n\n<p id=\"lecanalromaindesarras\"><br><br><strong>C &#8211; LE CANAL ROMAIN DES ARRAS<\/strong><br><br><\/p>\n\n\n\n<p>Le plus ancien est celui qui alimentait les villas romaines au quartier des Arras, indiqu\u00e9 sur un plan de 1750. Il prenait l&rsquo;eau de la Sye \u00e0 Cobonne, au niveau de la ferme Paturel et suivait la vall\u00e9e \u00e0 flanc de coteau. On peut encore en suivre le trac\u00e9 franchissant le ravin sous la ferme Boulard. (Voir plan ci-dessus)<br><br><\/p>\n\n\n\n<p id=\"lecanaldelapialle\"><strong>D &#8211; LE CANAL DE LA PIALLE<\/strong><br><br><\/p>\n\n\n\n<p>Ce canal servait \u00e0 l&rsquo;usine de la Pialle (ex usine Charnier&nbsp;; Papeterie Fox, fabrication de papier hygi\u00e9nique), puis d&rsquo;arrosage au village et au quartier de Mivoie, n&rsquo;est plus en service depuis 1996 . Une d\u00e9rivation servait \u00e9galement pour l\u2019industrie (moulins), artisanat.\u2026<\/p>\n\n\n\n<p>La plus ancienne mention de l\u2019usine est cit\u00e9e dans un texte \u00a0\u00bb&nbsp;&#8211; <em>eut utile comunitati quia per medium illius poterunt textores venire in dicto loco ad ipsum augmentandum &#8211;&nbsp;<\/em>\u00bb (AD Dr\u00f4me, fonds d\u2019Aouste GG 352,27\/7\/1486)&nbsp;\u00a0\u00bb&nbsp; nous apprend&nbsp;:&nbsp;\u00a0\u00bb&nbsp; \u2026 Ainsi \u00e0 Aouste o\u00f9 en 1486, la communaut\u00e9 souhaite aider le nomm\u00e9 Pierre de Plano \u00e0 r\u00e9tablir les gauchoirs \u00e9tablis sur la Sye, afin d\u2019attirer des tisserands et repeupler le village. &#8230;&nbsp;\u00a0\u00bb&nbsp;. Les foulons existaient bien avant 1486 sur la Sye.<\/p>\n\n\n\n<p>De m\u00eame, nous savons qu\u2019un droit d\u2019arrosage sur les canaux de la Pialhe (Pialle) est institu\u00e9 par une vente par la Communaut\u00e9 d\u2019Aouste avec r\u00e9serve de droits d\u2019eau en 1582. Ce droit est confirm\u00e9 par les actes de l\u2019\u00c9v\u00each\u00e9 de Die les 3 avril 1659 et 5 mai 1663&nbsp;; par l\u2019Assembl\u00e9e g\u00e9n\u00e9rale des propri\u00e9taires \u00e0 Aouste le 7 juin 1729&nbsp;; par les arr\u00eats du Parlement de Grenoble des 13 octobre 1744 et 7 ao\u00fbt 1772&nbsp;; par la Justice de Paix du 9 fructidor An X (27 ao\u00fbt 1802)&nbsp;; par les actes du 19 frimaire An VIII (10 d\u00e9cembre 1799) de M<sup>e<\/sup> Guerimand notaire \u00e0 Aouste et de M<sup>e <\/sup>Gresse du 14 d\u00e9cembre 1873&nbsp;; par le proc\u00e8s verbal de visite des lieux par le Juge de Paix de Crest le 13 d\u00e9cembre 1930 et enfin par le jugement du Tribunal de Crest du 7 f\u00e9vrier 1931.<br><br><\/p>\n\n\n\n<p><\/p>\n\n\n<div class=\"wp-block-image\">\n<figure class=\"aligncenter size-full\"><img loading=\"lazy\" decoding=\"async\" width=\"486\" height=\"207\" src=\"https:\/\/histoire-patrimoine-aoustois.fr\/wp-content\/uploads\/2023\/04\/histoire-deau-pialle.jpg\" alt=\"\" class=\"wp-image-8126\" srcset=\"https:\/\/histoire-patrimoine-aoustois.fr\/wp-content\/uploads\/2023\/04\/histoire-deau-pialle.jpg 486w, https:\/\/histoire-patrimoine-aoustois.fr\/wp-content\/uploads\/2023\/04\/histoire-deau-pialle-300x128.jpg 300w\" sizes=\"(max-width: 486px) 100vw, 486px\" \/><figcaption class=\"wp-element-caption\"><em>Usine de la Pialle en 1930<\/em><\/figcaption><\/figure>\n<\/div>\n\n\n<p id=\"lecanaldejacquesthome\"><br><br><br><strong>E &#8211; LE CANAL DE JACQUES THOME<\/strong><br><br><\/p>\n\n\n\n<p>En 1757, ce canal alimente un foulon \u00e0 la ferme Blanc, quartier La Gaye, il est prolong\u00e9 en 1800 jusqu&rsquo;au moulinage. En 1847, il devient la propri\u00e9t\u00e9 de monsieur Chaix. En 1925, monsieur Corr\u00e9ard installe une turbine Bonki des Ets Dumont de Saint Uze et monte une fabrique de glace \u00e0 rafra\u00eechir. En 1901, la famille Thom\u00e9 r\u00e9installe un moulinage avec une turbine Francis, avec une chute de 19 m. Arr\u00eat en 1908. Actuellement, ce canal est toujours en service et Monsieur Jacques THOME produit de l&rsquo;\u00e9lectricit\u00e9 pour EDF.<\/p>\n\n\n\n<p>A noter que certains de ces canaux sont signal\u00e9s sur la carte de Cassini de 1750.<br><br><\/p>\n\n\n\n<p id=\"lecanaldelasacna\"><strong>6 &#8211; LE CANAL DE LA SACNA (le SAc NAtional)<\/strong><br><br><\/p>\n\n\n\n<p>Le d\u00e9bit du canal de Gervanne s\u2019av\u00e9rant insuffisant, le 2 f\u00e9vrier 1852, Joseph Filliat, fabricant de papier est autoris\u00e9 \u00e0 construire un barrage mobile sur la rive gauche de la Sye pour alimenter soit les arrosages, soit pour le jeu ou l\u2019usage des usines.<\/p>\n\n\n\n<p>Le barrage serait construit environ 350 m en aval de l\u2019usine de Mr Charnier. Le 4\/10\/1854, une demande de Mrs Filliat-Thibert, est adress\u00e9e au Pr\u00e9fet afin d\u2019 obtenir l\u2019autorisation de d\u00e9river les eaux de la Sye pour augmenter la force motrice de la fabrique de papier (future usine SACNA)&nbsp;.<\/p>\n\n\n\n<p>Le 14 mai 1855 une visite est effectu\u00e9e sur place en pr\u00e9sence des int\u00e9ress\u00e9s (Gresse notaire, Filliat Pierre fr\u00e8re propri\u00e9taire du terrain, Thom\u00e9 propri\u00e9taire riverain, Charnier propri\u00e9taire de l\u2019usine sup\u00e9rieure (usine de la Pialle), Fillat et Thibert p\u00e9titionnaires).<\/p>\n\n\n\n<p>L\u2019ing\u00e9nieur ordinaire de Crest, apr\u00e8s son rapport, autorise le 24\/10\/1855 la construction du barrage (partie fixe et mobile) sous conditions d\u2019une longueur de 276 m, \u00e0 56 m du canal de fuite de l&rsquo;usine Charnier.<\/p>\n\n\n\n<p>Suite \u00e0 divergences une deuxi\u00e8me enqu\u00eate est ordonn\u00e9e le 28\/10\/1855, reconnue favorable le Sous-Pr\u00e9fet de Die donne son autorisation le 19\/11\/1855.<\/p>\n\n\n\n<p>Sur la rive gauche de la Sye, la prise est au niveau de l&rsquo;usine de la Pialle et n&rsquo;est plus en service.<br><br><\/p>\n\n\n\n<p id=\"lecanaldumoulinapaix\"><strong>7 &#8211; LE CANAL DU MOULIN APAIX<\/strong><br><br><\/p>\n\n\n\n<p>Bien que ce moulin \u00e0 bl\u00e9 et \u00e0 huile aliment\u00e9 par un canal, existait depuis le Moyen Age, ce n\u2019est qu\u2019\u00e0 partir de 1592 que des traces \u00e9crites existent dans les archives municipales disponibles.<\/p>\n\n\n\n<p>Il alimentait le moulin de Monsieur Apaix (ou Appaix) et un foulon au bout de la rue des Moitans.<\/p>\n\n\n\n<p>Il d\u00e9marrait au niveau de <a href=\"https:\/\/histoire-patrimoine-aoustois.fr\/?p=6371\">l&rsquo;usine SACNA<\/a> et suivait la rive droite de la Sye.<\/p>\n\n\n\n<p>A noter que c&rsquo;est la dynamo du moulin Apaix qui a servi pour l&rsquo;\u00e9clairage public de la commune d&rsquo;Aouste sur Sye, de 1894 \u00e0 1910 et ce, bien avant certaines grandes villes comme Lyon et Marseille.<br><br><\/p>\n\n\n\n<p id=\"lecanaldelusinetavan\"><strong>8 &#8211; LE CANAL DE L&rsquo;USINE TAVAN (FLACHARD)<\/strong><br><br><\/p>\n\n\n\n<p>Le 2 mars 1886, M<sup>rs<\/sup> Tavan Charles et Antoine, fr\u00e8res, et Monestier Jules, fabricants de chaux et ciments, demandent au Pr\u00e9fet de la Dr\u00f4me l\u2019autorisation de pratiquer une prise d\u2019eau sur la Dr\u00f4me pour la mise en service d\u2019une usine de tissage m\u00e9canique de soie avec force motrice hydraulique sur la commune d\u2019Aouste. Le volume d\u2019eau pr\u00e9lev\u00e9 serait de 800 L par seconde.<\/p>\n\n\n\n<p>Cette prise d\u2019eau se situe sur le territoire de la commune de Pi\u00e9gros La Clastre. Il d\u00e9marre dans la commune de Pi\u00e9gros La Clastre, au niveau de la ferme Sagnial, sur la rive gauche de la Dr\u00f4me, qu&rsquo;elle suit sur 1km 500.<\/p>\n\n\n\n<p>Un cahier de consentements des 18 propri\u00e9taires riverains est \u00e9tabli et ne soul\u00e8ve aucune contestation, si ce n\u2019est quelques r\u00e9serves de M<sup>rs<\/sup> Filliat fr\u00e8res papetiers, M<sup>r<\/sup> Vertupier-Colombier pr\u00e9sident du syndicat des usines de Crest et de M<sup>r<\/sup> Davin syndic du canal Souvion-La Clastre, craignant pour le d\u00e9bit d\u2019eau dans leurs propres canaux.Toutefois, quelques ann\u00e9es plus tard, M<sup>r<\/sup> Garnier Alexandre, moulinier implant\u00e9 sur la rive oppos\u00e9e, formulera une plainte contre les Srs Tavan et Monestier. En effet, l\u2019\u00e9dification du barrage apporte un amas de graviers et d\u00e9vie l\u2019eau vers la rive droite de la Dr\u00f4me \u00e9rodant les murs de la propri\u00e9t\u00e9 Garnier .<em>(<\/em><em>AD 57 S 35 <\/em><em>r\u00e9f&nbsp;: 10302<\/em><em>)<\/em><\/p>\n\n\n\n<p>Les demandeurs s\u2019engagent le 1<sup>er<\/sup> juin 1890 par ailleurs \u00e0 payer une redevance de 55,90 frs.<\/p>\n\n\n\n<p>Apr\u00e8s consultation des diff\u00e9rents services concern\u00e9s de l\u2019\u00c9tat, le Pr\u00e9sident de la R\u00e9publique Jules Gr\u00e9vy, par d\u00e9cret N\u00b045 du 9 f\u00e9vrier1887 autorise les fabricants \u00e0 emprunter l\u2019eau de la rivi\u00e8re pour \u00ab&nbsp;la mise en jeu&nbsp;\u00bb d\u2019une usine.<\/p>\n\n\n\n<p>L\u2019ing\u00e9nieur des Ponts et Chauss\u00e9es \u00e9tablit le 31 d\u00e9cembre 1888 un proc\u00e8s verbal de r\u00e9ception.<\/p>\n\n\n\n<p>Il a \u00e9t\u00e9 d\u00e9truit par une crue de la Dr\u00f4me. En activit\u00e9, il alimentait le tissage Flachard et une fabrique de chaux (Barnier).<br><br><\/p>\n\n\n<div class=\"wp-block-image\">\n<figure class=\"aligncenter size-full\"><img loading=\"lazy\" decoding=\"async\" width=\"391\" height=\"242\" src=\"https:\/\/histoire-patrimoine-aoustois.fr\/wp-content\/uploads\/2023\/04\/histoire-deau-canal-tavan.jpg\" alt=\"\" class=\"wp-image-8133\" srcset=\"https:\/\/histoire-patrimoine-aoustois.fr\/wp-content\/uploads\/2023\/04\/histoire-deau-canal-tavan.jpg 391w, https:\/\/histoire-patrimoine-aoustois.fr\/wp-content\/uploads\/2023\/04\/histoire-deau-canal-tavan-300x186.jpg 300w\" sizes=\"(max-width: 391px) 100vw, 391px\" \/><figcaption class=\"wp-element-caption\"><em>Le canal Tavan-Flachard en 1900<\/em><br><br><\/figcaption><\/figure>\n<\/div>\n\n\n<p><\/p>\n\n\n\n<p class=\"has-black-color has-text-color\" id=\"lecanaldesoubeyran\"><strong>9 &#8211; LE CANAL DE SOUBEYRAN <\/strong><br><br><\/p>\n\n\n\n<p>Comme pour le canal d\u00e9nomm\u00e9 \u00abcanal des Moulins et du March\u00e9\u00bb, sur la rive droite de la Dr\u00f4me, l&rsquo;origine du <a href=\"https:\/\/histoire-patrimoine-aoustois.fr\/?p=5095\">canal Soubeyran<\/a> est tr\u00e8s ancienne, les historiens estiment qu&rsquo;il \u00e9tait d\u00e9j\u00e0 en exploitation en 1392 \u00e0 l&rsquo;\u00e9poque des ducs de Poitiers.<\/p>\n\n\n\n<p>Avant 1711, la prise du canal se trouvait \u00e9galement sur le territoire de Crest, vers les Plantas, c\u00f4t\u00e9 gauche de la Dr\u00f4me.<\/p>\n\n\n\n<p>D\u00e9sireux d&rsquo;augmenter leur chute, les propri\u00e9taires demandaient en 1711, l&rsquo;autorisation d&rsquo;\u00e9tablir leur barrage sur la commune d&rsquo;Aouste-sur-Sye. Cette autorisation leur fut accord\u00e9e par les autorit\u00e9s de l&rsquo; \u00e9poque.<br><br><\/p>\n\n\n\n<p id=\"lecanaldesusinesdecrest\"><strong>10 &#8211; LE CANAL DES USINES DE CREST<\/strong><br><br><\/p>\n\n\n\n<p>A l\u2019origine canal Villette, il est encore appel\u00e9 canal du March\u00e9 ou canal des Moulins de Crest. Il est situ\u00e9 sur la rive droite de la Dr\u00f4me, la prise d&rsquo;eau&nbsp; a \u00e9t\u00e9 modifi\u00e9e \u00e0 trois reprises:<\/p>\n\n\n\n<p>1\u00b0) Avant 1500, la prise se trouvait pr\u00e9s de la Lozi\u00e8re en territoire de Crest<\/p>\n\n\n\n<p>2\u00b0) En 1507, les consuls de Crest, d\u00e9sireux de cr\u00e9er de nouvelles industries, source de richesses pour la ville, sollicitent les autorit\u00e9s aoustoises et obtinrent l&rsquo;autorisation d&rsquo;\u00e9tablir la prise d&rsquo;eau en aval du pont d\u2019Aouste, en face de l&#8217;embouchure du ruisseau du Lauzens<\/p>\n\n\n\n<p>3\u00b0) En 1875, une crue importante de la Dr\u00f4me, a emport\u00e9 une partie du tunnel, au niveau de la rue des Remparts, ce qui a entra\u00een\u00e9 la construction d&rsquo;une digue de protection du canal et la pose d&rsquo;une nouvelle prise en amont du pont. Cette prise d&rsquo;eau \u00e9tait encore utilis\u00e9e en 1939.<br><br><\/p>\n\n\n<div class=\"wp-block-image\">\n<figure class=\"aligncenter size-full\"><img loading=\"lazy\" decoding=\"async\" width=\"514\" height=\"390\" src=\"https:\/\/histoire-patrimoine-aoustois.fr\/wp-content\/uploads\/2023\/04\/histoire-deau-vanne-canal.jpg\" alt=\"\" class=\"wp-image-8134\" srcset=\"https:\/\/histoire-patrimoine-aoustois.fr\/wp-content\/uploads\/2023\/04\/histoire-deau-vanne-canal.jpg 514w, https:\/\/histoire-patrimoine-aoustois.fr\/wp-content\/uploads\/2023\/04\/histoire-deau-vanne-canal-300x228.jpg 300w\" sizes=\"(max-width: 514px) 100vw, 514px\" \/><figcaption class=\"wp-element-caption\"><em>Vanne du canal  des usiniers en amont du pont de Dr\u00f4me<\/em><br><\/figcaption><\/figure>\n<\/div>\n\n\n<p><\/p>\n\n\n\n<p class=\"has-text-color\" style=\"color:#2d6437\"><em><u><strong>Anecdote<\/strong><\/u><\/em><\/p>\n\n\n\n<p class=\"has-text-color\" style=\"color:#2d6437\">Malgr\u00e9 le creusement du nouveau canal en 1520, les bas quartiers de Crest continuaient \u00e0 \u00eatre inond\u00e9s. Par un acte en date du 9 juin 1657, la ville ferait creuser \u00e0 ses frais, un nouveau canal, qui appartiendrait en toute propri\u00e9t\u00e9 au Sieur BRET, propri\u00e9taire, apr\u00e8s les quartiers de Cr\u00e9vecol et de Tatt\u00e9es, de prairies et d&rsquo;un grand jardin. Cette transaction se ferait moyennant une indemnit\u00e9 de 200 livres pay\u00e9es par le Sieur BRET. Ce projet n&rsquo;eut pas de suite.<\/p>\n\n\n\n<p class=\"has-text-color\" style=\"color:#2d6437\">&nbsp;&nbsp;&nbsp;&nbsp;&nbsp;&nbsp;&nbsp;&nbsp;&nbsp;&nbsp;&nbsp;&nbsp;&nbsp;&nbsp;&nbsp;&nbsp;&nbsp;&nbsp;&nbsp;&nbsp;&nbsp;&nbsp;&nbsp;&nbsp;&nbsp;&nbsp;&nbsp; <em>Comme ce canal \u00e9tait d&rsquo;acc\u00e8s difficile (vo\u00fbtes) et mal entretenu, il s&rsquo;ensuivit durant une centaine d&rsquo;ann\u00e9es, une succession de litiges et proc\u00e8s entre la ville et les propri\u00e9taires successifs. En 1733, ce canal provoqua m\u00eame une \u00e9pid\u00e9mie.<\/em><\/p>\n\n\n\n<p class=\"has-text-color\" style=\"color:#2d6437\">&nbsp;&nbsp;&nbsp;&nbsp;&nbsp;&nbsp;&nbsp;&nbsp;&nbsp;&nbsp;&nbsp;&nbsp;&nbsp;&nbsp;&nbsp;&nbsp;&nbsp;&nbsp;&nbsp;&nbsp;&nbsp;&nbsp;&nbsp;&nbsp;&nbsp;&nbsp;&nbsp; <em>Ce n&rsquo;est que le 10 novembre 1753 que le propri\u00e9taire de l&rsquo;\u00e9poque, le sieur St MICHEL, passe un accord avec la ville : la ville construit son propre canal, en suivant la route jusqu&rsquo;\u00e0 VALENCE. Le baron de St MICHEL est indemnis\u00e9 (350 livres), mais doit une fois par an nettoyer son propre canal.<\/em><\/p>\n\n\n\n<p class=\"has-text-color\" style=\"color:#2d6437\">&nbsp;&nbsp;&nbsp;&nbsp;&nbsp;&nbsp;&nbsp;&nbsp;&nbsp;&nbsp;&nbsp;&nbsp;&nbsp;&nbsp;&nbsp;&nbsp;&nbsp;&nbsp;&nbsp;&nbsp;&nbsp;&nbsp;&nbsp;&nbsp;&nbsp;&nbsp;&nbsp; <em>Il est convenu en outre, que tous les proc\u00e8s pr\u00e9c\u00e9dents demeureraient \u00e9teints. Enfin, en cas de pluie torrentielle, la ville se r\u00e9servait la possibilit\u00e9 de faire passer l&rsquo;eau du canal du moulin du March\u00e9 par celui de Joubernon.<\/em><br><br><\/p>\n\n\n\n<p>Lors de la reconstruction du pont d&rsquo; Aouste en 1866, les usiniers de Crest con\u00e7urent le projet d&rsquo;une association syndicale. Elle s&rsquo;est constitu\u00e9e le 20 mars 1870 en syndicat libre. Elle fut convertie par arr\u00eat\u00e9 pr\u00e9fectoral en association syndicale autoris\u00e9e, par suite de l&rsquo;opposition d&rsquo;un des usiniers: Mr Guilhot. Il interjeta appel, mais le Pr\u00e9sident de la R\u00e9publique, par d\u00e9cret du 25 f\u00e9vrier 1873, constitua d\u00e9finitivement l&rsquo;association syndicale autoris\u00e9e et la d\u00e9clara&nbsp; m\u00eame d&rsquo;utilit\u00e9 publique.<\/p>\n\n\n\n<p>Il servait de force motrice \u00e0 la majorit\u00e9 des usines et ateliers de Crest: Tanneries des Grands Moulins, tissages Flachard (usine de Crest), moulinages Thom\u00e9 et Rey, fabrique de cardes Rey, atelier meubles Monry et Maison Argod, etc \u2026.<\/p>\n\n\n\n<p>Il a servi \u00e9galement de collecteur d&rsquo; \u00e9gout d&rsquo;une partie de la population d&rsquo;Aouste et de Crest, puis des abattoirs. Enfin comme tout canal, il servait \u00e0 l&rsquo;arrosage au quartier Mivoie, pr\u00e9s de Crest, jusqu&rsquo;\u00e0 son terme au ruisseau Saleine. Le lit de la Dr\u00f4me, \u00e0 partir des ann\u00e9es 1945, a baiss\u00e9 r\u00e9guli\u00e8rement \u00e0 cause des extractions massives de graviers. Il a donc fallu \u00e9tablir un barrage pour obliger l&rsquo;eau \u00e0 p\u00e9n\u00e9trer dans le canal. Celui-ci a \u00e9t\u00e9 r\u00e9alis\u00e9 en pierres s\u00e8ches puis en gabions et en blocs de pierres. Ce sont ces blocs que l&rsquo;on peut encore voir en amont du pont.<br><br><\/p>\n\n\n\n<p><\/p>\n\n\n<div class=\"wp-block-image\">\n<figure class=\"aligncenter size-full\"><img loading=\"lazy\" decoding=\"async\" width=\"838\" height=\"585\" src=\"https:\/\/histoire-patrimoine-aoustois.fr\/wp-content\/uploads\/2023\/04\/histoire-deau-barrage-aval.jpg\" alt=\"\" class=\"wp-image-8135\" srcset=\"https:\/\/histoire-patrimoine-aoustois.fr\/wp-content\/uploads\/2023\/04\/histoire-deau-barrage-aval.jpg 838w, https:\/\/histoire-patrimoine-aoustois.fr\/wp-content\/uploads\/2023\/04\/histoire-deau-barrage-aval-300x209.jpg 300w, https:\/\/histoire-patrimoine-aoustois.fr\/wp-content\/uploads\/2023\/04\/histoire-deau-barrage-aval-768x536.jpg 768w\" sizes=\"(max-width: 838px) 100vw, 838px\" \/><figcaption class=\"wp-element-caption\"><em>Barrage en aval du pont de Dr\u00f4me, face<\/em> <em>\u00e0 la rue des remparts<\/em><\/figcaption><\/figure>\n<\/div>\n\n\n<p><br><br><\/p>\n\n\n\n<figure class=\"wp-block-image size-full\"><img loading=\"lazy\" decoding=\"async\" width=\"903\" height=\"545\" src=\"https:\/\/histoire-patrimoine-aoustois.fr\/wp-content\/uploads\/2023\/04\/histoire-deau-barrage-gabions.jpg\" alt=\"\" class=\"wp-image-8136\" srcset=\"https:\/\/histoire-patrimoine-aoustois.fr\/wp-content\/uploads\/2023\/04\/histoire-deau-barrage-gabions.jpg 903w, https:\/\/histoire-patrimoine-aoustois.fr\/wp-content\/uploads\/2023\/04\/histoire-deau-barrage-gabions-300x181.jpg 300w, https:\/\/histoire-patrimoine-aoustois.fr\/wp-content\/uploads\/2023\/04\/histoire-deau-barrage-gabions-768x464.jpg 768w\" sizes=\"(max-width: 903px) 100vw, 903px\" \/><figcaption class=\"wp-element-caption\"><em>Barrage en amont du pont de Dr\u00f4me<\/em><\/figcaption><\/figure>\n\n\n\n<p><br><br><\/p>\n\n\n\n<p>Les usiniers ont arr\u00eat\u00e9 son exploitation en 1966, et l&rsquo;ont c\u00e9d\u00e9 \u00e0 la ville de Crest pour le franc symbolique, en contrepartie, c&rsquo;est Monsieur Henri Planchon r\u00e9mun\u00e9r\u00e9 par la ville de Crest pendant 5 ans qui en a assur\u00e9 la surveillance. Entretenu par la ville de Crest jusqu&rsquo;en 1971, puis tr\u00e8s sommairement par les \u00abarrosants\u00bb avec l&rsquo;aide des communes pendant encore quelques ann\u00e9es.<\/p>\n\n\n\n<p>Il n&rsquo;est plus en service depuis 1975, faute d&rsquo;entretien, c&rsquo;est l\u00e0 aussi, l&rsquo;un des paradoxes de ce canal, dont la plus grande partie est sur la commune d&rsquo;Aouste, mais qui est la propri\u00e9t\u00e9 de celle de Crest.<br><br><\/p>\n\n\n\n<p id=\"petitiondeladamegresse\"><strong>11 &#8211; PETITION de la DAME GRESSE<\/strong><br><br><\/p>\n\n\n\n<p>En date du 28 mars 1839, Dame Gresse, n\u00e9e Sayn, habitant Aouste, demande aux Ponts et Chauss\u00e9es, l&rsquo;autorisation de prendre l&rsquo;eau de la Dr\u00f4me sur la rive droite ( quartier Mivoie), pour l&rsquo;alimentation d&rsquo;une usine \u00e0 soie.<\/p>\n\n\n\n<p>Avis favorable de l&rsquo;ing\u00e9nieur en chef en date du 20 juillet 1839 et arr\u00eat\u00e9 de Louis-Philippe, donnant son accord en date du 4 octobre 1840.<\/p>\n\n\n\n<p><em>Vous trouverez les <a href=\"https:\/\/histoire-patrimoine-aoustois.fr\/?p=5365\">copies de ces documents<\/a> sur le site de Histoire et Patrimoine Aoustois<\/em><\/p>\n\n\n\n<p><br><br><\/p>\n\n\n\n<p id=\"lecanaldesye\"><strong>12 &#8211; LE CANAL DE SYE<\/strong><br><br><\/p>\n\n\n\n<p>La Sye prend sa source au Savel, sur la commune de Gigors et Lozeron. Elle alimente en eau potable une partie de cette commune et le trop plein constitue la Sye, dont le lit longe la D 731 par la Rivi\u00e8re, Les Gauthiers, les Michauds (hameaux de la commune de Gigors et Lozeron), puis Cobonne et Aouste. La prise du canal se situe sur la rive droite \u00e0 hauteur du b\u00e2timent Valmasel. Plus d\u2019une centaine de riverains l\u2019utilise pour fournir l\u2019 eau des piscines et l&rsquo;arrosage. Il a aliment\u00e9 \u00e0 une certaine \u00e9poque l&rsquo;usine de la Pialle (papeterie).<\/p>\n\n\n\n<p>Des documents recueillis (courrier de Ma\u00eetre Jacques-F. B\u00e9ranger du 5 janvier 1977), il semble que le canal remonte au moins au XVI<sup>e<\/sup> si\u00e8cle, mais tout porte \u00e0 croire qu&rsquo;il est ant\u00e9rieur \u00e0 cette \u00e9poque. C&rsquo;est ainsi qu&rsquo;en 1582 (sous le r\u00e8gne de Henri III), la communaut\u00e9 d&rsquo; Aouste se dessaisit des moulins \u00abCarman\u00bb, sous r\u00e9serve que les prairies situ\u00e9es au-dessus et au-dessous du moulin continuent \u00e0 \u00eatre arros\u00e9es par les eaux des ruisseaux de la Sye et de Gervanne.<\/p>\n\n\n\n<p>Qui est r\u00e9ellement propri\u00e9taire des canaux? Page 2 de la liasse intitul\u00e9e \u00a0\u00bb \u00e0 Monsieur le Juge\u2026.\u00a0\u00bb, est \u00e9voqu\u00e9 Monseigneur l\u2019\u00c9v\u00eaque de Die qui percevait des lods (<em>droits de mutation per\u00e7us par le seigneur lors de la vente ou de l&rsquo;\u00e9change d&rsquo;une terre roturi\u00e8re par un censitaire<\/em>), en cas de mutation des terrains, pour obtenir le droit \u00e0 l&rsquo;arrosage pour le nouveau propri\u00e9taire.<\/p>\n\n\n\n<p>Il y a des litiges plus ou moins graves entre les propri\u00e9taires fonciers qui veulent l&rsquo;eau pour l&rsquo;irrigation de leurs terres et les petits industriels dont l&rsquo;eau est indispensable pour faire tourner leurs machines. Ces conflits se r\u00e8glent devant la justice: 1729 \u2013 1779 &#8211; an 10. Les sanctions se traduisent par des amendes pour ceux qui entravaient la r\u00e9partition \u00e9quitable de l&rsquo;eau.<br><br><\/p>\n\n\n\n<p class=\"has-black-color has-text-color\" id=\"lecanaldegervanne\"><strong>13 &#8211; LE CANAL DE GERVANNE <\/strong><br><br><\/p>\n\n\n\n<p id=\"historique\"><strong>1) Historique<\/strong><br><br><\/p>\n\n\n\n<p>La premi\u00e8re mention du <a href=\"https:\/\/histoire-patrimoine-aoustois.fr\/?p=5481\">canal de la Gervanne<\/a> est constitu\u00e9e par une pi\u00e8ce conserv\u00e9e aux Archives de Valence, en date du 17 juillet 1486, par laquelle l&rsquo;Ev\u00eaque de Valence et de Die, seigneur du lieu, permettait \u00e0 la communaut\u00e9 d&rsquo; Aouste, de construire un moulin \u00e0 drap ou foulon, mis en jeu par l&rsquo;eau du canal du pont de la Gervanne.<\/p>\n\n\n\n<p>Toutefois, on peut supposer que le Seigneur d&rsquo;Aouste fit \u00e9tablir le canal pour faire actionner le moulin banal de la commune \u00e0 une \u00e9poque ant\u00e9rieure au XV<sup>e<\/sup> si\u00e8cle et que l&rsquo;acte de 1486 constitue une autorisation pour une deuxi\u00e8me usine.<\/p>\n\n\n\n<p>Le 29 juillet 1582, la communaut\u00e9 d&rsquo; Aouste vendit les dits moulins aux auteurs de La MOTTE avec les canaux et d\u00e9pendances, sous r\u00e9serve que les riverains pourront, comme par le pass\u00e9, se servir du surplus des eaux pour l&rsquo;arrosage de leurs prairies.<\/p>\n\n\n\n<p>Le 10 juillet 1733, l\u2019\u00c9v\u00eaque Gabriel de Cosnac, par acte re\u00e7u de Mme Lagier, notaire \u00e0 Die, donne permission d&rsquo;\u00e9tablir&nbsp; une papeterie \u00e0 un sieur Achard, Madame Marguerite Henriette Buisson Dumesnil, femme de Messire Domiliers, \u00e9cuyer de La Motte, apr\u00e8s contestation, transigea avec Achard et lui accorda moyennant une rente annuelle de 60 livres et 2 rames de papier couronne, l&rsquo;autorisation de se servir de l&rsquo;eau du canal depuis la prise en Gervanne jusqu&rsquo;\u00e0 la papeterie, \u00e0 faire passer le canal aux endroits les plus convenables, \u00e0 faire une deuxi\u00e8me papeterie et des foulons \u00e0 drap, \u00e0 prendre l&rsquo;eau au dessous et vis \u00e0 vis le pont de Blacons, etc \u2026., de se servir du droit qu&rsquo;a la dite Dame de prendre des fonds voisins aux canaux et prise d&rsquo;eau \u00e0 estimation d&rsquo;experts pour la dite prise et la conduite d&rsquo;icelle.<\/p>\n\n\n\n<p>En 1744, un arr\u00eat du Parlement de Grenoble r\u00e8gle le diff\u00e9rend intervenu, malgr\u00e9 la transaction prescrite en 1733 entre les m\u00eames usagers du canal, oblige le sieur Achard \u00e0 \u00e9largir et \u00e0 r\u00e9curer le canal de Gervanne et Madame Dumesnil \u00e0 se pourvoir ainsi et comme elle avisera contre les particuliers afin de r\u00e9glementer les droits d&rsquo; arrosage.<\/p>\n\n\n\n<p>En 1838, Mr Athenor, repr\u00e9sentant les sieurs Achard, vendit, par acte re\u00e7u \u00e0 l&rsquo;\u00e9tude de Me Gresse, le 14 octobre 1838 \u00e0 Louis Elie Faure les terrains qu&rsquo;il poss\u00e9dait entre la route de Blacons et le confluent de la Romane et de la Gervanne et les droits au canal passant sur ses terres.<\/p>\n\n\n\n<p>Mr L. Elie Faure beau p\u00e8re de Mr Chalamet ne semble pas avoir utilis\u00e9 ses droits au d\u00e9but de son acquisition car une expertise faite en 1857 ne mentionne aucun ouvrage \u00e9tabli sur la partie c\u00e9d\u00e9e. Les riverains du canal usant habituellement de l&rsquo;eau pour leurs arrosages sans r\u00e8gles d\u00e9termin\u00e9es, apport\u00e8rent une telle g\u00eane aux usiniers que ces derniers durent se d\u00e9fendre contre ces abus successifs, d&rsquo;o\u00f9 proc\u00e8s; et enfin, le 12 novembre 1856, le tribunal de Die nomma des experts qui commenc\u00e8rent leurs op\u00e9rations le 15 avril 1857 et d\u00e9pos\u00e8rent leur rapport le 26 ao\u00fbt 1858. Enfin, par audience publique du 7 juin 1859, le tribunal de 1\u00b0 instance de l&rsquo;arrondissement de Die a rendu un jugement motiv\u00e9, qui constitue la charte du canal et qui adoptait le rapport des experts, condamnait les arrosants aux d\u00e9pens, fixait les \u00e9poques et dur\u00e9e des arrosages \u00e0 48 h par semaine du 1<sup>er<\/sup> mai au 30 septembre.<\/p>\n\n\n\n<p>En suite de ce jugement, les int\u00e9ress\u00e9s ont sign\u00e9 le 23 novembre 1859, une convention d\u00e9pos\u00e9e aux minutes de Me Gresse, portant \u00e0 60 heures par semaine la dur\u00e9e des arrosages et enfin en 1863, un jugement prescrit que les arrosages d&rsquo;une dur\u00e9e de 60 heures par semaine commenceront en t\u00eate du canal et que chaque fonds sera arros\u00e9 successivement de mani\u00e8re toutefois que les eaux en amont de l&rsquo;usine Garnier ne puissent \u00eatre d\u00e9tourn\u00e9es pendant plus de 30 heures \u00e0 partir du samedi \u00e0 6 heures au dimanche \u00e0 midi.<br><br><\/p>\n\n\n<div class=\"wp-block-image\">\n<figure class=\"aligncenter size-full\"><img loading=\"lazy\" decoding=\"async\" width=\"272\" height=\"313\" src=\"https:\/\/histoire-patrimoine-aoustois.fr\/wp-content\/uploads\/2023\/04\/histoire-canal-gervanne.jpg\" alt=\"\" class=\"wp-image-8137\" srcset=\"https:\/\/histoire-patrimoine-aoustois.fr\/wp-content\/uploads\/2023\/04\/histoire-canal-gervanne.jpg 272w, https:\/\/histoire-patrimoine-aoustois.fr\/wp-content\/uploads\/2023\/04\/histoire-canal-gervanne-261x300.jpg 261w\" sizes=\"(max-width: 272px) 100vw, 272px\" \/><figcaption class=\"wp-element-caption\"><em>Canal de Gervanne<\/em><\/figcaption><\/figure>\n<\/div>\n\n\n<p><br><br>Aucune des pi\u00e8ces prescrites ne mentionne l&rsquo;usine de Romezon, cette derni\u00e8re a d\u00fb \u00eatre install\u00e9e par Mrs Faure et Chalamet en vertu des droits acquis en 1838 et post\u00e9rieurement \u00e0 l&rsquo;expertise de 1857 qui n&rsquo;en fait pas mention. Les propri\u00e9taires ont d\u00fb profiter de la d\u00e9clivit\u00e9 naturelle du terrain pour installer une roue, mais en pr\u00e9sence de la faible puissance ainsi obtenue des travaux ont \u00e9t\u00e9 entrepris par Mr Chalamet et par Mr Chorier pour accro\u00eetre son importance. Ces usiniers sont parvenus \u00e0 porter la chute \u00e0 3 m, en approfondissant le canal de d\u00e9charge et en sur\u00e9levant les berges du canal d&rsquo;amen\u00e9e.<\/p>\n\n\n\n<p>En 1879 et 1880, la ville de Crest passa, avec les usiniers propri\u00e9taires du canal &#8211; Mrs Garnier, Filliat et Chorier &#8211; un trait\u00e9 r\u00e9glant les conditions d&rsquo;\u00e9tablissement de la nouvelle prise d&rsquo;eau en Gervanne, d\u00e9plac\u00e9e par suite de la construction de la digue \u00e9tablie pour l&rsquo;alimentation de la ville de Crest.<\/p>\n\n\n\n<p>Un jugement rendu post\u00e9rieurement, d\u00e9termine les droits respectifs des canaux rive droite et rive gauche et les fixe pour chacun \u00e0 moiti\u00e9 du d\u00e9bit de la Gervanne. Il s&rsquo;ensuit que l&rsquo;usine des Berthalais et le canal rive droite sont aliment\u00e9s par la moiti\u00e9 du d\u00e9bit de la Gervanne sup\u00e9rieure et par le d\u00e9bit des sources dites des Fontaigneux ( pr\u00e9s du terrain de sport de Beaufort sur Gervanne) qui, en \u00e9t\u00e9, constituent l&rsquo;alimentation principale. Dans un acte de vente du 26 juin 1909, par Me Gresse, notaire \u00e0 Aouste, de Melle Hermance et Fauchy Chorier \u00e0 Mr Joseph Maillet, ces dispositions sont confirm\u00e9es.<br><br><\/p>\n\n\n\n<p id=\"trace\"><strong>2) Trac\u00e9 -Prise<\/strong><br><br><\/p>\n\n\n\n<p>Il n&rsquo;y a aucune certitude en ce qui concerne le trac\u00e9 du canal primitif et sa prise en Gervanne. On ne peut en effet retenir la mention sur l&rsquo;acte de 1733 \u00a0\u00bb&nbsp;<em>\u00e0 prendre l&rsquo;eau au-dessus et vis-\u00e0-vis du pont de Blacons <\/em>\u00a0\u00bb comme indication de l&#8217;emplacement de la prise, mais plut\u00f4t comme une autorisation de d\u00e9tourner, \u00e0 partir de ce point, le canal primitif. Lors de l&rsquo;\u00e9tablissement du cadastre vers 1820, le trac\u00e9 du canal est conforme \u00e0 ce qu&rsquo;il est \u00e0 ce jour et la prise est indiqu\u00e9e \u00e0 60 m\u00e8tres en amont du confluent de la Romane \u00e0 la Gervanne&nbsp;; plus tard en 1837, la prise fut install\u00e9e en amont \u00e0 300 m au-del\u00e0 et en 1880, le barrage \u00e9tabli par la ville de Crest pour son adduction d&rsquo;eau potable fut, en vertu d&rsquo;un accord en date du 22 mai 1880,&nbsp; \u00e9tabli comme t\u00eate de prise du canal.<br><br><\/p>\n\n\n\n<p id=\"proprieteducanal\"><strong>3) Propri\u00e9t\u00e9 du Canal<\/strong><br><br><\/p>\n\n\n\n<p>Il est de toute \u00e9vidence que l&rsquo;assiette et les abords du canal appartenaient au d\u00e9but au seigneur du lieu et qu&rsquo;il a toujours \u00e9t\u00e9 consid\u00e9r\u00e9 comme une d\u00e9pendance des usines. Cette situation se trouve confirm\u00e9e par l&rsquo;accord intervenu entre Mme Buisson Dumesnil et le sieur Achard le 11 juillet 1733 o\u00f9 il est indiqu\u00e9 <em>qu&rsquo;il pourra faire passer le canal aux endroits les plus convenables\u2026.de se servir du droit qu&rsquo;a la dite Dame de prendre des fonds voisins aux canaux et prise d&rsquo;eau \u00e0 estimation d&rsquo;experts pour ladite prise et la conduite d&rsquo;icelle.<\/em><\/p>\n\n\n\n<p>D&rsquo;autre part, les terrains sur lesquels passent le canal ont plusieurs fois au cours des si\u00e8cles, appartenu en totalit\u00e9 aux usiniers qui n&rsquo;ont s\u00fbrement pas ali\u00e9n\u00e9 le canal et ses abords en vendant les terrains voisins.<\/p>\n\n\n\n<p>Les plans cadastraux d&rsquo; Aouste et de Blacons, sur lesquels le canal est mentionn\u00e9, indiquent une s\u00e9paration bien marqu\u00e9e entre les parcelles rive droite et rive gauche qui ne portent jamais les m\u00eames num\u00e9ros.<\/p>\n\n\n\n<p>Enfin, la jurisprudence actuelle, conforme \u00e0 l&rsquo;ancien droit consacre que le propri\u00e9taire d&rsquo;un moulin ou de toute autre usine est l\u00e9galement pr\u00e9sum\u00e9 propri\u00e9taire du canal qui conduit les eaux lorsque ce canal est fait de main d&rsquo;homme.<\/p>\n\n\n\n<p>On est donc en droit de s&rsquo;\u00e9tonner de la pr\u00e9tention de certains riverains qui se d\u00e9clarent propri\u00e9taires du canal au droit de leur propri\u00e9t\u00e9 et du libell\u00e9 \u00e9quivoque de certains actes de vente qui int\u00e8grent, para\u00eet-il, par moiti\u00e9 le canal dans chacune des propri\u00e9t\u00e9s riveraines. Ces errements dont il sera facile \u00e0 d\u00e9terminer l&rsquo;origine en examinant certains actes de l&rsquo;\u00e9tude de Me GRESSE semblent peu anciens.<\/p>\n\n\n\n<p>Voir <a href=\"https:\/\/histoire-patrimoine-aoustois.fr\/?p=5373\">le document<\/a> &#8211; section 2 &#8211; en ce qui concerne cette question : \u00a0\u00bb <em>R\u00e9sum\u00e9 des droits de la commune d&rsquo;Aouste, de la commune de Crest et des riverains du canal de la Gervanne&nbsp;\u00ab\u00a0<\/em>.<\/p>\n\n\n\n<p>Par courrier du 5 f\u00e9vrier 1985 des Moulinages \u00c9mile Rey, adress\u00e9 au Syndicat d&rsquo;Am\u00e9nagement du Val de Dr\u00f4me, il est pr\u00e9cis\u00e9 qu&rsquo;ils donnent leur accord pour c\u00e9der d\u00e8s ce jour les droits sur les berges du canal tout en se r\u00e9servant les droits d&rsquo;eau. Le directeur de Lembacel y \u00e9tant de m\u00eame favorable. Le troisi\u00e8me propri\u00e9taire, acqu\u00e9reur de <a href=\"https:\/\/histoire-patrimoine-aoustois.fr\/?p=5492\">l&rsquo;usine Barral<\/a><strong>,<\/strong> n&rsquo;a plus l&rsquo;intention d&rsquo;utiliser l&rsquo;eau du canal.<br><br><\/p>\n\n\n\n<p id=\"droitsdarrosage\"><strong>4) Droits d&rsquo;arrosage<\/strong><br><br><\/p>\n\n\n\n<p>Le droit d&rsquo;arrosage tr\u00e8s ancien est mentionn\u00e9 pour la premi\u00e8re fois par l&rsquo;acte de vente de 1582 o\u00f9 il est dit que <em>\u00ab\u00a0l&rsquo;acqu\u00e9reur devra continuer les arrosages des prairies comme il se pratiquait auparavant au moyen de surplus de l&rsquo;eau non n\u00e9cessaire au moulin et ce moyennant une redevance d&rsquo;un quartaut de bl\u00e9 froment par s\u00e9t\u00e9r\u00e9e\u00a0\u00bb.<\/em><\/p>\n\n\n\n<p>Tous les actes post\u00e9rieurs t\u00e9moignent de l&rsquo;abus constant que les propri\u00e9taires ont fait de ce droit qui primitivement \u00e9tait une facilit\u00e9 donn\u00e9e par le seigneur, propri\u00e9taire du canal du moulin, a ses tenanciers et que les propri\u00e9taires successifs ont revendiqu\u00e9 en exag\u00e9rant sa port\u00e9e et en se d\u00e9chargeant de toutes redevances.<\/p>\n\n\n\n<p>De nombreux jugements \u00e0 ce sujet et par lesquels les arrosants ont toujours \u00e9t\u00e9 condamn\u00e9s \u00e0 restreindre et \u00e0 ordonner leurs arrosages, ainsi qu&rsquo;\u00e0 entretenir les ouvrages de prise d&rsquo;eau au canal, ne semblent pas avoir donn\u00e9 de r\u00e9sultats positifs.<\/p>\n\n\n\n<p>Pour l&rsquo;\u00e9tude des droits des arrosants, on peut d&rsquo;ailleurs n\u00e9gliger cette p\u00e9riode ancienne et s&rsquo;en rapporter au jugement du 7 juin 1858 qui r\u00e8gle clairement la question.<\/p>\n\n\n\n<p>Auparavant, en 1856, il avait \u00e9t\u00e9 rendu un jugement par d\u00e9faut et \u00e0 la suite d&rsquo;une opposition, il a \u00e9t\u00e9 ordonn\u00e9 une expertise portant sur les points suivants :<\/p>\n\n\n\n<ul class=\"wp-block-list\">\n<li>Quantit\u00e9 d&rsquo;eau n\u00e9cessaire aux usines et au canal<\/li>\n<\/ul>\n\n\n\n<p>      &#8211; Quantit\u00e9 d&rsquo;eau passant au canalis\u00e9<\/p>\n\n\n\n<ul class=\"wp-block-list\">\n<li>Etendue des arrosages<\/li>\n<\/ul>\n\n\n\n<ul class=\"wp-block-list\">\n<li>Etat du canal et des ouvrages de prise d&rsquo;eau des arrosants<\/li>\n<\/ul>\n\n\n\n<p><br><br>S&rsquo;appuyant sur le rapport des experts, le tribunal constate que les riverains ont fr\u00e9quemment abus\u00e9 du canal de Gervanne, soit en n\u00e9gligeant l&rsquo;entretien de leurs vannes, soit en laissant perdre les eaux dans la Dr\u00f4me, d&rsquo;o\u00f9 il suit que les dommages int\u00e9r\u00eats fix\u00e9s par le jugement en d\u00e9faut doivent \u00eatre maintenus sans garantie aux r\u00e9parations qui pourraient \u00eatre exig\u00e9es ult\u00e9rieurement afin d&rsquo;\u00e9viter ces abus, et condamnent les dits Tavan et Consorts (113 arrosants) aux d\u00e9pens, mandant et ordonnant \u00e0 tout huissier sur ce requis de mettre le pr\u00e9sent jugement \u00e0 ex\u00e9cution.<\/p>\n\n\n\n<p>Le jugement par d\u00e9faut du 12 f\u00e9vrier 1856 qui se trouve ainsi confirm\u00e9, accordait aux arrosants 48 heures d&rsquo;arrosage par semaine du 25 mars au 8 septembre de chaque ann\u00e9e du samedi 6 heures du matin au lundi m\u00eame heure.<\/p>\n\n\n\n<p>Il semblait donc que ce jugement terminait le diff\u00e9rend, mais les abus ont continu\u00e9 et les usiniers ne paraissent pas avoir us\u00e9 des droits qui leur \u00e9taient reconnus par ce jugement; d&rsquo;o\u00f9 l&rsquo;objet d&rsquo;une transaction portant \u00e0 60 heures la dur\u00e9e des arrosages et d&rsquo;un nouveau jugement de 1863, confirmant cette dur\u00e9e pour les arrosants en aval de l&rsquo;usine Garnier ( devenue usine Barral) et la r\u00e9duisant \u00e0 30 heures pour les arrosants en amont.<\/p>\n\n\n\n<p>Les arrosants ne semblent pas avoir tenu compte de ces jugements et les usiniers les ont laiss\u00e9 agir \u00e0 leur guise.<\/p>\n\n\n\n<p>&#8211; <em>\u00a0\u00bb&nbsp;<a href=\"https:\/\/histoire-patrimoine-aoustois.fr\/?p=5373\">Copie du d\u00e9p\u00f4t des statuts<\/a> de l&rsquo; ASSOCIATION SYNDICALE LIBRE des USAGERS de la FORCE HYDRAULIQUE du CANAL de la GERVANNE \u00e0 la SYE&nbsp;\u00ab\u00a0<\/em>. <br><br><br><br><\/p>\n\n\n\n<p class=\"has-text-align-center\" id=\"chapitrev\"><strong>CHAPITRE V<\/strong><br><br><\/p>\n\n\n\n<p class=\"has-text-align-center\" id=\"lavoirs\"><strong>LES LAVOIRS<\/strong><\/p>\n\n\n\n<p><br><br>La lessive est de nos jours une op\u00e9ration banale que l\u2019on pratique quotidiennement, sans m\u00eame y r\u00e9fl\u00e9chir. Rien qu\u2019en France, c\u2019est environ 20 millions de lessives qui sont effectu\u00e9es au quotidien ! Et pourtant, cette t\u00e2che simple a \u00e9t\u00e9 longtemps le cauchemar de g\u00e9n\u00e9rations de femmes, corv\u00e9e \u00e0 la fois p\u00e9nible, malsaine et bien plus polluante qu\u2019elle ne l\u2019est aujourd\u2019hui<\/p>\n\n\n\n<p>De tout temps la lessive fut l\u2019apanage des femmes&nbsp;: laveuses, lavandi\u00e8res, blanchisseuses et repasseuses. Corv\u00e9e autrefois longue et p\u00e9nible, malsaine, le lavage du linge s\u2019est transform\u00e9 en une t\u00e2che quotidienne simple, rapide et relativement bon march\u00e9, et moins polluante qu\u2019elle ne le fut autrefois, suite aux nombreux progr\u00e8s technologiques qui se sont op\u00e9r\u00e9s au cours du si\u00e8cle dernier. La lessive est devenue, de nos jours, une op\u00e9ration banale, pratiqu\u00e9e quotidiennement.<\/p>\n\n\n\n<p>Le lavage du linge de corps et des v\u00eatements de travail avait lieu toutes les deux ou trois semaines, plus souvent si on avait de jeunes enfants. Mais plus fr\u00e9quemment les petites lessives avaient lieu une fois par semaine, g\u00e9n\u00e9ralement le lundi, pour de petites quantit\u00e9s de linge, essentiellement des v\u00eatements. Il s\u2019agissait bien souvent d\u2019un simple trempage sans savonnage dans l\u2019eau de la rivi\u00e8re ou de la mare, faute de ressources.<\/p>\n\n\n\n<p>La bu\u00e9e, (\u00a0\u00bb&nbsp;buga&nbsp;\u00a0\u00bb en occitan), \u00a0\u00bb&nbsp;bua&nbsp;\u00a0\u00bb (en occitan du nord), \u00a0\u00bb&nbsp;buec&nbsp;\u00a0\u00bb (Die) signifie la lessive. Jusqu&rsquo;au d\u00e9but du si\u00e8cle. Faire la lessive se disait \u00a0\u00bb&nbsp;faire la bu\u00e9e&nbsp;\u00a0\u00bb ou \u00a0\u00bb&nbsp;faire la bue&nbsp;\u00ab\u00a0, termes \u00e0 l&rsquo;origine de l&rsquo;\u00e9tymologie de buanderie.<\/p>\n\n\n\n<p id=\"lagrandelessive\"><br><br><strong>La grande lessive ou grande bu\u00e9e<\/strong><\/p>\n\n\n\n<p><br><br>Il s&rsquo;agissait de la grande lessive de l&rsquo;ann\u00e9e du linge de maison (rudes draps de lin) et des v\u00eatements (chemises en chanvre, bonnets de nuit, blouses\u2026). Cela se passait une, deux ou trois fois par an, au printemps (pr\u00e9paration du linge pour les f\u00eates de m\u00e9tier organis\u00e9es lors de la semaine sainte), en \u00e9t\u00e9 avant la moisson ou apr\u00e8s la fenaison pour profiter de la belle saison, voire en automne. Selon l\u2019aisance de la famille, il y avait soit une bonne r\u00e9serve de linge, soit peu de changements. Il s&rsquo;agissait d&rsquo;un travail collectif assur\u00e9 par les femmes car chaque famille ne poss\u00e9dait pas le grand chaudron de fonte (ou la chaudi\u00e8re) pos\u00e9 sur quatre pieds. Les voisines s&rsquo;entraidaient \u00e0 cette occasion o\u00f9 les familles plus ais\u00e9es faisaient appel \u00e0 une lavandi\u00e8re professionnelle.<\/p>\n\n\n\n<p>Les premi\u00e8res op\u00e9rations se pratiquaient dans les foyers. Le linge \u00e9tait tri\u00e9&nbsp;: d\u2019un c\u00f4t\u00e9 le linge blanc, et de l\u2019autre les lainages et le linge fin. Le blanc \u00e9tait lui m\u00eame tri\u00e9 en fonction de son degr\u00e9 de salet\u00e9 et de sa finesse&nbsp;: cela conditionnait sa place dans le cuvier.<\/p>\n\n\n\n<p>La bu\u00e9e avait lieu \u00e0 l\u2019ext\u00e9rieur ou dans une pi\u00e8ce sp\u00e9cialement pr\u00e9par\u00e9e (chambre \u00e0 four, fournil, appentis ou coin de grange). La lessive durait trois ou quatre jours, voire une semaine suivant la quantit\u00e9 de linge. Une grande bu\u00e9e comptait en moyenne 70 draps et autant de chemises, des dizaines de torchons et de mouchoirs.<\/p>\n\n\n\n<p>Le premier jour avait lieu le trempage&nbsp;: le linge \u00e9tait mis \u00e0 mac\u00e9rer dans des cuviers en terre ou grands baquets de bois cercl\u00e9s de fer. Les pi\u00e8ces de linge de la famille y \u00e9taient dispos\u00e9es en couche qu&rsquo;on arrosait avec de l&rsquo;eau froide pour \u00e9liminer les premi\u00e8res t\u00e2ches. L&rsquo;op\u00e9ration consistait \u00e0&nbsp;d\u00e9crasser \u00e0 l&rsquo;eau, sommairement, pour en faire tomber les mati\u00e8res peu adh\u00e9rentes et solubles (poussi\u00e8res, boues), le linge que l&rsquo;on avait amass\u00e9. Ainsi, la crasse \u00e9tait-elle dissoute dans l\u2019eau froide alors que les mati\u00e8res qui la constituaient auraient coagul\u00e9 dans l\u2019eau bouillante.<\/p>\n\n\n\n<p>L\u2019op\u00e9ration appel\u00e9e aussi \u00a0\u00bb&nbsp;essangeage&nbsp;\u00a0\u00bb correspondait au pr\u00e9lavage. Le linge \u00e9tait sommairement d\u00e9crass\u00e9 \u00e0 l\u2019eau. Les salet\u00e9s les plus tenaces \u00e9taient frott\u00e9es \u00e0 la brosse sur une planche \u00e0 laver stri\u00e9e&nbsp;; les pi\u00e8ces d\u00e9licates, les cols et poignets de chemises, \u00e9taient lav\u00e9es \u00e0 l\u2019eau ti\u00e8de avec du savon de Marseille. Pour les taches les plus rebelles, chaque femme avait ses secrets. Il y avait toute une vari\u00e9t\u00e9 de proc\u00e9d\u00e9s, dont certains passablement curieux, pour \u00f4ter les taches.<\/p>\n\n\n\n<p>Le lendemain, une femme proc\u00e9dait au \u00a0\u00bb&nbsp;coulage&nbsp;\u00a0\u00bb . Une fois rempli, le cuvier \u00e9tait recouvert d\u2019une grosse toile de chanvre (charrier ou cendrier) ou d&rsquo;un drap appel\u00e9 \u00a0\u00bb&nbsp;cendrier&nbsp;\u00a0\u00bb car sur ce tissu de grosse toile \u00e9tait r\u00e9pandu un lit \u00e9pais de cendres de bois tendre qui faisaient office de savon gr\u00e2ce \u00e0 leur richesse en carbonate de potassium (On y ajoutera \u00e0 la fin du XIX<sup>e<\/sup> si\u00e8cle des seaux de cristaux de soude fondus avec des copeaux de savon ). Les coins de la toile \u00e9taient ramen\u00e9s sur les cendres et on versait sur le tout une soixantaine de litres d\u2019eau bouillante parfois parfum\u00e9e avec des plantes aromatiques (lavande, thym,&nbsp; iris, etc\u2026). Cela durait une bonne demi-journ\u00e9e. Les sels de potasse contenus dans les cendres se dissolvaient et l\u2019eau de lessive, solution alcaline, \u00e9tait recueillie au bout d\u2019une heure \u00e0 un trou \u00e0 la base du cuvier et l\u2019on r\u00e9chauffait l\u2019eau. On reversait la lessive sur le charrier \u00e0 l\u2019aide d\u2019un r\u00e9cipient,. On recommen\u00e7ait l\u2019op\u00e9ration pendant des heures. Des vapeurs \u00e9touffantes se d\u00e9gageaient du linge bouilli et touill\u00e9 de temps \u00e0 autre \u00e0 l&rsquo;aide d&rsquo;un solide b\u00e2ton<strong>. <\/strong>On laissait mac\u00e9rer toute la nuit.<\/p>\n\n\n\n<p>Le troisi\u00e8me jour, le linge refroidi et alourdi \u00e9tait charg\u00e9 dans des corbeilles ou des bassines sur la brouette ou la remorque. Il \u00e9tait conduit au lavoir pour y \u00eatre battu, rinc\u00e9 et essor\u00e9. Le linge retrouvait sa blancheur. Les laveuses proc\u00e9daient alors au savonnage, au d\u00e9gorgeage et au rin\u00e7age. Elles prenaient leur battoir (le battoir permettait d&rsquo;extraire le maximum d&rsquo;eau de lessive), leur pain de savon, leur brosse de chiendent. Elles tendaient le linge \u00e0 bout de bras, le laissaient flotter dans l\u2019eau froide, le frottaient et le pressaient sur la pierre avec la brosse. Elles le rin\u00e7aient en le tordant et en le frappant avec le battoir pour le d\u00e9barrasser de l\u2019eau de lessive. Parfois, elles plongeaient dans l\u2019eau de chaque baquet de rin\u00e7age un sac de bleu contenant une poudre bleue provenant de l\u2019indigotier ou de l\u2019outremer, pour rendre le linge encore plus blanc.<\/p>\n\n\n\n<p>\u00c0 l&rsquo;issue de ces journ\u00e9es, le linge subissait un s\u00e9chage, selon le temps, \u00e0 air chaud (devant le po\u00eale ou la chemin\u00e9e), couvert (dans un grenier) ou \u00e0 l&rsquo;air libre (au jardin sur un fil, sur des haies ou pour les grandes pi\u00e8ces de linge \u00e9tendu sur l\u2019herbe, ce qui favorisait son blanchiment) pour les grandes pi\u00e8ces telles que les draps. Enfin les draps \u00e9taient pli\u00e9s dans les grandes armoires de ferme.<\/p>\n\n\n\n<p>Apr\u00e8s la Premi\u00e8re Guerre Mondiale, le coulage fut simplifi\u00e9. Les femmes utilisaient \u00a0\u00bb&nbsp;les lessiveuses \u00e0 champignon galvanis\u00e9 \u00ab\u00a0.<\/p>\n\n\n\n<p id=\"lelavoir\"><br><br><strong>Le lavoir<\/strong><\/p>\n\n\n\n<p><br><br>Un lavoir est un bassin aliment\u00e9 en eau le plus souvent naturelle, il est public, gratuit ou payant selon les communes. Il peut \u00eatre priv\u00e9 et mis \u00e0 disposition contre redevance.<\/p>\n\n\n\n<p>Sa fonction essentielle \u00e9tait le rin\u00e7age du linge. En effet, le lavage ne consommait que quelques seaux d&rsquo;eau, et pouvait donc se faire \u00a0\u00bb \u00e0 la maison\u00bb, le rin\u00e7age, au contraire, n\u00e9cessitait une grande quantit\u00e9 d&rsquo;eau claire, d&rsquo;o\u00f9 l&rsquo;utilisation du lavoir.<br><br><\/p>\n\n\n\n<p id=\"histoire\"><em><strong>1) Histoire<\/strong><\/em><br><br><\/p>\n\n\n\n<p>A l&rsquo;origine, le lavoir est une pierre plate inclin\u00e9e ou une simple planche pos\u00e9e au bord d&rsquo;un cours d&rsquo;eau, d&rsquo;une mare ou d&rsquo;une source, mais pas forcement sous abri. La pollution, les \u00e9pid\u00e9mies, les mesures d&rsquo;hygi\u00e8ne n\u00e9cessitent le d\u00e9veloppement de constructions sp\u00e9cifiques \u00e0 la fin du XVIII<sup>e <\/sup>si\u00e8cle.<\/p>\n\n\n\n<p>En France, les \u00e9pid\u00e9mies de chol\u00e9ra, de variole et de typho\u00efde incitent le Parlement \u00e0 voter la loi du 3 f\u00e9vrier 1851, accordant un cr\u00e9dit sp\u00e9cial, pour subventionner \u00e0 hauteur de 30%, la construction de lavoirs couverts. Les travaux \u00e9taient mis en adjudication \u00a0\u00bb \u00e0 la chandelle\u00bb, ce qui implique une certaine similitude de conception, voire de mat\u00e9riaux. Ils perdurent jusqu&rsquo;\u00e0 la moiti\u00e9 du XX<sup>e<\/sup> si\u00e8cle.<\/p>\n\n\n\n<p>Il subsiste quelques t\u00e9moignages de ce patrimoine dans notre cit\u00e9 d&rsquo; AOUSTE sur SYE, qui a abrit\u00e9 le travail banal, harassant, sans gloire mais indispensable des laveuses. C&rsquo; est un lieu de m\u00e9moire.<br><br><\/p>\n\n\n\n<p id=\"rolesocial\">2) <em><strong>R\u00f4le social<\/strong><\/em><br><br><\/p>\n\n\n\n<p>Les lavoirs avaient une importante fonction sociale, c&rsquo; est en effet l&rsquo;un des rares lieux, o\u00f9 les femmes souvent confin\u00e9es dans leur foyer ou dans la ferme, pouvaient se r\u00e9unir et \u00e9changer.<\/p>\n\n\n\n<p>Il est aussi un espace public rempli de vie, de bruits et de cancans, un lieu de vie r\u00e9serv\u00e9 aux femmes, une sorte de \u00a0\u00bb double du caf\u00e9 du village pour les hommes\u00bb.<\/p>\n\n\n\n<p>En outre, la quantit\u00e9 de linge apport\u00e9 au lavoir t\u00e9moigne de la \u00a0\u00bb prosp\u00e9rit\u00e9 de la maison, voire de son intimit\u00e9\u00bb . \u00ab<em>Au lavoir, on lave le linge, mais on salit les gens<\/em>\u00bb dit-on!<\/p>\n\n\n\n<p>Plusieurs lavoirs ont exist\u00e9 sur la commune d\u2019Aouste. Au XIX<sup>e<\/sup> si\u00e8cle, cinq lavoirs furent \u00e9difi\u00e9s sur la commune (quatre municipaux&nbsp;: un \u00e0 l&rsquo;est du village, un au centre , le \u00ab\u00a0Petit Bassin\u00a0\u00bb, un \u00e0 l&rsquo;ouest, celui de Chalancon aujourd&rsquo;hui d\u00e9truit, un au quartier Bellevue \u00e0 Blacons) et un priv\u00e9 (lavoir Flachard-Tavan utilis\u00e9 par les ouvri\u00e8res de l&rsquo;usine log\u00e9es sur place.<\/p>\n\n\n\n<p>Aujourd\u2019hui, le lavoir de Chalancon n\u2019existe plus. Son ancien emplacement est couvert de broussailles et l\u2019on distingue encore les marches qui permettaient son acc\u00e8s, les barres d&rsquo;appui et la margelle en pierre. Au nord de ce lavoir existait l&rsquo;\u00e9tendoir sur lequel est maintenant construit la Halte-Garderie.<\/p>\n\n\n\n<p>Quant au lavoir de Bellevue, il se trouve actuellement sur la commune de Mirabel-et-Blacons du fait du rattachement en 1946 du quartier Bellevue \u00e0 cette commune.<br><br><\/p>\n\n\n\n<p id=\"lelavoirfilliat\"><strong>Le lavoir Filliat<\/strong><br><br><\/p>\n\n\n<div class=\"wp-block-image\">\n<figure class=\"aligncenter size-full\"><img loading=\"lazy\" decoding=\"async\" width=\"475\" height=\"354\" src=\"https:\/\/histoire-patrimoine-aoustois.fr\/wp-content\/uploads\/2023\/04\/histoire-deau-lavoir-filliat.jpg\" alt=\"\" class=\"wp-image-8152\" srcset=\"https:\/\/histoire-patrimoine-aoustois.fr\/wp-content\/uploads\/2023\/04\/histoire-deau-lavoir-filliat.jpg 475w, https:\/\/histoire-patrimoine-aoustois.fr\/wp-content\/uploads\/2023\/04\/histoire-deau-lavoir-filliat-300x224.jpg 300w\" sizes=\"(max-width: 475px) 100vw, 475px\" \/><figcaption class=\"wp-element-caption\"><em>Le lavoir Filliat<\/em><\/figcaption><\/figure>\n<\/div>\n\n\n<p><\/p>\n\n\n\n<p><\/p>\n\n\n\n<p>Le lavoir communal, d\u00e9nomm\u00e9 Filliat \u00e0 l&rsquo;origine car implant\u00e9 pr\u00e8s de la papeterie devenue Sacna-Lembacel-Mondi, se situe sur le canal de Gervanne (ou des usines). C&rsquo;est l&rsquo;un des quatre lavoirs communaux construits sur la commune d&rsquo;Aouste au XIX<sup>e<\/sup> si\u00e8cle.<\/p>\n\n\n\n<p>Le 10 novembre 1889 Mr Cheynel architecte \u00e0 Crest, sollicit\u00e9 par la commune, \u00e9tablit un devis d\u00e9taill\u00e9 estimatif de cet abri pour un montant de 800 francs, d&rsquo;une longueur de 10,20 m pour 15 \u00e0 16 lavandi\u00e8res. Cet appentis devait couvrir le lavoir communal existant. Il serait \u00e9difi\u00e9 avec des potelets en briques fines arrondies, charpente en bois de Bourgogne, toiture en tuiles plates de Beaussemblant, socle en pierre du Pouzin, devait \u00eatre ferm\u00e9 sur les cot\u00e9s ouest et est par des planches de sapin peintes couleur \u00ab\u00a0jaune de gare\u00a0\u00bb,<\/p>\n\n\n\n<p>Le 28 janvier 1890, le maire Gustave Gresse pr\u00e9sente \u00e0 son conseil municipal des plans et devis dress\u00e9s le 10 d\u00e9cembre 1889 par Mr Cheynel architecte \u00e0 Crest pour la construction d&rsquo;un abri au lavoir communal sur le canal des usines dont la d\u00e9pense est \u00e9valu\u00e9e 800 francs. Le conseil municipal constatant, que le projet r\u00e9pond \u00e0 un besoin r\u00e9el si longtemps souhait\u00e9 par la population et que les ressources de la commune sont suffisantes, est d&rsquo;avis de mettre en adjudication la construction du lavoir. Par l\u00e0 m\u00eame, le conseil demande au pr\u00e9fet d&rsquo;ouvrir un cr\u00e9dit sp\u00e9cial de 800 francs applicable \u00e0 cette d\u00e9pense.<\/p>\n\n\n\n<p>Le 17 avril 1890 approbation du cahier des charges et demande au pr\u00e9fet de ratifier le vote, ce qu&rsquo;il fait.<\/p>\n\n\n\n<p>Le 6 juillet 1890, adjudication accord\u00e9e par la municipalit\u00e9, avec autorisation du pr\u00e9fet en date du 13 ao\u00fbt 1890, en faveur de Mr H\u00e9ritier R\u00e9my entrepreneur de ma\u00e7onnerie de Crest.<\/p>\n\n\n\n<p>Avec quelques modifications, l&rsquo;architecte Mr Cheynel, \u00e9tablit le 1<sup>er<\/sup> d\u00e9cembre 1890 un devis pour un montant de 993,24 francs avec un rabais de 13&nbsp;%.<\/p>\n\n\n\n<p>Le 24 mai 1891, le conseil municipal vote un cr\u00e9dit suppl\u00e9mentaire de 371,20 francs pour des travaux compl\u00e9mentaires et indispensables \u00e0 la construction de l&rsquo;abri.<\/p>\n\n\n\n<p>La construction termin\u00e9e est remise aux lavandi\u00e8res en 1891&nbsp;; il sera utilis\u00e9 jusqu\u2019en 1995.<\/p>\n\n\n\n<p>En septembre 2016, la toiture de cet ouvrage patrimonial sera restaur\u00e9e apr\u00e8s plus d&rsquo;un si\u00e8cle d&rsquo;utilisation.<\/p>\n\n\n\n<p>A noter que la pr\u00e9sence de ce lavoir a caus\u00e9 quelques soucis \u00e0 la papeterie Filliat. En effet, la puret\u00e9 de l&rsquo;eau \u00e9tant alt\u00e9r\u00e9e, la fabrication des papiers fins que produisait la papeterie s&rsquo;en trouvait modifi\u00e9e.<br><br><\/p>\n\n\n\n<p id=\"lelavoirdebellevue\"><strong>Le Lavoir de Bellevue<\/strong><br><br><\/p>\n\n\n\n<p>Ce lavoir, \u00e0 l&rsquo;origine sur la commune d&rsquo;Aouste, se trouve depuis 1946 sur la commune de Mirabel- et-Blacons, cons\u00e9quence du rattachement du quartier de Bellevue \u00e0 cette derni\u00e8re.<\/p>\n\n\n\n<p>Par une p\u00e9tition des habitants de Bellevue adress\u00e9e au maire d&rsquo;Aouste en 1923, ceux-ci demande au maire de faire \u00e9tablir un lavoir public couvert sur le canal de Gervanne et sur une parcelle de terre inculte d&rsquo;environ 50m\u00b2, cadastr\u00e9e 126P section C, emplacement gracieusement offert par Mrs L\u00e9opold et Joseph Barral fr\u00e8res, industriels, fabricants de billes.<\/p>\n\n\n\n<p>Le 28 ao\u00fbt 1923, le directeur de la Papeterie d&rsquo;Aouste, adresse une lettre au maire s&rsquo;\u00e9levant contre l&rsquo;\u00e9tablissement de ce lavoir. Le motif invoqu\u00e9 \u00e9tant, l&rsquo;eau du canal devenue impure serait pr\u00e9judiciable \u00e0 la fabrication du papier., pr\u00e9cisant qu&rsquo;il y a eu des ant\u00e9c\u00e9dents avec le lavoir communal Filliat. Le 15 septembre, il adresse une nouvelle lettre autorisant l&rsquo;ex\u00e9cution du projet, pr\u00e9cisant toutefois, les conditions de d\u00e9bit d&rsquo;eau et, dans le cas, ou l&rsquo;eau serait impure pour la fabrication des papiers fins, il en demanderait la suppression du lavoir.<\/p>\n\n\n\n<p>Par d\u00e9lib\u00e9rations en date du 10 ao\u00fbt 1924, le Conseil Municipal d&rsquo;Aouste approuve la construction d&rsquo;un lavoir \u00e0 Bellevue, suivi de l&rsquo;acte de cession de Messieurs Joseph et L\u00e9opold Barral \u00e0 la commune en date du 27 ao\u00fbt 1924 ( AM MN7 )<\/p>\n\n\n\n<p>La convention entre les parties sera sign\u00e9e le 24 ao\u00fbt 1924. Les frais d&rsquo;enregistrement (20 francs) restent \u00e0 la charge de la commune d&rsquo;Aouste. Cet \u00e9dicule permettrait aux personnes n&rsquo;ayant pas de lavoirs priv\u00e9s en bordure du canal, de b\u00e9n\u00e9ficier de meilleures conditions d&rsquo;utilisation par mauvais temps.<\/p>\n\n\n\n<p>Par d\u00e9lib\u00e9ration du conseil municipal d&rsquo;Aouste en date du 10 ao\u00fbt 1924, le maire Pierre Cordeil et ses conseillers approuvent la construction de ce lavoir. Les plans, devis et cahier des charges sont \u00e9tablis par Mr Savoyat, ing\u00e9nieur des Ponts et Chauss\u00e9es de Crest pour un montant de 2340 francs.<\/p>\n\n\n\n<p>Ces travaux, peu importants, seront soumis aux entrepreneurs locaux sur soumission directe. Le 10 septembre 1924, le Pr\u00e9fet approuve la construction du lavoir. Mr Sibourg Alexandre, entrepreneur de ma\u00e7onnerie d&rsquo;Aouste, en est l&rsquo;adjudicataire par le proc\u00e9d\u00e9 de march\u00e9 de gr\u00e9 \u00e0 gr\u00e9, aucun soumissionnaire ne s&rsquo;\u00e9tant pr\u00e9sent\u00e9, le 10 septembre 1924. Toutefois, il a accept\u00e9 de faire les travaux et de les commencer imm\u00e9diatement moyennant une augmentation de 12%.<\/p>\n\n\n\n<p>Les d\u00e9penses support\u00e9es par la communaut\u00e9 s&rsquo;\u00e9lev\u00e8rent en d\u00e9finitive \u00e0 3658 francs pour le lavoir. Ces majorations \u00e9tant dues, pour le lavoir, \u00e0 des modifications du projet initial et par des d\u00e9g\u00e2ts exceptionnels caus\u00e9s par un violent orage.<\/p>\n\n\n\n<p>Le 11 novembre 1925, Mr Savoyat d\u00e9clare les travaux termin\u00e9s, reconnus bons et valables.<br><br><\/p>\n\n\n\n<p id=\"lepetitbassin\"><strong>Le \u00a0\u00bb&nbsp;Petit Bassin&nbsp;\u00ab\u00a0<\/strong><br><br><\/p>\n\n\n\n<p>Construit au-dessus de la galerie du canal de Crest, vers le pont. Ce lavoir semble avoir \u00e9t\u00e9 \u00e9difi\u00e9 \u00e0 la m\u00eame \u00e9poque que le lavoir Filliat et en pr\u00e9sente les m\u00eames caract\u00e9ristiques tant techniques que pour les mat\u00e9riaux.<br><br><\/p>\n\n\n<div class=\"wp-block-image\">\n<figure class=\"aligncenter size-full\"><img loading=\"lazy\" decoding=\"async\" width=\"425\" height=\"318\" src=\"https:\/\/histoire-patrimoine-aoustois.fr\/wp-content\/uploads\/2023\/04\/histoire-deau-petit-bassin.jpg\" alt=\"\" class=\"wp-image-8153\" srcset=\"https:\/\/histoire-patrimoine-aoustois.fr\/wp-content\/uploads\/2023\/04\/histoire-deau-petit-bassin.jpg 425w, https:\/\/histoire-patrimoine-aoustois.fr\/wp-content\/uploads\/2023\/04\/histoire-deau-petit-bassin-300x224.jpg 300w\" sizes=\"(max-width: 425px) 100vw, 425px\" \/><figcaption class=\"wp-element-caption\">\u00ab\u00a0Le Petit Bassin\u00a0\u00bb<\/figcaption><\/figure>\n<\/div>\n\n\n<p id=\"lelavoirdechalancon\"><br><br><strong>Le<\/strong> <strong>Lavoir de Chalancon<\/strong><br><br><\/p>\n\n\n\n<p>Ce lavoir construit en bordure du canal de Crest, vers la rue de Charancon n\u2019existe plus; il a \u00e9t\u00e9 d\u00e9truit en 1990, aujourd&rsquo;hui envahi par les broussailles;\u2019on distingue encore les marches qui permettaient son acc\u00e8s, les barres d&rsquo;appui et la margelle en pierre. Au nord de ce lavoir existait l&rsquo;\u00e9tendoir \u00e0 linge sur lequel est maintenant construit la Halte-Garderie, ancien emplacement de l&rsquo;\u00e9glise et du cimeti\u00e8re Saint Christophe.<br><br><\/p>\n\n\n<div class=\"wp-block-image\">\n<figure class=\"aligncenter size-full\"><img loading=\"lazy\" decoding=\"async\" width=\"250\" height=\"332\" src=\"https:\/\/histoire-patrimoine-aoustois.fr\/wp-content\/uploads\/2023\/04\/histoire-deau-chalancon.jpg\" alt=\"\" class=\"wp-image-8154\" srcset=\"https:\/\/histoire-patrimoine-aoustois.fr\/wp-content\/uploads\/2023\/04\/histoire-deau-chalancon.jpg 250w, https:\/\/histoire-patrimoine-aoustois.fr\/wp-content\/uploads\/2023\/04\/histoire-deau-chalancon-226x300.jpg 226w\" sizes=\"(max-width: 250px) 100vw, 250px\" \/><figcaption class=\"wp-element-caption\"><em>Les escaliers, vestiges du lavoir de Chalencon<\/em><\/figcaption><\/figure>\n<\/div>\n\n\n<p><br><\/p>\n\n\n\n<p class=\"has-text-align-center has-medium-font-size\" id=\"chapitrevi\"> <strong>CHAPITRE VI<\/strong><br><br><\/p>\n\n\n\n<p class=\"has-text-align-center has-medium-font-size\" id=\"lesponts\"><strong>LES PONTS<\/strong><br><br><\/p>\n\n\n\n<p class=\"has-text-align-center\"><br><br><\/p>\n\n\n<div class=\"wp-block-image\">\n<figure class=\"aligncenter size-full\"><img loading=\"lazy\" decoding=\"async\" width=\"951\" height=\"643\" src=\"https:\/\/histoire-patrimoine-aoustois.fr\/wp-content\/uploads\/2023\/04\/histoire-deau-les-4-ponts.jpg\" alt=\"\" class=\"wp-image-8159\" srcset=\"https:\/\/histoire-patrimoine-aoustois.fr\/wp-content\/uploads\/2023\/04\/histoire-deau-les-4-ponts.jpg 951w, https:\/\/histoire-patrimoine-aoustois.fr\/wp-content\/uploads\/2023\/04\/histoire-deau-les-4-ponts-300x203.jpg 300w, https:\/\/histoire-patrimoine-aoustois.fr\/wp-content\/uploads\/2023\/04\/histoire-deau-les-4-ponts-768x519.jpg 768w\" sizes=\"(max-width: 951px) 100vw, 951px\" \/><\/figure>\n<\/div>\n\n\n<p><br><br><\/p>\n\n\n\n<p>Le village d&rsquo;Aouste semble construit sur un axe est-ouest, en parall\u00e8le \u00e0 la Dr\u00f4me. Or, historiquement, c&rsquo;est un axe nord-sud qui permit le d\u00e9veloppement de ce site, un gu\u00e9 sur la Dr\u00f4me est \u00e0 l&rsquo;origine de l&rsquo;expansion de celui-ci.<\/p>\n\n\n\n<p>La Dr\u00f4me, rivi\u00e8re de type m\u00e9diterran\u00e9en, (en grec: la rivi\u00e8re qui court) s&rsquo;est toujours \u00e9coul\u00e9e au niveau du pont actuel, entre 2 barres rocheuses; en amont, l&rsquo;actuel quartier saint Pierre \u00e9tant parfois, dans le pass\u00e9, inond\u00e9. En aval, au niveau de l&#8217;embouchure du Lauzens, se trouvait un espace plus large, avec des courants moins imp\u00e9tueux.<\/p>\n\n\n\n<p>Vers 500 avant J.-C., la Route de l&rsquo;Etain est cr\u00e9\u00e9e par les Grecs pour l&rsquo;acheminement de ce m\u00e9tal entre la r\u00e9gion de Nantes et la M\u00e9diterran\u00e9e. La carte des \u00abVoies antiques d&rsquo; Altonum\u00bb indique que, la principale voie de l&rsquo;\u00e9tain passait par le Pas de Lauzens et l&#8217;emplacement d&rsquo;Aouste, avant de continuer vers Pizan\u00e7on par les Arras. La voie la plus proche du Rh\u00f4ne n&rsquo;\u00e9tait que secondaire \u00e9tant donn\u00e9 les col\u00e8res du fleuve et ses crues destructrices\u2026.ainsi que la pr\u00e9sence de trafiquants occupant les \u00eeles et donc difficiles \u00e0 contr\u00f4ler. On suppose qu&rsquo;ici le franchissement de la Dr\u00f4me se faisait \u00e0 gu\u00e9 vers l&#8217;embouchure actuelle du Lauzens; \u00e0 proximit\u00e9 de ce passage, des <em>m\u00e9rides<\/em> (\u00e9choppes lou\u00e9es) pouvaient accueillir le voyageur.<br><br><\/p>\n\n\n\n<p id=\"laroutedeletain\"><strong>La route de l&rsquo;\u00e9tain<\/strong><br><br><br><\/p>\n\n\n<div class=\"wp-block-image\">\n<figure class=\"aligncenter size-full\"><img loading=\"lazy\" decoding=\"async\" width=\"243\" height=\"433\" src=\"https:\/\/histoire-patrimoine-aoustois.fr\/wp-content\/uploads\/2023\/04\/histoire-deau-route-etain.jpg\" alt=\"\" class=\"wp-image-8160\" srcset=\"https:\/\/histoire-patrimoine-aoustois.fr\/wp-content\/uploads\/2023\/04\/histoire-deau-route-etain.jpg 243w, https:\/\/histoire-patrimoine-aoustois.fr\/wp-content\/uploads\/2023\/04\/histoire-deau-route-etain-168x300.jpg 168w\" sizes=\"(max-width: 243px) 100vw, 243px\" \/><\/figure>\n<\/div>\n\n\n<p><br><br><br>Sur cet axe ant\u00e9rieur Nord-Sud, Auguste, d\u00e9sireux de centraliser l&#8217;empire, installe un relais de poste pour la liaison Valence &#8211; la voie Agrippa &#8211; et Montgen\u00e8vre (une des routes de la Voie des Alpes), le pont romain, construit ici en pierres, permet de renforcer les \u00e9changes \u00e9conomiques administratifs et militaires avec le sud. Des accords avec les chefs voconces garantissaient la s\u00e9curit\u00e9 des d\u00e9placements. On peut raisonnablement estimer \u00e0 800 personnes, au minimum, la population gallo-romaine \u00e0 la fin du III<sup>e <\/sup>si\u00e8cle (mais on ne conna\u00eet pas l&rsquo;\u00e9tendue d&rsquo;Augusta Vocontiorum!). La cit\u00e9 se situerait aussi sur \u00ab<em>l&rsquo;itin\u00e9raire n\u00b0 15 ou Chemin appel\u00e9 Gontardin ou<\/em> <em>Costardin dans les textes m\u00e9di\u00e9vaux ou modernes<\/em>\u00bb reliant Mont\u00e9limar \u2013 et la voie Agrippa \u2013 \u00e0 la Dr\u00f4me par le bassin de la Valdaine (1). Le reliquat d&rsquo;assise du pont romain, en aval du pont actuel, atteste que lors de la construction, le lit de la Dr\u00f4me \u00e9tait au m\u00eame niveau qu&rsquo;actuellement. Le pont reposait sur une assise d&rsquo;environ 6 m\u00e8tres de largeur. Avant l&rsquo;an 1000, les changements climatiques et la d\u00e9forestation provoqueront des apports de galets qui sur\u00e9l\u00e8veront consid\u00e9rablement le lit de la rivi\u00e8re. La villa romaine \u00e9tant, elle, install\u00e9e un peu \u00e0 l&rsquo;\u00e9cart de la voie, comme le conseille Caton (-244, -149): \u00ab<em>Si possible qu&rsquo;elle soit au pied d&rsquo;une colline, qu&rsquo;elle soit expos\u00e9e au midi, dans un endroit salubre. Qu&rsquo;il y ait abondance de main d\u2019\u0153uvre et un bon abreuvoir; qu&rsquo;il, y ait \u00e0 proximit\u00e9 une ville importante ou la mer ou un cours d&rsquo;eau o\u00f9 circulent les bateaux, ou une bonne route<\/em> <em>fr\u00e9quent\u00e9e<\/em> <em>( De l&rsquo;agriculture 1,3)<\/em>. Pendant presque 2000 ans, venant du sud, pi\u00e9tons, muletiers, chariots et soldats entrent dans la cit\u00e9 par l&rsquo;actuelle rue de la Croisi\u00e8re.<\/p>\n\n\n\n<p>Le pont romain, en partie d\u00e9truit au Moyen Age, est remplac\u00e9 par un pont roman \u00e0 4 arches, apports de graviers et affouillements se succ\u00e8dent: ils provoquent de nombreux et co\u00fbteux d\u00e9g\u00e2ts, ainsi une inondation catastrophique se produit m\u00eame fin juin 1747. Du Moyen Age \u00e0 la R\u00e9volution, le p\u00e9age install\u00e9 au bas de l&rsquo;actuelle rue de la Croisi\u00e8re sert, en partie, \u00e0 r\u00e9gler les frais d&rsquo;entretien du pont et des chemins d&rsquo;acc\u00e8s.<\/p>\n\n\n\n<p>C&rsquo;est en 1862 que l&rsquo;\u00e9difice est reconstruit \u00e0 son emplacement actuel: un pont m\u00e9tallique, type Eiffel, \u00e0 2 arches. Aouste est croisement entre la nouvelle route imp\u00e9riale 93, qui longe les deux canaux et la route n\u00b020 de Saint Jean en Royans \u00e0 Nyons, la travers\u00e9e Nord Sud d&rsquo;Aouste se caract\u00e9rise par les travaux d&rsquo;alignement entre la gare et la nouvelle \u00e9glise. La construction de ce pont n\u00e9cessite d&rsquo;importants travaux de remblaiement et, en aval, le prolongement sous galerie, du canal \u00abde Crest\u00bb ainsi que la cr\u00e9ation d&rsquo;une nouvelle prise d&rsquo;eau. Quelques ann\u00e9es plus tard, le village s&rsquo;\u00e9tendra au sud avec la mairie \u2013 \u00e9cole et une grande esplanade, elle aussi sur\u00e9lev\u00e9e.<\/p>\n\n\n\n<p>En 1940, le g\u00e9nie militaire fran\u00e7ais fait sauter le pont afin d&rsquo;arr\u00eater la progression allemande, (ceux-ci s&rsquo;arr\u00eateront \u00e0 Romans), les deux parties de la commune sont s\u00e9par\u00e9es, il faut traverser \u00e0 Crest ou Blacons, seuls certains \u00e9coliers en sont contents! Une passerelle instable est install\u00e9e&#8230;et d\u00e9truite par la rivi\u00e8re.<\/p>\n\n\n\n<p>Le pont actuel est construit de 1941 \u00e0 1947, l&rsquo;utilisation du b\u00e9ton arm\u00e9 permet la cr\u00e9ation d&rsquo;une seule arche de 65,20 m\u00e8tres de port\u00e9e, le profil en long est parabolique, la largeur utile est de 7,50 m\u00e8tres et la largeur roulable de 5 m\u00e8tres. Le trottoir en amont est de 1m30 et de 1m20 en aval. C&rsquo;est l&rsquo;entreprise Lajoinie qui r\u00e9alisa ce grand chantier. M\u00eame si certains am\u00e9nagements n&rsquo;\u00e9taient pas achev\u00e9s, une inauguration eut lieu en 1946, ce fut l&rsquo;occasion de la derni\u00e8re \u00abcavalcade\u00bb de la commune. En 1999, d&rsquo;importants travaux d&rsquo;entretien furent r\u00e9alis\u00e9s, le pont re\u00e7ut la d\u00e9nomination de \u00abpont du&nbsp; 8 mai 1945\u00bb<\/p>\n\n\n\n<p>Apr\u00e8s la seconde guerre mondiale, l&rsquo;utilisation des graviers de la Dr\u00f4me pour les constructions a, en partie, provoqu\u00e9 affouillements et abaissement du niveau du lit de la rivi\u00e8re ( plus de 5 m\u00e8tres \u00e0 Aouste). Les apports de galets en amont d&rsquo;Aouste sont aussi actuellement, plus limit\u00e9s suite \u00e0 l&rsquo;extension des zones bois\u00e9es dans le Diois.<\/p>\n\n\n\n<p>&nbsp;Lors des crues de 2012, 2013 et 2014, la Dr\u00f4me a mis \u00e0 mal l&rsquo;assise de la derni\u00e8re pile du pont romain, des services officiels bas\u00e9s \u00e0 Lyon se d\u00e9sint\u00e9ressant aussi de ce reliquat de constructions antiques dans une petite commune dr\u00f4moise. Deux mille ann\u00e9es d&rsquo;histoire sont emport\u00e9es par les flots tumultueux. La rivi\u00e8re est aussi capable de venir lentement \u00e0 bout des syst\u00e8mes de communication \u00e9difi\u00e9s par les plus grands empires.<br><br><\/p>\n\n\n\n<p id=\"lepontsaintvincent\"><strong>Le pont Saint Vincent<\/strong><br><br><\/p>\n\n\n\n<p>Ce pont est situ\u00e9 sur le ruisseau de la Lozi\u00e8re qui s\u00e9pare les deux communes d&rsquo;Aouste sur Sye et de Crest. L\u2019entretien de ce pont est toujours \u00e0 la charge des deux communes. Ce pont est aussi appel\u00e9 le \u00ab\u00a0Pont Bossu\u00a0\u00bb<br><br><\/p>\n\n\n<div class=\"wp-block-image\">\n<figure class=\"aligncenter size-full is-resized\"><img loading=\"lazy\" decoding=\"async\" src=\"https:\/\/histoire-patrimoine-aoustois.fr\/wp-content\/uploads\/2023\/04\/histoire-deau-detail-loziere.jpg\" alt=\"\" class=\"wp-image-8161\" width=\"295\" height=\"226\"\/><figcaption class=\"wp-element-caption\"><em>D\u00e9tail de l&rsquo;assise du pont St Vincent<\/em><\/figcaption><\/figure>\n<\/div>\n\n\n<p><br><br><\/p>\n\n\n\n<p id=\"lepontdedrome\"><strong>Le pont de Dr\u00f4me<\/strong><br><br><\/p>\n\n\n\n<p>Ce pont roman a remplac\u00e9 le pont romain du IVe si\u00e8cle jusqu&rsquo;\u00e0 sa d\u00e9molition en 1863 pour v\u00e9tust\u00e9 mais aussi pour les travaux d\u2019alignement entre la gare et la nouvelle \u00e9glise, avenue de la Gare (RD 20). Il sera remplac\u00e9 en 1862 par un pont m\u00e9tallique de type Eiffel.<\/p>\n\n\n\n<p>Le pont d\u2019Aouste sur la Dr\u00f4me \u00e9tait \u00e0 p\u00e9age avant 1790 et appartenait \u00e0 l\u2019\u00e9v\u00eaque de Die <em>( v\u00e9rifi\u00e9 en 1771).<\/em><br><br><\/p>\n\n\n\n<p><em><strong>Diverses archives municipales attestent de son existence mouvement\u00e9e:<\/strong><\/em><br><br><\/p>\n\n\n\n<p>BB 1: 1594 : projet de faire \u00a0\u00bb&nbsp;adouber&nbsp;\u00a0\u00bb (accommoder) le pont, suite aux passages des<\/p>\n\n\n\n<p>nombreuses compagnies de soldats\u2026.<\/p>\n\n\n\n<p>Sans date: une requ\u00eate est adress\u00e9e aux Etats de la province pour faire r\u00e9parer aux frais de la<\/p>\n\n\n\n<p>province le pont de la Dr\u00f4me, emport\u00e9 par les eaux en octobre 1604.<\/p>\n\n\n\n<p>BB 2&nbsp;: 25 avril 1625 : demande au roi un droit de pontonage pour l&rsquo;entretien des ponts.<\/p>\n\n\n\n<p>Le 4 novembre 1625: le consul fait garder le pont pour emp\u00eacher le logement de 100 \u00e0 120 hommes de M de Blacons.<\/p>\n\n\n\n<p>BB 3&nbsp;: 4 octobre 1629 : r\u00e9paration du pont sur la Dr\u00f4me \u00abrompu par un grand d\u00e9luge d&rsquo;eau\u00bb<\/p>\n\n\n\n<p>&nbsp;BB 4&nbsp;: 20 f\u00e9vrier 1630 : mise en place de pi\u00e8ces de bois sur la Dr\u00f4me, apr\u00e8s la rupture du pont<\/p>\n\n\n\n<p>Le 10 mai 1630, &nbsp; r\u00e9paration du pont \u00e0 28 sols la canne.<\/p>\n\n\n\n<p>\u00a0\u00bb&nbsp;\u2026<em>.. Auxquels a \u00e9t\u00e9 propos\u00e9 par le consul Achard comment le pont de Dr\u00f4me \u00e9tant rompu depuis le grand d\u00e9bordement des eaux arriv\u00e9 au mois d&rsquo;octobre dernier, y aurait \u00e9t\u00e9 mis des planches et autres grandes pi\u00e8ces de bois lesquelles se sont \u00e9branl\u00e9es et s\u00e9par\u00e9es en sorte qu&rsquo;il est \u00e0 craindre que quelques b\u00e9tail soit endommag\u00e9 requ\u00e9rant des d\u00e9lib\u00e9rations. Conclut que le conseil fera accommod\u00e9 le dit pont et l&rsquo;argent qu&rsquo;il fournira pour les ma\u00e7ons et manouvriers qui travailleront \u00e0 la construction lui alloue en ses comptes&#8230;&nbsp;\u00ab\u00a0<\/em><\/p>\n\n\n\n<p>BB 4&nbsp;: 20 mai 1630<\/p>\n\n\n\n<p>\u00a0\u00bb&nbsp;&#8230;. <em>le dit consul Achard a rapport\u00e9 avoir fait plusieurs proclamations par Antoine Pollissier sergent ordinaire que qui se voudrait entendre \u00e0 prendre le prix fait des r\u00e9parations qu&rsquo;il convient faire au pont de Dr\u00f4me (..;) avec trente francs au pr\u00e9sent jour que serait d\u00e9livr\u00e9 au mieux disant requ\u00e9rant d&rsquo;ordonner de quelle fa\u00e7on il faut faire la muraille et \u00e0 quelle condition il les fera ..<\/em>.&nbsp;\u00ab\u00a0<\/p>\n\n\n\n<p>BB 6&nbsp;: 6 juillet 1638 : r\u00e9paration du Pont de Dr\u00f4me.<\/p>\n\n\n\n<p>\u00a0\u00bb&nbsp;&#8230;<em>.. a encore \u00e9t\u00e9 propos\u00e9 par le dit consul qu&rsquo;il serait n\u00e9cessaire de faire accommoder le pont de Dr\u00f4me pour \u00e9viter qu&rsquo;il ne soit ruin\u00e9 plus avant et que les mulets n&rsquo;y peuvent plus passer et en plusieurs endroits il y a des br\u00e8ches aux parabandes du dit pont qui faut aussi accommoder et voir si l&rsquo;on fera mettre des tailles pour le faire cr\u00e9teler tout du long et voir si l&rsquo;on le baille \u00e0 prix fait ou \u00e0 journ\u00e9e requ\u00e9rant et conclure&nbsp;: Conclut que le consul prendra de chaux vers de dit Evesque&nbsp; et sera fait la calade qui est rompue au pont et \u00e0 qui \u00ab\u00a0despendra\u00a0\u00bb (d\u00e9pensera) les 3 livres qui sont entre les mains de Mr de Villeneuve , lui seront entr\u00e9es en son compte et le fera au mieux <\/em>&#8230;&#8230;..&nbsp;\u00ab\u00a0<\/p>\n\n\n\n<p>CC 27&nbsp;: 1652 : 67 livres pour travail au pont de la Dr\u00f4me.<\/p>\n\n\n\n<p>BB 9&nbsp;: 13 juillet 1653 : r\u00e9paration<\/p>\n\n\n\n<p>\u00ab\u00a0<em>&nbsp;Dans la maison consulaire d&rsquo;Aouste se sont assembl\u00e9s Hercule Eymery consul moderne , Joffre Esveque , Ma\u00eete Pierre Chabert , Louis Cuocq, Pierre Singuet, Jean Lambert Pierre Chaix, Joachim Adret,<\/em><\/p>\n\n\n\n<p><em>Auxquels assembl\u00e9s a \u00e9t\u00e9 propos\u00e9 par le dit consul que (con&#8230;) de la dite conclusion y devant , il a fait accomoder le pont de Dr\u00f4me \u00e0 Mr Simond du Puy Saint Martin et l&rsquo;argent qu&rsquo;il a eu (&#8230;&#8230;?) le montant 36 livres&nbsp; si bien que seront n\u00e9cessaires de faire (&#8230;..) des dites r\u00e9parations au dit pont et (&#8230;.) moyen d&rsquo;avoir d&rsquo;argent pour payer les dites ma\u00eetres et autres manoeuvres qu&rsquo;il y a tant pour le charroi de la chaux, pierre et sable, requ\u00e9rant d&rsquo;y d\u00e9lib\u00e9rer et de commettre de ceux et c\u00e9ans pour recourir \u00e0 qui et fait,<\/em><\/p>\n\n\n\n<p><em>Surquoi a \u00e9t\u00e9 conclut que le consul fera \u00ab\u00a0acharrier les attraits\u00a0\u00bb (charrier les mat\u00e9riaux) au dit pont aux endroits n\u00e9cessaires et pour le paiement du dit prendra ce qu&rsquo;on doit pour la r\u00e9paration du dit pont et apr\u00e8s poursuivra ceux qui doivent des \u00ab\u00a0entrages\u00a0\u00bb (droit d&rsquo;entr\u00e9e) et dans le cas qu&rsquo;il manque sera pay\u00e9 par emprunt sur les habitants..<\/em>..&nbsp;\u00ab\u00a0<\/p>\n\n\n\n<p>CC 53&nbsp;: 1660 : sur une requ\u00eate \u00e0 l&rsquo;Intendant:<\/p>\n\n\n\n<p>\u00a0\u00bb <em>ils ont cinq ponts \u00e0 entretenir.<\/em>..\u00a0\u00bb (Dr\u00f4me, Gervanne avec Mirabel, ruin\u00e9 en selon BB 4, Saint-Vincent ( La Lozi\u00e8re ) avec Crest, Sie, Crescelon (Craisseron, affluent de la Lauzi\u00e8re), emport\u00e9s en 1670 selon BB 16) et relance en 1670 (CC 56), sur \u00a0\u00bb&nbsp;<em>l&rsquo;entretien du pont de la D<\/em><em>r\u00f4me<\/em><em>, \u00e0 4 arcades et des 4 autres ponts \u00e9puise leurs ressources<\/em>&nbsp;\u00ab\u00a0.<\/p>\n\n\n\n<p>BB 13&nbsp;: 29 octobre 1663 : id.<\/p>\n\n\n\n<p>\u00a0\u00bb&nbsp;&#8230;..<em> le dit consul propose de plus que derni\u00e8rement que Dr\u00f4me vient d\u00e9border fit des grands dommage proche l&rsquo;arcade du petit pont que les b\u00eates n&rsquo;y pouvaient passer et le dit consul y fit mettre huit fagots et Jean Dufeux avec le fils du dit consul y travaill\u00e8rent la moiti\u00e9 d&rsquo;un jour pour accommoder le dit passage et aujourd&rsquo;hui y a fait mettre dix fagots et le dit consul y a travaill\u00e9 avec son fils la moiti\u00e9 du jour pour l&rsquo;avoir retour accommoder et si on ne fait en sorte de le faire accommoder en bonne forme comme avait \u00e9t\u00e9 auparavant, il est \u00e0 craindre que le dit pont ne se perde enti\u00e8rement , \u00e0 quoi convient de d\u00e9lib\u00e9rer<\/em><\/p>\n\n\n\n<p><em>Conclut que le consul assist\u00e9 de ma\u00eetre Antoine Morier baillera \u00e0 prix fait pour faire accommoder le dommage que Drome a fait au dit pont et pour le mettre en bon \u00e9tat afin d&#8217;emp\u00eacher la ruine du pont et aussi baillera \u00e0 prix fait ou \u00e0 journ\u00e9e pour (con&#8230;) les vo\u00fbtes des portes du pont de Drome et Sye et les vacations qu&rsquo;il a fait ou faire pour accommoder le passage du dit pont et bois fourni lui sera allou\u00e9 en son compte et aussi on v\u00e9rifiera ceux qui sont nomm\u00e9s ci-dessus si Mr Mathieu Davin a fait de besogne \u00e0 proportion de l&rsquo;argent u&rsquo;il a re\u00e7u , et conclut aussi que le dit consul fera mettre&nbsp; le (poutre et pa&#8230;.) que la communaut\u00e9 a achet\u00e9 pour l&rsquo;h\u00f4pital et fera raccommoder le couvert du dit h\u00f4pital ensemble, retirera des ais de ceux qui ont donn\u00e9 ou voudront donner au dit h\u00f4pital pour le faire accommoder et leur en donnera d\u00e9charge \u00e0 ceux qui le voudront , en qualit\u00e9 de consul en retirera aussi certificat des ma\u00eetres ma\u00e7ons de ce qui leur baillera et lui sera entr\u00e9 en son compte<\/em>&nbsp;\u00ab\u00a0<\/p>\n\n\n\n<p>BB 16, 14 octobre 1670 : constat suite aux d\u00e9g\u00e2ts eaux, et demande <em>\u00a0\u00bb&nbsp;<\/em><em>re<\/em><em>construction <\/em><em>au <\/em><em>pont de la D<\/em><em>r\u00f4me<\/em><em> de 4 arches bien qu&rsquo;une 5\u00b0 soit n\u00e9cessaire&nbsp;\u00ab\u00a0<\/em><\/p>\n\n\n\n<p>\u00a0\u00bb&nbsp;<em> &#8230;..propose et requiert le dit consul &#8230;.. qu&rsquo;il serait n\u00e9cessaire d&rsquo;envoyer quelqu&rsquo;un au Mont\u00e9limar pour pr\u00e9senter requ\u00eate \u00e0 Mrs les Elus aux fins qu&rsquo;ils leur plaise de commettre quelqu&rsquo;un pour pouvoir proc\u00e9der \u00e0 l&rsquo;estimation et v\u00e9rification des fonds que les eaux pluviales et autres rivi\u00e8res ont g\u00e2t\u00e9 au terroir du dit lieu , ensemble la grande perte qui est arriv\u00e9 aux vignes de Nozi\u00e8res et d\u00e9t\u00e9rioration de tous les fruits \u00e0 cause du mauvais temps , afin de faire d\u00e9charger partie de la dite taille &#8230;.<\/em>&#8230;&nbsp;\u00ab\u00a0<\/p>\n\n\n\n<p>DD 4&nbsp;:1682 : ordre de l&rsquo;Intendant de payer 494 livres \u00e0 Vachon, adjudicataire des r\u00e9parations du<\/p>\n\n\n\n<p>pont.<\/p>\n\n\n\n<p>FF 21&nbsp;: 1683\/1684: une proc\u00e9dure est engag\u00e9e par le consul d&rsquo;Aouste contre Vachon adjudicataire<\/p>\n\n\n\n<p>des travaux des ponts d&rsquo;Aouste pour non respect des temps et non conformit\u00e9 des travaux accomplis.<\/p>\n\n\n\n<p>1683 : 100 livres vers\u00e9es \u00e0 Bernard pour les ouvriers qui travaillent \u00e0 la cul\u00e9e de l&rsquo;arcade du pont.<\/p>\n\n\n\n<p>BB 22&nbsp;: 29 mars 1717 : r\u00e9paration d&rsquo;une pile du pont sur la Dr\u00f4me.<\/p>\n\n\n\n<p>1717: demande \u00e0 l&rsquo;ing\u00e9nieur Serment d&rsquo;un avis sur les r\u00e9parations \u00e0 la cul\u00e9e du pont de Dr\u00f4me du c\u00f4t\u00e9 du bourg, emport\u00e9e par les eaux le 13&nbsp; juillet 1717<\/p>\n\n\n\n<p>29 octobre 1727 : 1790 livres vers\u00e9es \u00e0 Lantheaume, ayant droit d&rsquo;Arthaud, ma\u00e7on et charpentier, sur le montant de la r\u00e9paration du pont.<\/p>\n\n\n\n<p>BB 25&nbsp;: r\u00e9parations de l&rsquo;arche du pont de Dr\u00f4me, rive gauche, emport\u00e9e le 30 juin 1747.<\/p>\n\n\n\n<p>Requ\u00eate \u00e0 l&rsquo;Intendant pour adjuger les travaux du pont de la Dr\u00f4me en partie d\u00e9truit par l&rsquo;inondation du 30 juin 1747 (DD4)<\/p>\n\n\n\n<p>1751: 96 livres sont remises \u00e0 Guerguy, pour les plan et devis du pont de la Dr\u00f4me auxquelles<\/p>\n\n\n\n<p>s&rsquo;ajoutent 24 livres pour ses frais de voyage.<\/p>\n\n\n\n<p>1752&nbsp;: requ\u00eate pour obtenir l&rsquo;imposition sur Aouste, Pi\u00e9gros, Aubenasson, Saint-Sauveur, Saou,\u2026<\/p>\n\n\n\n<p>pour servir \u00e0 r\u00e9tablir le pont de la Dr\u00f4me. Refus\u00e9 par l&rsquo;Intendant.<\/p>\n\n\n\n<p>DD 3&nbsp;: 1757: adjudication des travaux du pont.<\/p>\n\n\n\n<p>1759: demande autorisation de supprimer deux cul\u00e9es au pont dont les fonds r\u00e9cup\u00e9r\u00e9s serviront au r\u00e9tablissement des fontaines, (diminue l&rsquo;adjudication de 1500 livres). L&rsquo;autorisation de l&rsquo;Intendant est accord\u00e9e le 24 avril 1759.<\/p>\n\n\n\n<p>Un rapport alarmant de l\u2019ing\u00e9nieur des Ponts et Chauss\u00e9es en 1859 \u00e9tablit&nbsp;: \u00ab\u00a0<em>&nbsp;le pont d&rsquo;Aouste sur la Dr\u00f4me est ruin\u00e9, ses fondations sont affouill\u00e9es, les arbres sont p<\/em><em>rofond\u00e9ment \u00e9bauch\u00e9s \u00e0 leur base; il peut s&rsquo;\u00e9crouler d&rsquo;un instant \u00e0 l&rsquo;autre (\u2026) il s&rsquo;agirait de le reconstruire moyennant une subvention de la commune et une avance sans int\u00e9r\u00eats qui serait faite par les capitalistes du lieu, avance qui serait rembours\u00e9e par annuit\u00e9s par le d\u00e9partement\u2026\u00a0\u00bb . <\/em>Le pont m\u00e9tallique de type Eiffel lui succ\u00e8de en 1862 et les vestiges du pont roman seront abattus en 1863&nbsp;; seule restera encore quelques ann\u00e9es au milieu de la rivi\u00e8re, une pile t\u00e9moin du pass\u00e9.<\/p>\n\n\n\n<p>Le 24 juin 1940, ce pont m\u00e9tallique sera d\u00e9truit par le G\u00e9nie militaire fran\u00e7ais pour stopper l&rsquo;avanc\u00e9e de l&rsquo;arm\u00e9e allemande. Ce nouveau pont, qui porte le nom de \u00a0\u00bb&nbsp;8 mai 1945&nbsp;\u00a0\u00bb a \u00e9t\u00e9 inaugur\u00e9 le 3 mars 1946. Le&nbsp; tablier a servi de passerelle durant sa construction.<br><br><br><\/p>\n\n\n\n<p><\/p>\n\n\n<div class=\"wp-block-image\">\n<figure class=\"aligncenter size-full\"><img loading=\"lazy\" decoding=\"async\" width=\"348\" height=\"242\" src=\"https:\/\/histoire-patrimoine-aoustois.fr\/wp-content\/uploads\/2023\/04\/histoire-deau-ruine-pont.jpg\" alt=\"\" class=\"wp-image-8162\" srcset=\"https:\/\/histoire-patrimoine-aoustois.fr\/wp-content\/uploads\/2023\/04\/histoire-deau-ruine-pont.jpg 348w, https:\/\/histoire-patrimoine-aoustois.fr\/wp-content\/uploads\/2023\/04\/histoire-deau-ruine-pont-300x209.jpg 300w\" sizes=\"(max-width: 348px) 100vw, 348px\" \/><figcaption class=\"wp-element-caption\"><em>Ruines du pont de Dr\u00f4me<\/em><\/figcaption><\/figure>\n<\/div>\n\n\n<p><\/p>\n\n\n\n<p><\/p>\n\n\n\n<p id=\"lespasserelles\"><strong>Les passerelles<\/strong><br><br><\/p>\n\n\n\n<p>Apr\u00e8s la destruction du pont m\u00e9tallique, le 24 juin 1940, par le G\u00e9nie militaire fran\u00e7ais pour stopper l&rsquo;avanc\u00e9e de l&rsquo;arm\u00e9e allemande, une passerelle provisoire est \u00e9tablie sur la Dr\u00f4me d\u00e8s juillet 1940, face \u00e0 la rue des Remparts. Cette passerelle sera d\u00e9truite en octobre 1940 par une crue de la rivi\u00e8re.<\/p>\n\n\n\n<p>Une nouvelle passerelle est construite sur la rivi\u00e8re de la Dr\u00f4me au d\u00e9bouch\u00e9 de la rue de Charancon; celle-ci devra \u00eatre consolid\u00e9e en 1941 suite \u00e0 une nouvelle crue.<br><br><br><br><\/p>\n\n\n\n<figure class=\"wp-block-image size-full\"><img loading=\"lazy\" decoding=\"async\" width=\"754\" height=\"756\" src=\"https:\/\/histoire-patrimoine-aoustois.fr\/wp-content\/uploads\/2023\/04\/histoire-deau-passerelles-1.jpg\" alt=\"\" class=\"wp-image-8172\" srcset=\"https:\/\/histoire-patrimoine-aoustois.fr\/wp-content\/uploads\/2023\/04\/histoire-deau-passerelles-1.jpg 754w, https:\/\/histoire-patrimoine-aoustois.fr\/wp-content\/uploads\/2023\/04\/histoire-deau-passerelles-1-300x300.jpg 300w, https:\/\/histoire-patrimoine-aoustois.fr\/wp-content\/uploads\/2023\/04\/histoire-deau-passerelles-1-150x150.jpg 150w\" sizes=\"(max-width: 754px) 100vw, 754px\" \/><\/figure>\n\n\n\n<p><br><br><\/p>\n\n\n\n<p><\/p>\n\n\n\n<p id=\"lespontsdesye\"><strong>Les ponts de Sye<\/strong><\/p>\n\n\n\n<p><\/p>\n\n\n\n<p><\/p>\n\n\n\n<p>Deux ponts enjambent la rivi\u00e8re de Sye .<\/p>\n\n\n\n<p>Le premier pont, le plus important, est celui qui se situe \u00e0 hauteur de l&rsquo;ancien moulin, sur la RD 93, \u00e0 la sortie du bourg, c\u00f4t\u00e9 Est, en direction de Die.<\/p>\n\n\n\n<p><\/p>\n\n\n\n<p><br><\/p>\n\n\n\n<p><\/p>\n\n\n\n<p><br><br><\/p>\n\n\n<div class=\"wp-block-image\">\n<figure class=\"aligncenter size-full\"><img loading=\"lazy\" decoding=\"async\" width=\"278\" height=\"182\" src=\"https:\/\/histoire-patrimoine-aoustois.fr\/wp-content\/uploads\/2023\/04\/histoire-deau-pont-sye-aval.jpg\" alt=\"\" class=\"wp-image-8164\"\/><figcaption class=\"wp-element-caption\"><em>Pont de Sye c\u00f4t\u00e9 aval, en 1913<\/em><\/figcaption><\/figure>\n<\/div>\n\n<div class=\"wp-block-image\">\n<figure class=\"aligncenter size-full\"><img loading=\"lazy\" decoding=\"async\" width=\"272\" height=\"172\" src=\"https:\/\/histoire-patrimoine-aoustois.fr\/wp-content\/uploads\/2023\/04\/histoire-deau-pont-sye-amont.jpg\" alt=\"\" class=\"wp-image-8165\"\/><figcaption class=\"wp-element-caption\"><em>Pont de Sye cot\u00e9 amont, en 1913<\/em><\/figcaption><\/figure>\n<\/div>\n\n\n<p><\/p>\n\n\n\n<p><\/p>\n\n\n\n<p>Le second traverse la Sye au niveau du quartier Chabanas pour desservir ce quartier et au-del\u00e0. La construction fait suite \u00e0 d\u00e9lib\u00e9rations du conseil municipal d&rsquo;Aouste. Le 14 d\u00e9cembre 1865, le conseil municipal approuve les plans et co\u00fbt de 1608 francs, pour la construction d&rsquo;un pont en biais en ma\u00e7onnerie \u00e9tablis par Mr Chabrand, pour desservir le chemin rural.<\/p>\n\n\n\n<p><\/p>\n\n\n\n<p><\/p>\n\n\n\n<p><\/p>\n\n\n\n<p><\/p>\n\n\n\n<p id=\"lespontsdulauzens\"><strong>Les ponts de Lauzens<\/strong><\/p>\n\n\n\n<p><\/p>\n\n\n\n<p><\/p>\n\n\n\n<p><\/p>\n\n\n\n<p>En 1849, une liste de souscription adress\u00e9e \u00e0 la commune est \u00e9tablie par 102 usagers volontaires pour poser un pont en planches en travers du ruisseau de Lauzens sur la route des PLantas. La travers\u00e9e du ruisseau \u00e9tait devenue dangereuse, situation confirm\u00e9e par une lettre de l&rsquo;Agent Voyer en chef du d\u00e9partement. (AM 101).<\/p>\n\n\n\n<p>Le 13 octobre 1847, un acompte de 120 francs est pay\u00e9 \u00e0 M. Thomas, entrepreneur de ma\u00e7onnerie d&rsquo;Aouste, pour la b\u00e2tisse pour la pose de planches sur le Lauzens&nbsp;; le 26 ao\u00fbt 1848 un paiement de 50 francs sera effectu\u00e9 pour la m\u00eame t\u00e2che. (AM 101)<\/p>\n\n\n\n<p>Le 12 septembre 1865, l&rsquo;Agent Voyer transmet au Pr\u00e9fet les formalit\u00e9s d&rsquo;enqu\u00eate pour la construction du pont et les rectifications du chemin vicinal N\u00b0 3&nbsp;; Ce projet est \u00e9valu\u00e9 \u00e0 un co\u00fbt de 6000 francs. Le Pr\u00e9fet donne son accord pour les travaux en mai 1866. (AM 101)<\/p>\n\n\n\n<p>Le 22 d\u00e9cembre 1866 un mandat-accompte de 1000 francs est remis \u00e0 Thomas Antoine pour la construction du pont sur le Lauzens, sur le chemin vicinal N\u00b0 3 (Plantas). (AM 101)<\/p>\n\n\n\n<p>Deux autres ponceaux se trouvent aussi sur le ruisseau de Lauzens, l&rsquo;un sur le chemin rural N\u00b0 8 allant \u00e0 la R\u00e9para et l&rsquo;autre sur le chemin de Saint Alban.<\/p>\n\n\n\n<p><\/p>\n\n\n\n<p><\/p>\n\n\n\n<p><\/p>\n\n\n\n<p id=\"lepontdegervanne\"><strong>Le pont de Gervanne&nbsp;<\/strong><\/p>\n\n\n\n<p><\/p>\n\n\n\n<p><\/p>\n\n\n\n<p><\/p>\n\n\n\n<p>Ce pont est situ\u00e9 sur le ruisseau de Gervanne qui s\u00e9pare les deux communes d&rsquo;Aouste sur Sye et de Mirabel et Blacons. L\u2019entretien de ce pont \u00e9tait \u00e0 la charge des deux communes jusqu&rsquo;en 1946; rattachement du quartier Bellevue \u00e0 la commune de Mirabel et Blacons.<br><br><\/p>\n\n\n\n<p><\/p>\n\n\n\n<p><\/p>\n\n\n<div class=\"wp-block-image\">\n<figure class=\"aligncenter size-full\"><img loading=\"lazy\" decoding=\"async\" width=\"346\" height=\"219\" src=\"https:\/\/histoire-patrimoine-aoustois.fr\/wp-content\/uploads\/2023\/04\/histoire-deau-pont-blacons.jpg\" alt=\"\" class=\"wp-image-8166\" srcset=\"https:\/\/histoire-patrimoine-aoustois.fr\/wp-content\/uploads\/2023\/04\/histoire-deau-pont-blacons.jpg 346w, https:\/\/histoire-patrimoine-aoustois.fr\/wp-content\/uploads\/2023\/04\/histoire-deau-pont-blacons-300x190.jpg 300w\" sizes=\"(max-width: 346px) 100vw, 346px\" \/><figcaption class=\"wp-element-caption\"><em>Au premier plan, le pont sur la rivi\u00e8re de la Gervanne puis les b\u00e2timents de <a href=\"https:\/\/histoire-patrimoine-aoustois.fr\/?p=5177\" target=\"_blank\" rel=\"noreferrer noopener\">la papeterie Latune<\/a> en 1830<\/em><\/figcaption><\/figure>\n<\/div>\n\n\n<p><br><br><\/p>\n\n\n\n<p class=\"has-text-align-center\" id=\"chapitrevII\"><strong>CHAPITRE VII<\/strong><br><br><\/p>\n\n\n\n<p class=\"has-text-align-center\" id=\"calamites\"><strong>CALAMITES<\/strong><br><br><\/p>\n\n\n\n<p id=\"deuxsieclesdecalamites\"><strong>Deux si\u00e8cles de calamit\u00e9s<\/strong><br><br><\/p>\n\n\n\n<p>Il nous a paru opportun avant d&rsquo;\u00e9voquer les crues, de faire un petit retour en arri\u00e8re, pour constater les difficult\u00e9s qu&rsquo;ont pu rencontrer nos anc\u00eatres.<\/p>\n\n\n\n<p>Entre 1600 et 1800, les intemp\u00e9ries qui frappent notre r\u00e9gion prennent des proportions dramatiques, ayant des cons\u00e9quences \u00e9conomiques, d\u00e9mographiques et sociales.<\/p>\n\n\n\n<p>Les moyens existants durant ces p\u00e9riodes \u00e9taient insuffisants voire inexistants, les techniques d&rsquo;alors ne permettaient pas de lutter et de contenir efficacement les \u00e9l\u00e9ments. L&rsquo;intervention humaine encore tr\u00e8s discr\u00e8te se r\u00e9v\u00e8le incapable de r\u00e9gulariser les fleuves ou de modifier la vitesse des eaux. Les terres \u00e9taient insuffisamment prot\u00e9g\u00e9es et vuln\u00e9rables aux crues. La population devait composer avec la nature. Les gens devaient endurer ces \u00e9preuves \u00e0 r\u00e9p\u00e9tition avec son cort\u00e8ge de malheurs; morts, ravages des cultures, r\u00e9parations permanentes des routes et chemins d\u00e9truits, ruine, destruction des \u00e9difices et des maisons, famine, abandon des terres devenues improductives ou emport\u00e9es par les eaux, exode vers les villes avec les familles afin de trouver un emploi mais qui, souvent, se soldait par la mendicit\u00e9.<\/p>\n\n\n\n<p>Un aper\u00e7u sur deux si\u00e8cles dans notre r\u00e9gion o\u00f9 l&rsquo;on voit que Aouste n&rsquo;a pas \u00e9t\u00e9 \u00e9pargn\u00e9e et a bien malgr\u00e9 lui pay\u00e9 son tribut aux intemp\u00e9ries:<\/p>\n\n\n\n<p>&#8211; 1600 &#8211; d\u00e9bordement des rivi\u00e8res, froid intense qui g\u00e8le les rivi\u00e8res.<\/p>\n\n\n\n<p>&#8211; 1605 &#8211; s\u00e9cheresse d&rsquo;avril \u00e0 septembre.<\/p>\n\n\n\n<p>&#8211; 1607\/1608 &#8211; un grand hiver avec 55 jours de gel continu.<\/p>\n\n\n\n<p>&#8211; 1615 &#8211; \u00e9t\u00e9 excessivement chaud et hiver avec froid intense.<\/p>\n\n\n\n<p>&#8211; 1620\/1621 &#8211; hiver tr\u00e8s long et glacial, gel\u00e9es rudes de fin janvier \u00e0 fin f\u00e9vrier.<\/p>\n\n\n\n<p>&#8211; 1623 &#8211; cinq semaines de forte chaleur.<\/p>\n\n\n\n<p>&#8211; 1632 &#8211; hiver froid et long, en juin les gens sont oblig\u00e9s de se couvrir comme en hiver, ensuite deux mois de s\u00e9cheresse perdureront<\/p>\n\n\n\n<p>&#8211; 1649 &#8211; le 20 juillet la gr\u00eale ravage le territoire d&rsquo; Aouste.<\/p>\n\n\n\n<p>En 1670, les consuls de la communaut\u00e9 d&rsquo; Aouste sollicitent le Conseil du Parlement du Dauphin\u00e9, par un m\u00e9moire pr\u00e9sent\u00e9 devant Monsieur de Beaufort et ensuite \u00e0 Monsieur de la Conche, suite aux ravinements de leur terroir par les torrents et rivi\u00e8res qui ont emport\u00e9 plus des deux tiers de trois fonds roturiers, privant ainsi les habitants des meilleures terres labourables et pr\u00e9cisent la situation de d\u00e9nuement dans laquelle la population se trouvait.<\/p>\n\n\n\n<p>La m\u00eame ann\u00e9e, en ex\u00e9cution d&rsquo;une ordonnance rendue par Monseigneur Andr\u00e9 Gleyzal, conseiller du Roi au bureau de l\u2019\u00c9lection de Mont\u00e9limar, un devis de r\u00e9paration des ponts est fourni par Marc Davin, ma\u00eetre ma\u00e7on \u00e0 Aouste, pour un montant de 1483 livres. La Dr\u00f4me avait emport\u00e9 la muraille qui soutient la dalle du pont entre la tourelle des latrines et la premi\u00e8re arcade sur environ une vingtaine de m\u00e8tres, risquant la chute de l&rsquo;arcade. Il en \u00e9tait de m\u00eame pour la Sye qui mena\u00e7ait d&#8217;emporter la tour \u00a0\u00bb la milanaise\u00bb et les murailles, elle avait d\u00e9j\u00e0 emport\u00e9 les pierres de tailles des parapets du pont. Quant au pont de la Lozi\u00e8re, son \u00e9tat \u00e9tait peu enviable <em>(<\/em><em> voir Annexes I &#8211; II- III ci-dessous &#8211; Suppliques de 1670 et 1671 adress\u00e9es au bureau de l&rsquo;Election de Mont\u00e9limar).<\/em><\/p>\n\n\n\n<p>Le pont de Gervanne avait \u00e9t\u00e9 r\u00e9par\u00e9 en 1668 pour sa partie aoustoise.<br><br><\/p>\n\n\n\n<p class=\"has-text-align-center\"><em><strong>Annexe 1 Supplique de 1670 au bureau de l&rsquo;Election de Mont\u00e9limar<\/strong><\/em><br><br><\/p>\n\n\n<div class=\"wp-block-image\">\n<figure class=\"aligncenter size-full\"><img loading=\"lazy\" decoding=\"async\" width=\"605\" height=\"688\" src=\"https:\/\/histoire-patrimoine-aoustois.fr\/wp-content\/uploads\/2023\/04\/histoire-deau-calamites-A-I.jpg\" alt=\"\" class=\"wp-image-8178\" srcset=\"https:\/\/histoire-patrimoine-aoustois.fr\/wp-content\/uploads\/2023\/04\/histoire-deau-calamites-A-I.jpg 605w, https:\/\/histoire-patrimoine-aoustois.fr\/wp-content\/uploads\/2023\/04\/histoire-deau-calamites-A-I-264x300.jpg 264w\" sizes=\"(max-width: 605px) 100vw, 605px\" \/><\/figure>\n<\/div>\n\n\n<p class=\"has-text-align-center\"><strong><br><br><em>Annexe II &#8211; AM EE43 du 21\/01\/1671 pages 1 et 2 et Annexe III pages 1 \u00e0 4<\/em><\/strong><br><br><\/p>\n\n\n<div class=\"wp-block-image\">\n<figure class=\"aligncenter size-full\"><img loading=\"lazy\" decoding=\"async\" width=\"608\" height=\"771\" src=\"https:\/\/histoire-patrimoine-aoustois.fr\/wp-content\/uploads\/2023\/04\/histoire-deau-calamites-A-II.jpg\" alt=\"\" class=\"wp-image-8179\" srcset=\"https:\/\/histoire-patrimoine-aoustois.fr\/wp-content\/uploads\/2023\/04\/histoire-deau-calamites-A-II.jpg 608w, https:\/\/histoire-patrimoine-aoustois.fr\/wp-content\/uploads\/2023\/04\/histoire-deau-calamites-A-II-237x300.jpg 237w\" sizes=\"(max-width: 608px) 100vw, 608px\" \/><\/figure>\n<\/div>\n\n<div class=\"wp-block-image\">\n<figure class=\"aligncenter size-full\"><img loading=\"lazy\" decoding=\"async\" width=\"591\" height=\"821\" src=\"https:\/\/histoire-patrimoine-aoustois.fr\/wp-content\/uploads\/2023\/04\/histoire-deau-calamites-A-II-bis.jpg\" alt=\"\" class=\"wp-image-8180\" srcset=\"https:\/\/histoire-patrimoine-aoustois.fr\/wp-content\/uploads\/2023\/04\/histoire-deau-calamites-A-II-bis.jpg 591w, https:\/\/histoire-patrimoine-aoustois.fr\/wp-content\/uploads\/2023\/04\/histoire-deau-calamites-A-II-bis-216x300.jpg 216w\" sizes=\"(max-width: 591px) 100vw, 591px\" \/><\/figure>\n<\/div>\n\n\n<p class=\"has-text-align-center\">&#8230;&#8230;&#8230;<\/p>\n\n\n<div class=\"wp-block-image\">\n<figure class=\"aligncenter size-full\"><img loading=\"lazy\" decoding=\"async\" width=\"591\" height=\"781\" src=\"https:\/\/histoire-patrimoine-aoustois.fr\/wp-content\/uploads\/2023\/04\/histoire-deau-calamites-A-II-ter.jpg\" alt=\"\" class=\"wp-image-8181\" srcset=\"https:\/\/histoire-patrimoine-aoustois.fr\/wp-content\/uploads\/2023\/04\/histoire-deau-calamites-A-II-ter.jpg 591w, https:\/\/histoire-patrimoine-aoustois.fr\/wp-content\/uploads\/2023\/04\/histoire-deau-calamites-A-II-ter-227x300.jpg 227w\" sizes=\"(max-width: 591px) 100vw, 591px\" \/><\/figure>\n<\/div>\n\n<div class=\"wp-block-image\">\n<figure class=\"aligncenter size-full\"><img loading=\"lazy\" decoding=\"async\" width=\"617\" height=\"622\" src=\"https:\/\/histoire-patrimoine-aoustois.fr\/wp-content\/uploads\/2023\/04\/histoire-deau-calamites-A-II-quater.jpg\" alt=\"\" class=\"wp-image-8182\" srcset=\"https:\/\/histoire-patrimoine-aoustois.fr\/wp-content\/uploads\/2023\/04\/histoire-deau-calamites-A-II-quater.jpg 617w, https:\/\/histoire-patrimoine-aoustois.fr\/wp-content\/uploads\/2023\/04\/histoire-deau-calamites-A-II-quater-298x300.jpg 298w, https:\/\/histoire-patrimoine-aoustois.fr\/wp-content\/uploads\/2023\/04\/histoire-deau-calamites-A-II-quater-150x150.jpg 150w\" sizes=\"(max-width: 617px) 100vw, 617px\" \/><\/figure>\n<\/div>\n\n\n<p><br><br>Il semblerait que des travaux importants ont \u00e9t\u00e9 r\u00e9alis\u00e9s sur les infrastructures puisqu&rsquo;en 1681, les devis \u00e9tablis par l&rsquo;ing\u00e9nieur Hugo, commis par l\u2019\u00c9lection de Mont\u00e9limar pour les r\u00e9parations et constructions des ponts sur les rivi\u00e8res et torrents dans le territoire d&rsquo; Aouste, s&rsquo;\u00e9l\u00e8veront \u00e0 4950 livres. Un acte \u00e0 prix fait a \u00e9t\u00e9 pass\u00e9 le 6 novembre 1691 avec Jean Vachon, ma\u00eetre ma\u00e7on de Mont\u00e9limar. Ces travaux ne se d\u00e9rouleront pas dans les meilleures conditions, car les retards, les insuffisances de travaux, le peu d&rsquo; assiduit\u00e9 et les cautions initiales donn\u00e9es s&rsquo;av\u00e9rant non solvables, n\u00e9cessitent une requ\u00eate aupr\u00e8s de l&rsquo;Intendant Lebret et au recours \u00e0 Monseigneur Dieulament, ing\u00e9nieur du Roi. L&rsquo;affaire va durer. Le 8 f\u00e9vrier 1699, apr\u00e8s requ\u00eate de la communaut\u00e9 du 6 juin 1697, et apr\u00e8s plusieurs notifications verbales, une ordonnance de l&rsquo;Intendant menace Vachon et sa caution d&rsquo;achever les r\u00e9parations dans un d\u00e9lai de trois mois autrement ils y seraient contraints par corps (emprisonnement).<br><br><\/p>\n\n\n\n<p>&#8211; 1683\/1684 &#8211; froid terrible en janvier 1684 et neige abondante<\/p>\n\n\n\n<p>&#8211; 1684 &#8211; \u00e9t\u00e9 tr\u00e8s chaud, inondations d\u00e9sastreuses les 27 et 28 juin.<\/p>\n\n\n\n<p>&#8211; 1691 &#8211; abondantes chutes de neige.<\/p>\n\n\n\n<p>-1694\/1695 &#8211; hiver tr\u00e8s long d&rsquo;octobre \u00e0 mars 1695, avec de fortes gel\u00e9es et de la neige abondante.<\/p>\n\n\n\n<p>&#8211; 1699 &#8211; \u00e9t\u00e9 avec de fortes chaleurs<\/p>\n\n\n\n<p>&#8211; 1701 &#8211; neige le 30 avril, suivi de fortes chaleurs<\/p>\n\n\n\n<p>&#8211; Le 21 octobre 1702, un d\u00e9luge s&rsquo;abat sur Aouste et ruine la majeure partie du terroir de la communaut\u00e9, renversant les arbres, les murailles et ravageant les cultures, ce qui ne contribue pas \u00e0 la bonne fortune de la population d\u00e9j\u00e0 passablement \u00e9prouv\u00e9e.<\/p>\n\n\n\n<p>&#8211; 1705 &#8211; \u00e9t\u00e9 si chaud que certains thermom\u00e8tres (d&rsquo; \u00e9poque) se brisent par dilatation, les habitants se r\u00e9fugient dans les caves.<\/p>\n\n\n\n<p>&#8211; 1709 &#8211; hiver terrible: gel des fleuves et rivi\u00e8res en France. A Nyons, le froid tua tous les oliviers et fit \u00e9migrer le quart de la population. Les bl\u00e9s gel\u00e8rent, aussi le prix du pain qui atteignit en juin 35 sous les 9 livres, au lieu de 7 sous ordinairement. En ao\u00fbt, une forte temp\u00eate de gr\u00eale d\u00e9truisit tous les arbres fruitiers qu&rsquo;ils soient gros ou petits, jeunes ou vieux.<\/p>\n\n\n\n<p>&#8211; 1715 &#8211; hiver tr\u00e8s froid et neigeux.<\/p>\n\n\n\n<p>&#8211; 13 juillet 1717, une importante crue de la Dr\u00f4me emporte une cul\u00e9e du pont. Et\u00e9 excessivement chaud, 6 mois sans eau.<\/p>\n\n\n\n<p>-1719 &#8211; une des ann\u00e9es les plus chaudes et les plus d\u00e8ches suivant les d\u00e9lib\u00e9rations consulaires du d\u00e9partement.<\/p>\n\n\n\n<p>&#8211; 1722 &#8211; hiver si chaud que les fleurs apparaissent en f\u00e9vrier. Le 31 ao\u00fbt pluie, orage et fr\u00eale frappent et d\u00e9vastent le territoire d&rsquo; Aouste.<\/p>\n\n\n\n<p>&#8211; 1723 &#8211; s\u00e9cheresse g\u00e9n\u00e9rale d&rsquo;une dur\u00e9e de 3 mois, provoquant une disette de fourrage mais en contrepartie, le peu de vin r\u00e9colt\u00e9 est d&rsquo;excellente qualit\u00e9.<\/p>\n\n\n\n<p>&#8211; 1727 &#8211; chaleur consid\u00e9rable, 7 mois de s\u00e9cheresse<\/p>\n\n\n\n<p>&#8211; Le 21 juillet 1728, le consul de la communaut\u00e9 A Laget, suite \u00e0 une d\u00e9lib\u00e9ration du 11 juillet, emploie la somme de 120 livres re\u00e7ue de Fran\u00e7ois Achard, marchand \u00e0 Aouste pour faire r\u00e9parer la cul\u00e9e et la fontaine du pont de Sye endommag\u00e9es par la rivi\u00e8re. Toutefois cette somme venait au prorata de ce que Fran\u00e7ois Achard devait \u00e0 la communaut\u00e9.<\/p>\n\n\n\n<p>&#8211; 1728\/1729 &#8211; hiver tr\u00e8s rude, fortes chutes de neige en avril, perte des oliviers<\/p>\n\n\n\n<p>-1740 &#8211; hiver tr\u00e8s long et froid qui dure de octobre \u00e0 mars 1740, et temps froid et pluvieux<\/p>\n\n\n\n<p>en \u00e9t\u00e9 qui compromet les r\u00e9coltes, en Dauphin\u00e9 et Provence, perte des oliviers.<\/p>\n\n\n\n<p>&#8211; 1742 &#8211; une fois n&rsquo;est pas coutume dans la Dr\u00f4me, excellentes r\u00e9coltes.<\/p>\n\n\n\n<p>&#8211; 1744 &#8211; hiver d&rsquo;une extr\u00eame rigueur, le Rh\u00f4ne est gel\u00e9 \u00e0 Valence on peut le traverser \u00e0 pied.<\/p>\n\n\n\n<p>&#8211; 1745 &#8211; grandes et multiples inondations en fin d&rsquo;ann\u00e9e: Rh\u00f4ne, Roubion, Ouv\u00e8ze, Aygues, Lez, Dr\u00f4me, etc.<\/p>\n\n\n\n<p>&#8211; 1747 &#8211; en septembre la pluie qui dure 3 jours provoque de grandes inondations, \u00e0 Aouste les ponts de Sye et de Dr\u00f4me sont emport\u00e9s.<\/p>\n\n\n\n<p>&#8211; En 1752, le 7 mars, l&rsquo;Intendant du Dauphin\u00e9, Pierre Jean-Fran\u00e7ois de la Porte, au vu de l&rsquo;arr\u00eat ex\u00e9cutoire du  Conseil du Parlement en date du 18 janvier, ordonne l&rsquo;imposition sur une ou plusieurs ann\u00e9es sur les fonds des Trois Ordres d&rsquo;une somme de 5748 livres pour l&rsquo;adjudication des r\u00e9parations \u00e0 faire au pont de Dr\u00f4me.<\/p>\n\n\n\n<p>Le 30 juin 1747, une importante crue de la Dr\u00f4me emporte la cul\u00e9e du pont et une arche de la rive gauche privant la communaut\u00e9 d&rsquo; Aouste ainsi que les communaut\u00e9s environnantes \u00a0\u00bb <em>de Pi\u00e9gros, Aubenasson, Saint Sauveur, Sao\u00fb, Ansage, Ombl\u00e8ze, La Vacherie, Le Pescher (Le P\u00eacher), Eyglui, Col de V\u00e9raud, Le Cheylard, Baix aux montagnes (Plan de Baix), Gigors, Beaufort, Suze, Cobonne, Montclar, Mirabel, V\u00e9ronne, Vach\u00e8res, La Vall\u00e9e de Quint, Pontaix, Sainte Croix, Saillans et plusieurs autres&#8230;\u00a0\u00bb<\/em>, de moyens de communication entre Mont\u00e9limar, les Baronnies et le Diois.<\/p>\n\n\n\n<p>Les consuls J.P. Ponson et Eymery, devant l&rsquo;incapacit\u00e9 financi\u00e8re de la communaut\u00e9 de supporter une telle charge, sollicitent l&rsquo;Intendant suite au constat des d\u00e9g\u00e2ts par l&rsquo; ing\u00e9nieur des Ponts et Chauss\u00e9es de la province Mr Roland, un devis estimatif des r\u00e9parations s&rsquo;\u00e9levant finalement \u00e0 4446 livres a \u00e9t\u00e9 \u00e9tabli par Jacques Guerguy, g\u00e9om\u00e8tre \u00e0 Mont\u00e9limar. Ils demandent que cette somme soit couverte par des fonds des Ponts et Chauss\u00e9es ou par une imposition particuli\u00e8re sur la province, cette esp\u00e9rance de financement s&rsquo;av\u00e9rant al\u00e9atoire, la communaut\u00e9 demande la permission d&rsquo;imposer sur les Trois Ordres et de percevoir un droit de pontonnage sur les \u00ab\u00e9trangers\u00bb ( <em>c&rsquo;est \u00e0 dire les usagers hors communaut\u00e9 d&rsquo; Aouste)<\/em> durant 10 ans. Cette suggestion ne sera pas suivie d&rsquo;effet, l&rsquo;Intendant accorde seulement un d\u00e9gr\u00e8vement de 600 livres sur l&rsquo;ann\u00e9e 1748 et 700 livres sur celle de 1749. La communaut\u00e9 ne pouvant supporter les 2146 livres restantes sollicite \u00e0 nouveau l&rsquo;Intendant pour faire r\u00e9parer ce pont. Quelle r\u00e9ponse de l&rsquo; Intendant? Myst\u00e8re<\/p>\n\n\n\n<p>Toutefois un document ( AM DD 4\/60) nous dit que: \u00a0\u00bb <em>En ex\u00e9cution de ses ordonnances des 20 et 29 mars 1749 et en suite de la commission donn\u00e9e au sieur Guergui par Mr Sibeud votre subd\u00e9l\u00e9gu\u00e9, le dit sieur Guergui a dress\u00e9 un devis estimatif des r\u00e9parations \u00e0 faire au pont de Aouste sur la Dr\u00f4me, ce devis porte les sommes n\u00e9cessaires pour les r\u00e9parations \u00e0 celle de 6546 livres 5 sols, il reste Monseigneur, de passer l&rsquo;adjudication pour l&rsquo;entreprise de cet ouvrage\u2026..\u00a0\u00bb<\/em><\/p>\n\n\n\n<p>A relever aussi que la communaut\u00e9 d&rsquo;Aouste avait en charge pour moiti\u00e9 avec Mirabel de faire r\u00e9parer le pont de Gervanne \u00e0 Blacons endommag\u00e9 par la crue de Gervanne. De m\u00eame d\u00e9but 1750 une autre crue de la Dr\u00f4me avait enti\u00e8rement emport\u00e9 tout ce qui avait \u00e9t\u00e9 refait de frais et avait rendu le pont \u00e0 nouveau impraticable.<\/p>\n\n\n\n<p>&#8211; 1752 &#8211; Suite \u00e0 une nouvelle crue, \u00e0 Aouste, le pont de Dr\u00f4me n\u00e9cessite des r\u00e9parations pour un montant de 5748 livres.<\/p>\n\n\n\n<p>&#8211; 1762 &#8211; chaleur et s\u00e9cheresse, pluie \u00e0 partir de l&rsquo;automne et il y eut un second printemps.<\/p>\n\n\n\n<p>&#8211; Inqui\u00e9tudes des communaut\u00e9s riveraines de la Dr\u00f4me suite au dess\u00e8chement du lac de Luc cons\u00e9quent \u00e0 la s\u00e9cheresse successive des ann\u00e9es 1757 \u00e0 1762 pouvant entra\u00eener une catastrophe \u00e9conomique, d\u00e9mographique et sociale. Envoi d&rsquo;un ing\u00e9nieur des Ponts et Chauss\u00e9es Mr Bouchet par l&rsquo;intendant du Dauphin\u00e9 et de d\u00e9put\u00e9s des communaut\u00e9s concern\u00e9s ( AM DD 3 69)7<\/p>\n\n\n\n<p>&#8211; 1766 &#8211; hiver rude, froid intense de novembre \u00e0 fin f\u00e9vrier, surtout du 13 d\u00e9cembre au 15 f\u00e9vrier&nbsp;: arbres fendus, vignes perdues d&rsquo;o\u00f9 vin \u00e0 10 sols le pot, de nombreuses personnes sont mortes de froid et de manque de nourriture, car le travail ayant \u00e9t\u00e9 interrompu pendant cinq mois par suite du mauvais temps, la mis\u00e8re fut effroyable tant dans les campagnes que dans les villes. Requ\u00eate aupr\u00e8s de l&rsquo;Intendant des consuls d&rsquo; Aouste pour la construction d&rsquo;une digue au quartier du Vivier pour le prot\u00e9ger des crues r\u00e9p\u00e9t\u00e9es de la Dr\u00f4me (AM Aouste DD 3\/72, 3\/72;72\/1; 72\/2; 72\/3).<\/p>\n\n\n\n<p>En 1766, suite aux inondations de la Dr\u00f4me du quartier du Vivier, rive droite en amont de la rivi\u00e8re, apr\u00e8s d\u00e9lib\u00e9ration de la communaut\u00e9, en date du 1<sup>er<\/sup> d\u00e9cembre 1766, le consul Louis Andr\u00e9 sollicite l&rsquo;Intendant Christophe Pajot de Mar\u00e9chal pour obtenir la permission de faire dresser un devis estimatif et passer un bail au rabais pour construction d&rsquo;une digue. Le 22 janvier 1767, l&rsquo;Intendant ordonne au subd\u00e9l\u00e9gu\u00e9 Sibeud de nommer un expert, ce sera Mr Granjon, ma\u00e7on \u00e0 Aouste. Un d\u00e9gr\u00e8vement de 400 livres sera accord\u00e9 par l&rsquo;Intendant.<\/p>\n\n\n\n<p>&#8211; 1774 &#8211; d\u00e9bordement du canal des moulins de Aouste \u00e0 Crest suite \u00e0 une crue de la Dr\u00f4me et d\u00e9gradation du Grand Chemin Royal jusqu&rsquo;au pont de la Lozi\u00e8re ( AM <em>Aouste<\/em> DD 4)<\/p>\n\n\n\n<p>&#8211; 1775 &#8211; froid intense jusqu&rsquo;\u00e0 \u2013 22, vent du nord violent et tr\u00e8s froid, arbres et vignes perdus, \u00e0 ce froid succ\u00e8dent les pluies fr\u00e9quentes qui occasionn\u00e8rent en f\u00e9vrier une importante fonte des neiges et il s&rsquo;ensuivit que la Dr\u00f4me d\u00e9vasta Aouste et en amont du pont de Crest.<\/p>\n\n\n\n<p>&#8211; F\u00e9vrier 1776, la Dr\u00f4me se manifeste \u00e0 nouveau avec ses violents caprices, les pluies fr\u00e9quentes font fondre les neiges de f\u00e9vrier et elle ravage le terroir d&rsquo;Aouste et en amont du pont de Crest<\/p>\n\n\n\n<p>&#8211; 1785 &#8211; une grande s\u00e9cheresse occasionna une perte importante du cheptel par manque de foin.<\/p>\n\n\n\n<p>&#8211; 1786 &#8211; une importante crue de la Dr\u00f4me emporte les digues quartiers des Plantas et Soubeyran (<em>archives priv\u00e9es Mr Espinas)<\/em><\/p>\n\n\n\n<p><em>&#8211; <\/em>Le 18 novembre 1788, Demande de d\u00e9lib\u00e9ration pour ex\u00e9cution d&rsquo;une digue \u00e0 Aouste sur la Dr\u00f4me, avant ordonnance d&rsquo;imposition ( AM <em>Aouste<\/em> DD 3\/73)<\/p>\n\n\n\n<p>&#8211; Le 22 juillet, une crue de la Dr\u00f4me causa des d\u00e9g\u00e2ts aux digues en construction \u00e0 Crest. En novembre, il y eut une crue exceptionnelle<\/p>\n\n\n\n<p>&#8211; 1793 &#8211; froid durable puis chaleur excessive et s\u00e9cheresse. L&rsquo; abb\u00e9 Cotte dit dans sa \u00a0\u00bb M\u00e9t\u00e9orologie \u00a0\u00bb que \u00a0\u00bb <em>pendant les mois d&rsquo;avril et de mai, le thermom\u00e8tre descendit au dessous de z\u00e9ro et qu&rsquo;en juin on faisait encore du feu dans les appartements. Le 4 juillet l&rsquo;air commen\u00e7a \u00e0 s&rsquo;\u00e9chauffer, d\u00e9s le 8 la chaleur \u00e9tait excessive et elle monta jusqu&rsquo;\u00e0 38\u00b04 centigrades \u00e0 l&rsquo;ombre et au nord, cette chaleur si forte succ\u00e9dant \u00e0 un froid continu et \u00e0 une s\u00e9cheresse prolong\u00e9e produisit des effets d\u00e9sastreux dans les jardins et dans les champs, les l\u00e9gumes furent grill\u00e9s, les fruits s\u00e9chaient sur les arbres, les meubles craquaient et les fen\u00eatres se d\u00e9jetaient ( sortir des ch\u00e2ssis)\u2026. A VALENCE, on eut pendant plusieurs jours 40\u00b0\u00a0\u00bb<\/em><\/p>\n\n\n\n<p>&#8211; 1794-1795 &#8211; hiver rude, pluies abondantes, deux p\u00e9riodes de gel\u00e9es intenses, gr\u00eale.<\/p>\n\n\n\n<p>&#8211; 1800 &#8211; violent ouragan sur la vall\u00e9e du Rh\u00f4ne pendant deux jours (24 \u00e0 26 novembre) arbres d\u00e9racin\u00e9s, maisons endommag\u00e9es, d\u00e9g\u00e2ts consid\u00e9rables, violent incendie occasionn\u00e9 par la foudre.<br><\/p>\n\n\n\n<p><\/p>\n\n\n\n<p>A toutes ces calamit\u00e9s, il convient de rappeler la peste de 1628, qui, elle aussi, a fait de grands ravages.<\/p>\n\n\n\n<p>Force est de constater que nos a\u00een\u00e9s avaient de s\u00e9rieux probl\u00e8mes avec les crues de nos ruisseaux et rivi\u00e8res, qu&rsquo;ils devaient appr\u00e9hender chaque pluie et chaque orage. Annihiler tous leurs efforts, tous leurs biens, leurs cultures semblaient choses assez fr\u00e9quentes et les indemnit\u00e9s de secours \u00e9taient plus rares en ces si\u00e8cles.<br><br><\/p>\n\n\n\n<p id=\"lescrues\"><strong>LES CRUES<\/strong><br><br><\/p>\n\n\n\n<p>La crue est une forte augmentation du d\u00e9bit d&rsquo;un cours d&rsquo;eau. Le niveau critique est atteint quand le d\u00e9bordement provoque des dommages.<\/p>\n\n\n\n<p>La crue survient:<\/p>\n\n\n\n<p>      &#8211; apr\u00e8s de fortes pluies en amont dans le bassin versant<\/p>\n\n\n\n<p>     &#8211; plus rarement lors de la fonte des neiges<\/p>\n\n\n\n<p>     &#8211; par r\u00e9amor\u00e7age d&rsquo;un siphon karstique exceptionnellement quand une fracture terrestre profonde lib\u00e8re des nappes phr\u00e9atiques<\/p>\n\n\n\n<p>     &#8211; refoulement par un fleuve en crue sur une rivi\u00e8re affluente la mont\u00e9e des eaux provient alors de l&rsquo;aval.<\/p>\n\n\n\n<p>     &#8211; conjonction d&rsquo;une crue sur un fleuve c\u00f4tier et d&rsquo;une mar\u00e9e de pleine mer \u00e0 fort coefficient.<\/p>\n\n\n\n<p><br><br>Certains pays organisent la pr\u00e9vision des crues pour alerter la protection civile et la population.<\/p>\n\n\n\n<p>En France, c&rsquo;est le Service Central d&rsquo;Hydrom\u00e9t\u00e9orologie et d&rsquo; appui \u00e0 la pr\u00e9vision des inondations ( SCHAPI) situ\u00e9 \u00e0 Toulouse, ainsi que le site VIGICRUES.<\/p>\n\n\n\n<p>Les hydrologues classent l&rsquo;importance des crues, selon la \u00abp\u00e9riode de retour\u00bb de leurs d\u00e9bits. On parle alors de crue d\u00e9cennale ou centennale.<\/p>\n\n\n\n<p>D\u00e9j\u00e0 en date du 16 septembre 1840, le Sous-Pr\u00e9fet de Die, interpellait le maire de la commune d&rsquo;Aouste sur Sye sur la demande d&rsquo;un riverain, demandant autorisation de cr\u00e9er un mur pour se prot\u00e9ger des crues de la rivi\u00e8re DROME <em>(AM 601)<\/em><br><br><\/p>\n\n\n<div class=\"wp-block-image\">\n<figure class=\"aligncenter size-full\"><img loading=\"lazy\" decoding=\"async\" width=\"480\" height=\"318\" src=\"https:\/\/histoire-patrimoine-aoustois.fr\/wp-content\/uploads\/2023\/04\/histoire-deau-calamites-nov-2002.jpg\" alt=\"\" class=\"wp-image-8183\" srcset=\"https:\/\/histoire-patrimoine-aoustois.fr\/wp-content\/uploads\/2023\/04\/histoire-deau-calamites-nov-2002.jpg 480w, https:\/\/histoire-patrimoine-aoustois.fr\/wp-content\/uploads\/2023\/04\/histoire-deau-calamites-nov-2002-300x199.jpg 300w\" sizes=\"(max-width: 480px) 100vw, 480px\" \/><figcaption class=\"wp-element-caption\"><em>Novembre 2002 et \u2026<\/em><\/figcaption><\/figure>\n<\/div>\n\n\n<p><\/p>\n\n\n\n<figure class=\"wp-block-image size-full\"><img loading=\"lazy\" decoding=\"async\" width=\"480\" height=\"360\" src=\"https:\/\/histoire-patrimoine-aoustois.fr\/wp-content\/uploads\/2023\/04\/histoire-deau-calamites-nov-2002-suite-2.jpg\" alt=\"\" class=\"wp-image-8185\" srcset=\"https:\/\/histoire-patrimoine-aoustois.fr\/wp-content\/uploads\/2023\/04\/histoire-deau-calamites-nov-2002-suite-2.jpg 480w, https:\/\/histoire-patrimoine-aoustois.fr\/wp-content\/uploads\/2023\/04\/histoire-deau-calamites-nov-2002-suite-2-300x225.jpg 300w\" sizes=\"(max-width: 480px) 100vw, 480px\" \/><\/figure>\n\n\n\n<p><br><\/p>\n\n\n<div class=\"wp-block-image\">\n<figure class=\"alignright size-full\"><img loading=\"lazy\" decoding=\"async\" width=\"480\" height=\"360\" src=\"https:\/\/histoire-patrimoine-aoustois.fr\/wp-content\/uploads\/2023\/04\/histoire-deau-calamites-nov-2002-suite-3.jpg\" alt=\"\" class=\"wp-image-8186\" srcset=\"https:\/\/histoire-patrimoine-aoustois.fr\/wp-content\/uploads\/2023\/04\/histoire-deau-calamites-nov-2002-suite-3.jpg 480w, https:\/\/histoire-patrimoine-aoustois.fr\/wp-content\/uploads\/2023\/04\/histoire-deau-calamites-nov-2002-suite-3-300x225.jpg 300w\" sizes=\"(max-width: 480px) 100vw, 480px\" \/><\/figure>\n<\/div>\n\n\n<p><\/p>\n\n\n\n<p><\/p>\n\n\n\n<p><\/p>\n\n\n\n<p><\/p>\n\n\n\n<p><\/p>\n\n\n\n<p><\/p>\n\n\n\n<p><\/p>\n\n\n\n<p><\/p>\n\n\n\n<p><\/p>\n\n\n\n<p><br><br><\/p>\n\n\n\n<p><br><br><\/p>\n\n\n\n<p><br><\/p>\n\n\n<div class=\"wp-block-image\">\n<figure class=\"aligncenter size-full\"><img loading=\"lazy\" decoding=\"async\" width=\"650\" height=\"435\" src=\"https:\/\/histoire-patrimoine-aoustois.fr\/wp-content\/uploads\/2023\/04\/image-6.png\" alt=\"\" class=\"wp-image-8205\" srcset=\"https:\/\/histoire-patrimoine-aoustois.fr\/wp-content\/uploads\/2023\/04\/image-6.png 650w, https:\/\/histoire-patrimoine-aoustois.fr\/wp-content\/uploads\/2023\/04\/image-6-300x201.png 300w\" sizes=\"(max-width: 650px) 100vw, 650px\" \/><figcaption class=\"wp-element-caption\"><em>&#8230; et un mois plus tard, en d\u00e9cembre<\/em><\/figcaption><\/figure>\n<\/div>\n\n\n<p><br><br><br><\/p>\n\n\n\n<p><\/p>\n\n\n\n<p><\/p>\n\n\n<div class=\"wp-block-image\">\n<figure class=\"aligncenter size-full\"><img loading=\"lazy\" decoding=\"async\" width=\"114\" height=\"103\" src=\"https:\/\/histoire-patrimoine-aoustois.fr\/wp-content\/uploads\/2023\/04\/logo-HPA-02.jpg\" alt=\"\" class=\"wp-image-8198\"\/><\/figure>\n<\/div>\n\n\n<p><br><\/p>\n","protected":false},"excerpt":{"rendered":"<p>AOUSTE SUR SYE &#8230; l&rsquo;eau dans tous ses \u00e9tats Extrait du livre \u00a0\u00bb&nbsp;AOUSTE SUR SYE \u2026 l&rsquo;eau dans tous ses \u00e9tats&nbsp;\u00a0\u00bb \u00e9dit\u00e9 en 2017 par Histoire et Patrimoine Aoustois Aouste sur Sye et l&rsquo;eau est une longue histoire. L&rsquo;eau, force motrice, a \u00e9t\u00e9 un v\u00e9ritable atout d&rsquo;une prosp\u00e9rit\u00e9 industrielle florissante mais encore bien pr\u00e9sente aujourd\u2019hui [&hellip;]<\/p>\n","protected":false},"author":1,"featured_media":0,"parent":0,"menu_order":0,"comment_status":"open","ping_status":"closed","template":"","meta":{"footnotes":""},"class_list":["post-7881","page","type-page","status-publish","hentry","entry"],"yoast_head":"<!-- This site is optimized with the Yoast SEO plugin v27.4 - https:\/\/yoast.com\/product\/yoast-seo-wordpress\/ -->\n<title>HISTOIRE D&#039;EAU - HISTOIRE PATRIMOINE AOUSTOIS<\/title>\n<meta name=\"description\" content=\"Aouste sur Sye et l&#039;eau est une longue histoire. L&#039;eau, bien patrimonial commun, force motrice, a \u00e9t\u00e9 un v\u00e9ritable atout d&#039;une prosp\u00e9rit\u00e9 industrielle florissante encore pr\u00e9sente aujourd\u2019hui pour son agriculture.\" \/>\n<meta name=\"robots\" content=\"index, follow, max-snippet:-1, max-image-preview:large, max-video-preview:-1\" \/>\n<link rel=\"canonical\" href=\"https:\/\/histoire-patrimoine-aoustois.fr\/?page_id=7881\" \/>\n<meta property=\"og:locale\" content=\"fr_FR\" \/>\n<meta property=\"og:type\" content=\"article\" \/>\n<meta property=\"og:title\" content=\"HISTOIRE D&#039;EAU - HISTOIRE PATRIMOINE AOUSTOIS\" \/>\n<meta property=\"og:description\" content=\"Aouste sur Sye et l&#039;eau est une longue histoire. L&#039;eau, bien patrimonial commun, force motrice, a \u00e9t\u00e9 un v\u00e9ritable atout d&#039;une prosp\u00e9rit\u00e9 industrielle florissante encore pr\u00e9sente aujourd\u2019hui pour son agriculture.\" \/>\n<meta property=\"og:url\" content=\"https:\/\/histoire-patrimoine-aoustois.fr\/?page_id=7881\" \/>\n<meta property=\"og:site_name\" content=\"HISTOIRE PATRIMOINE AOUSTOIS\" \/>\n<meta property=\"article:modified_time\" content=\"2023-04-22T11:42:24+00:00\" \/>\n<meta property=\"og:image\" content=\"https:\/\/histoire-patrimoine-aoustois.fr\/wp-content\/uploads\/2023\/04\/pont-2.jpg\" \/>\n<meta name=\"twitter:card\" content=\"summary_large_image\" \/>\n<meta name=\"twitter:label1\" content=\"Dur\u00e9e de lecture estim\u00e9e\" \/>\n\t<meta name=\"twitter:data1\" content=\"165 minutes\" \/>\n<script type=\"application\/ld+json\" class=\"yoast-schema-graph\">{\"@context\":\"https:\\\/\\\/schema.org\",\"@graph\":[{\"@type\":\"WebPage\",\"@id\":\"https:\\\/\\\/histoire-patrimoine-aoustois.fr\\\/?page_id=7881\",\"url\":\"https:\\\/\\\/histoire-patrimoine-aoustois.fr\\\/?page_id=7881\",\"name\":\"HISTOIRE D'EAU - HISTOIRE PATRIMOINE AOUSTOIS\",\"isPartOf\":{\"@id\":\"https:\\\/\\\/histoire-patrimoine-aoustois.fr\\\/#website\"},\"primaryImageOfPage\":{\"@id\":\"https:\\\/\\\/histoire-patrimoine-aoustois.fr\\\/?page_id=7881#primaryimage\"},\"image\":{\"@id\":\"https:\\\/\\\/histoire-patrimoine-aoustois.fr\\\/?page_id=7881#primaryimage\"},\"thumbnailUrl\":\"https:\\\/\\\/histoire-patrimoine-aoustois.fr\\\/wp-content\\\/uploads\\\/2023\\\/04\\\/pont-2.jpg\",\"datePublished\":\"2023-04-08T03:51:56+00:00\",\"dateModified\":\"2023-04-22T11:42:24+00:00\",\"description\":\"Aouste sur Sye et l'eau est une longue histoire. L'eau, bien patrimonial commun, force motrice, a \u00e9t\u00e9 un v\u00e9ritable atout d'une prosp\u00e9rit\u00e9 industrielle florissante encore pr\u00e9sente aujourd\u2019hui pour son agriculture.\",\"breadcrumb\":{\"@id\":\"https:\\\/\\\/histoire-patrimoine-aoustois.fr\\\/?page_id=7881#breadcrumb\"},\"inLanguage\":\"fr-FR\",\"potentialAction\":[{\"@type\":\"ReadAction\",\"target\":[\"https:\\\/\\\/histoire-patrimoine-aoustois.fr\\\/?page_id=7881\"]}]},{\"@type\":\"ImageObject\",\"inLanguage\":\"fr-FR\",\"@id\":\"https:\\\/\\\/histoire-patrimoine-aoustois.fr\\\/?page_id=7881#primaryimage\",\"url\":\"https:\\\/\\\/histoire-patrimoine-aoustois.fr\\\/wp-content\\\/uploads\\\/2023\\\/04\\\/pont-2.jpg\",\"contentUrl\":\"https:\\\/\\\/histoire-patrimoine-aoustois.fr\\\/wp-content\\\/uploads\\\/2023\\\/04\\\/pont-2.jpg\",\"width\":520,\"height\":389},{\"@type\":\"BreadcrumbList\",\"@id\":\"https:\\\/\\\/histoire-patrimoine-aoustois.fr\\\/?page_id=7881#breadcrumb\",\"itemListElement\":[{\"@type\":\"ListItem\",\"position\":1,\"name\":\"Accueil\",\"item\":\"https:\\\/\\\/histoire-patrimoine-aoustois.fr\\\/\"},{\"@type\":\"ListItem\",\"position\":2,\"name\":\"HISTOIRE D&rsquo;EAU\"}]},{\"@type\":\"WebSite\",\"@id\":\"https:\\\/\\\/histoire-patrimoine-aoustois.fr\\\/#website\",\"url\":\"https:\\\/\\\/histoire-patrimoine-aoustois.fr\\\/\",\"name\":\"HISTOIRE PATRIMOINE AOUSTOIS\",\"description\":\"\",\"publisher\":{\"@id\":\"https:\\\/\\\/histoire-patrimoine-aoustois.fr\\\/#organization\"},\"potentialAction\":[{\"@type\":\"SearchAction\",\"target\":{\"@type\":\"EntryPoint\",\"urlTemplate\":\"https:\\\/\\\/histoire-patrimoine-aoustois.fr\\\/?s={search_term_string}\"},\"query-input\":{\"@type\":\"PropertyValueSpecification\",\"valueRequired\":true,\"valueName\":\"search_term_string\"}}],\"inLanguage\":\"fr-FR\"},{\"@type\":\"Organization\",\"@id\":\"https:\\\/\\\/histoire-patrimoine-aoustois.fr\\\/#organization\",\"name\":\"histoire patrimoine aoustois\",\"url\":\"https:\\\/\\\/histoire-patrimoine-aoustois.fr\\\/\",\"logo\":{\"@type\":\"ImageObject\",\"inLanguage\":\"fr-FR\",\"@id\":\"https:\\\/\\\/histoire-patrimoine-aoustois.fr\\\/#\\\/schema\\\/logo\\\/image\\\/\",\"url\":\"\",\"contentUrl\":\"\",\"caption\":\"histoire patrimoine aoustois\"},\"image\":{\"@id\":\"https:\\\/\\\/histoire-patrimoine-aoustois.fr\\\/#\\\/schema\\\/logo\\\/image\\\/\"}}]}<\/script>\n<!-- \/ Yoast SEO plugin. -->","yoast_head_json":{"title":"HISTOIRE D'EAU - HISTOIRE PATRIMOINE AOUSTOIS","description":"Aouste sur Sye et l'eau est une longue histoire. L'eau, bien patrimonial commun, force motrice, a \u00e9t\u00e9 un v\u00e9ritable atout d'une prosp\u00e9rit\u00e9 industrielle florissante encore pr\u00e9sente aujourd\u2019hui pour son agriculture.","robots":{"index":"index","follow":"follow","max-snippet":"max-snippet:-1","max-image-preview":"max-image-preview:large","max-video-preview":"max-video-preview:-1"},"canonical":"https:\/\/histoire-patrimoine-aoustois.fr\/?page_id=7881","og_locale":"fr_FR","og_type":"article","og_title":"HISTOIRE D'EAU - HISTOIRE PATRIMOINE AOUSTOIS","og_description":"Aouste sur Sye et l'eau est une longue histoire. L'eau, bien patrimonial commun, force motrice, a \u00e9t\u00e9 un v\u00e9ritable atout d'une prosp\u00e9rit\u00e9 industrielle florissante encore pr\u00e9sente aujourd\u2019hui pour son agriculture.","og_url":"https:\/\/histoire-patrimoine-aoustois.fr\/?page_id=7881","og_site_name":"HISTOIRE PATRIMOINE AOUSTOIS","article_modified_time":"2023-04-22T11:42:24+00:00","og_image":[{"url":"https:\/\/histoire-patrimoine-aoustois.fr\/wp-content\/uploads\/2023\/04\/pont-2.jpg","type":"","width":"","height":""}],"twitter_card":"summary_large_image","twitter_misc":{"Dur\u00e9e de lecture estim\u00e9e":"165 minutes"},"schema":{"@context":"https:\/\/schema.org","@graph":[{"@type":"WebPage","@id":"https:\/\/histoire-patrimoine-aoustois.fr\/?page_id=7881","url":"https:\/\/histoire-patrimoine-aoustois.fr\/?page_id=7881","name":"HISTOIRE D'EAU - HISTOIRE PATRIMOINE AOUSTOIS","isPartOf":{"@id":"https:\/\/histoire-patrimoine-aoustois.fr\/#website"},"primaryImageOfPage":{"@id":"https:\/\/histoire-patrimoine-aoustois.fr\/?page_id=7881#primaryimage"},"image":{"@id":"https:\/\/histoire-patrimoine-aoustois.fr\/?page_id=7881#primaryimage"},"thumbnailUrl":"https:\/\/histoire-patrimoine-aoustois.fr\/wp-content\/uploads\/2023\/04\/pont-2.jpg","datePublished":"2023-04-08T03:51:56+00:00","dateModified":"2023-04-22T11:42:24+00:00","description":"Aouste sur Sye et l'eau est une longue histoire. L'eau, bien patrimonial commun, force motrice, a \u00e9t\u00e9 un v\u00e9ritable atout d'une prosp\u00e9rit\u00e9 industrielle florissante encore pr\u00e9sente aujourd\u2019hui pour son agriculture.","breadcrumb":{"@id":"https:\/\/histoire-patrimoine-aoustois.fr\/?page_id=7881#breadcrumb"},"inLanguage":"fr-FR","potentialAction":[{"@type":"ReadAction","target":["https:\/\/histoire-patrimoine-aoustois.fr\/?page_id=7881"]}]},{"@type":"ImageObject","inLanguage":"fr-FR","@id":"https:\/\/histoire-patrimoine-aoustois.fr\/?page_id=7881#primaryimage","url":"https:\/\/histoire-patrimoine-aoustois.fr\/wp-content\/uploads\/2023\/04\/pont-2.jpg","contentUrl":"https:\/\/histoire-patrimoine-aoustois.fr\/wp-content\/uploads\/2023\/04\/pont-2.jpg","width":520,"height":389},{"@type":"BreadcrumbList","@id":"https:\/\/histoire-patrimoine-aoustois.fr\/?page_id=7881#breadcrumb","itemListElement":[{"@type":"ListItem","position":1,"name":"Accueil","item":"https:\/\/histoire-patrimoine-aoustois.fr\/"},{"@type":"ListItem","position":2,"name":"HISTOIRE D&rsquo;EAU"}]},{"@type":"WebSite","@id":"https:\/\/histoire-patrimoine-aoustois.fr\/#website","url":"https:\/\/histoire-patrimoine-aoustois.fr\/","name":"HISTOIRE PATRIMOINE AOUSTOIS","description":"","publisher":{"@id":"https:\/\/histoire-patrimoine-aoustois.fr\/#organization"},"potentialAction":[{"@type":"SearchAction","target":{"@type":"EntryPoint","urlTemplate":"https:\/\/histoire-patrimoine-aoustois.fr\/?s={search_term_string}"},"query-input":{"@type":"PropertyValueSpecification","valueRequired":true,"valueName":"search_term_string"}}],"inLanguage":"fr-FR"},{"@type":"Organization","@id":"https:\/\/histoire-patrimoine-aoustois.fr\/#organization","name":"histoire patrimoine aoustois","url":"https:\/\/histoire-patrimoine-aoustois.fr\/","logo":{"@type":"ImageObject","inLanguage":"fr-FR","@id":"https:\/\/histoire-patrimoine-aoustois.fr\/#\/schema\/logo\/image\/","url":"","contentUrl":"","caption":"histoire patrimoine aoustois"},"image":{"@id":"https:\/\/histoire-patrimoine-aoustois.fr\/#\/schema\/logo\/image\/"}}]}},"jetpack_sharing_enabled":true,"_links":{"self":[{"href":"https:\/\/histoire-patrimoine-aoustois.fr\/index.php?rest_route=\/wp\/v2\/pages\/7881","targetHints":{"allow":["GET"]}}],"collection":[{"href":"https:\/\/histoire-patrimoine-aoustois.fr\/index.php?rest_route=\/wp\/v2\/pages"}],"about":[{"href":"https:\/\/histoire-patrimoine-aoustois.fr\/index.php?rest_route=\/wp\/v2\/types\/page"}],"author":[{"embeddable":true,"href":"https:\/\/histoire-patrimoine-aoustois.fr\/index.php?rest_route=\/wp\/v2\/users\/1"}],"replies":[{"embeddable":true,"href":"https:\/\/histoire-patrimoine-aoustois.fr\/index.php?rest_route=%2Fwp%2Fv2%2Fcomments&post=7881"}],"version-history":[{"count":84,"href":"https:\/\/histoire-patrimoine-aoustois.fr\/index.php?rest_route=\/wp\/v2\/pages\/7881\/revisions"}],"predecessor-version":[{"id":8208,"href":"https:\/\/histoire-patrimoine-aoustois.fr\/index.php?rest_route=\/wp\/v2\/pages\/7881\/revisions\/8208"}],"wp:attachment":[{"href":"https:\/\/histoire-patrimoine-aoustois.fr\/index.php?rest_route=%2Fwp%2Fv2%2Fmedia&parent=7881"}],"curies":[{"name":"wp","href":"https:\/\/api.w.org\/{rel}","templated":true}]}}